{"id":4608,"date":"2025-02-11T15:52:28","date_gmt":"2025-02-11T15:52:28","guid":{"rendered":"https:\/\/icse-conference.com\/?page_id=4608"},"modified":"2025-12-01T12:18:46","modified_gmt":"2025-12-01T12:18:46","slug":"speakers","status":"publish","type":"page","link":"https:\/\/icse-conference.com\/it\/icse2025\/speakers\/","title":{"rendered":"Altoparlanti 2025"},"content":{"rendered":"<div data-elementor-type=\"wp-page\" data-elementor-id=\"4608\" class=\"elementor elementor-4608\" data-elementor-post-type=\"page\">\n\t\t\t\t\t\t<section class=\"elementor-section elementor-top-section elementor-element elementor-element-dfb77d8 elementor-section-full_width elementor-hidden-tablet elementor-hidden-mobile elementor-section-height-default elementor-section-height-default wpr-particle-no wpr-jarallax-no wpr-parallax-no wpr-sticky-section-no wpr-column-slider-no wpr-equal-height-no\" data-id=\"dfb77d8\" data-element_type=\"section\" data-e-type=\"section\">\n\t\t\t\t\t\t<div class=\"elementor-container elementor-column-gap-no\">\n\t\t\t\t\t<div class=\"elementor-column elementor-col-100 elementor-top-column elementor-element elementor-element-0bd02cc\" data-id=\"0bd02cc\" data-element_type=\"column\" data-e-type=\"column\">\n\t\t\t<div class=\"elementor-widget-wrap elementor-element-populated\">\n\t\t\t\t\t\t<div class=\"elementor-element elementor-element-463bc57 elementor-invisible elementor-widget elementor-widget-image\" data-id=\"463bc57\" data-element_type=\"widget\" data-e-type=\"widget\" data-settings=\"{&quot;_animation&quot;:&quot;slideInDown&quot;}\" data-widget_type=\"image.default\">\n\t\t\t\t<div class=\"elementor-widget-container\">\n\t\t\t\t\t\t\t\t\t\t\t\t\t\t\t<img fetchpriority=\"high\" decoding=\"async\" width=\"2560\" height=\"542\" src=\"https:\/\/icse-conference.com\/wp-content\/uploads\/2025\/09\/ICSE25_Banner_1_WEB-scaled.png\" class=\"attachment-full size-full wp-image-5651\" alt=\"\" srcset=\"https:\/\/icse-conference.com\/wp-content\/uploads\/2025\/09\/ICSE25_Banner_1_WEB-scaled.png 2560w, https:\/\/icse-conference.com\/wp-content\/uploads\/2025\/09\/ICSE25_Banner_1_WEB-300x64.png 300w, https:\/\/icse-conference.com\/wp-content\/uploads\/2025\/09\/ICSE25_Banner_1_WEB-1024x217.png 1024w, https:\/\/icse-conference.com\/wp-content\/uploads\/2025\/09\/ICSE25_Banner_1_WEB-768x163.png 768w, https:\/\/icse-conference.com\/wp-content\/uploads\/2025\/09\/ICSE25_Banner_1_WEB-1536x325.png 1536w, https:\/\/icse-conference.com\/wp-content\/uploads\/2025\/09\/ICSE25_Banner_1_WEB-2048x434.png 2048w, https:\/\/icse-conference.com\/wp-content\/uploads\/2025\/09\/ICSE25_Banner_1_WEB-18x4.png 18w\" sizes=\"(max-width: 2560px) 100vw, 2560px\" \/>\t\t\t\t\t\t\t\t\t\t\t\t\t\t\t<\/div>\n\t\t\t\t<\/div>\n\t\t\t\t<div class=\"elementor-element elementor-element-a5c893a elementor-widget elementor-widget-spacer\" data-id=\"a5c893a\" data-element_type=\"widget\" data-e-type=\"widget\" data-widget_type=\"spacer.default\">\n\t\t\t\t<div class=\"elementor-widget-container\">\n\t\t\t\t\t\t\t<div class=\"elementor-spacer\">\n\t\t\t<div class=\"elementor-spacer-inner\"><\/div>\n\t\t<\/div>\n\t\t\t\t\t\t<\/div>\n\t\t\t\t<\/div>\n\t\t\t\t\t<\/div>\n\t\t<\/div>\n\t\t\t\t\t<\/div>\n\t\t<\/section>\n\t\t\t\t<section class=\"elementor-section elementor-top-section elementor-element elementor-element-34f5368 elementor-section-boxed elementor-section-height-default elementor-section-height-default wpr-particle-no wpr-jarallax-no wpr-parallax-no wpr-sticky-section-no wpr-column-slider-no wpr-equal-height-no\" data-id=\"34f5368\" data-element_type=\"section\" data-e-type=\"section\">\n\t\t\t\t\t\t<div class=\"elementor-container elementor-column-gap-default\">\n\t\t\t\t\t<div class=\"elementor-column elementor-col-100 elementor-top-column elementor-element elementor-element-4f04c13\" data-id=\"4f04c13\" data-element_type=\"column\" data-e-type=\"column\">\n\t\t\t<div class=\"elementor-widget-wrap elementor-element-populated\">\n\t\t\t\t\t\t<div class=\"elementor-element elementor-element-7c71950 elementor-widget elementor-widget-heading\" data-id=\"7c71950\" data-element_type=\"widget\" data-e-type=\"widget\" data-widget_type=\"heading.default\">\n\t\t\t\t<div class=\"elementor-widget-container\">\n\t\t\t\t\t<h2 class=\"elementor-heading-title elementor-size-default\">INCONTRARE I NOSTRI RELATORI<\/h2>\t\t\t\t<\/div>\n\t\t\t\t<\/div>\n\t\t\t\t<div class=\"elementor-element elementor-element-c187ba7 elementor-widget elementor-widget-heading\" data-id=\"c187ba7\" data-element_type=\"widget\" data-e-type=\"widget\" data-widget_type=\"heading.default\">\n\t\t\t\t<div class=\"elementor-widget-container\">\n\t\t\t\t\t<h2 class=\"elementor-heading-title elementor-size-default\">Scopri i professionisti che parlano <\/h2>\t\t\t\t<\/div>\n\t\t\t\t<\/div>\n\t\t\t\t\t<\/div>\n\t\t<\/div>\n\t\t\t\t\t<\/div>\n\t\t<\/section>\n\t\t<div class=\"elementor-element elementor-element-8906c45 e-flex e-con-boxed wpr-particle-no wpr-jarallax-no wpr-parallax-no wpr-sticky-section-no wpr-column-slider-no wpr-equal-height-no e-con e-parent\" data-id=\"8906c45\" data-element_type=\"container\" data-e-type=\"container\">\n\t\t\t\t\t<div class=\"e-con-inner\">\n\t\t<div class=\"elementor-element elementor-element-632dccf e-con-full e-flex wpr-particle-no wpr-jarallax-no wpr-parallax-no wpr-sticky-section-no wpr-column-slider-no wpr-equal-height-no e-con e-child\" data-id=\"632dccf\" data-element_type=\"container\" data-e-type=\"container\">\n\t\t<div class=\"elementor-element elementor-element-d6daefd e-flex e-con-boxed wpr-particle-no wpr-jarallax-no wpr-parallax-no wpr-sticky-section-no wpr-column-slider-no wpr-equal-height-no e-con e-child\" data-id=\"d6daefd\" data-element_type=\"container\" data-e-type=\"container\" data-settings=\"{&quot;background_background&quot;:&quot;classic&quot;}\">\n\t\t\t\t\t<div class=\"e-con-inner\">\n\t\t\t\t<div class=\"elementor-element elementor-element-58719f9 elementor-widget elementor-widget-heading\" data-id=\"58719f9\" data-element_type=\"widget\" data-e-type=\"widget\" data-widget_type=\"heading.default\">\n\t\t\t\t<div class=\"elementor-widget-container\">\n\t\t\t\t\t<h2 class=\"elementor-heading-title elementor-size-default\">Educazione attraverso lo sport<\/h2>\t\t\t\t<\/div>\n\t\t\t\t<\/div>\n\t\t\t\t\t<\/div>\n\t\t\t\t<\/div>\n\t\t<div class=\"elementor-element elementor-element-cc4cd71 e-flex e-con-boxed wpr-particle-no wpr-jarallax-no wpr-parallax-no wpr-sticky-section-no wpr-column-slider-no wpr-equal-height-no e-con e-child\" data-id=\"cc4cd71\" data-element_type=\"container\" data-e-type=\"container\">\n\t\t\t\t\t<div class=\"e-con-inner\">\n\t\t<div class=\"elementor-element elementor-element-56eedcd e-con-full e-flex wpr-particle-no wpr-jarallax-no wpr-parallax-no wpr-sticky-section-no wpr-column-slider-no wpr-equal-height-no e-con e-child\" data-id=\"56eedcd\" data-element_type=\"container\" data-e-type=\"container\">\n\t\t\t\t<div class=\"elementor-element elementor-element-fd05c2c elementor-widget__width-inherit elementor-widget elementor-widget-text-editor\" data-id=\"fd05c2c\" data-element_type=\"widget\" data-e-type=\"widget\" data-widget_type=\"text-editor.default\">\n\t\t\t\t<div class=\"elementor-widget-container\">\n\t\t\t\t\t\t\t\t\t<p><strong>Keynote<\/strong><strong>\u00a0Altoparlante<\/strong><\/p>\t\t\t\t\t\t\t\t<\/div>\n\t\t\t\t<\/div>\n\t\t\t\t<div class=\"elementor-element elementor-element-9ef0764 elementor-widget-divider--view-line elementor-widget elementor-widget-divider\" data-id=\"9ef0764\" data-element_type=\"widget\" data-e-type=\"widget\" data-widget_type=\"divider.default\">\n\t\t\t\t<div class=\"elementor-widget-container\">\n\t\t\t\t\t\t\t<div class=\"elementor-divider\">\n\t\t\t<span class=\"elementor-divider-separator\">\n\t\t\t\t\t\t<\/span>\n\t\t<\/div>\n\t\t\t\t\t\t<\/div>\n\t\t\t\t<\/div>\n\t\t\t\t<div class=\"elementor-element elementor-element-2ba13d6 elementor-widget elementor-widget-image\" data-id=\"2ba13d6\" data-element_type=\"widget\" data-e-type=\"widget\" data-widget_type=\"image.default\">\n\t\t\t\t<div class=\"elementor-widget-container\">\n\t\t\t\t\t\t\t\t\t\t\t\t\t\t\t<img decoding=\"async\" width=\"2292\" height=\"2292\" src=\"https:\/\/icse-conference.com\/wp-content\/uploads\/2025\/09\/Brett-Smith-copy.png\" class=\"attachment-full size-full wp-image-5719\" alt=\"\" srcset=\"https:\/\/icse-conference.com\/wp-content\/uploads\/2025\/09\/Brett-Smith-copy.png 2292w, https:\/\/icse-conference.com\/wp-content\/uploads\/2025\/09\/Brett-Smith-copy-300x300.png 300w, https:\/\/icse-conference.com\/wp-content\/uploads\/2025\/09\/Brett-Smith-copy-1024x1024.png 1024w, https:\/\/icse-conference.com\/wp-content\/uploads\/2025\/09\/Brett-Smith-copy-150x150.png 150w, https:\/\/icse-conference.com\/wp-content\/uploads\/2025\/09\/Brett-Smith-copy-768x768.png 768w, https:\/\/icse-conference.com\/wp-content\/uploads\/2025\/09\/Brett-Smith-copy-1536x1536.png 1536w, https:\/\/icse-conference.com\/wp-content\/uploads\/2025\/09\/Brett-Smith-copy-2048x2048.png 2048w, https:\/\/icse-conference.com\/wp-content\/uploads\/2025\/09\/Brett-Smith-copy-12x12.png 12w\" sizes=\"(max-width: 2292px) 100vw, 2292px\" \/>\t\t\t\t\t\t\t\t\t\t\t\t\t\t\t<\/div>\n\t\t\t\t<\/div>\n\t\t\t\t<div class=\"elementor-element elementor-element-1b53a2c elementor-widget elementor-widget-text-editor\" data-id=\"1b53a2c\" data-element_type=\"widget\" data-e-type=\"widget\" data-widget_type=\"text-editor.default\">\n\t\t\t\t<div class=\"elementor-widget-container\">\n\t\t\t\t\t\t\t\t\t<p><strong>Brett Smith<\/strong><\/p>\t\t\t\t\t\t\t\t<\/div>\n\t\t\t\t<\/div>\n\t\t\t\t<div class=\"elementor-element elementor-element-dacb01d elementor-widget elementor-widget-text-editor\" data-id=\"dacb01d\" data-element_type=\"widget\" data-e-type=\"widget\" data-widget_type=\"text-editor.default\">\n\t\t\t\t<div class=\"elementor-widget-container\">\n\t\t\t\t\t\t\t\t\t<p>Professore di disabilit\u00e0 e attivit\u00e0 fisica, <strong>Universit\u00e0 di Durham<\/strong><\/p>\t\t\t\t\t\t\t\t<\/div>\n\t\t\t\t<\/div>\n\t\t\t\t<div class=\"elementor-element elementor-element-617ed43 premium-modal-dismissible-yes elementor-widget elementor-widget-premium-addon-modal-box\" data-id=\"617ed43\" data-element_type=\"widget\" data-e-type=\"widget\" data-settings=\"{&quot;premium_modal_box_animation&quot;:&quot;fadeInDown&quot;}\" data-widget_type=\"premium-addon-modal-box.default\">\n\t\t\t\t<div class=\"elementor-widget-container\">\n\t\t\t\t\t\n\t\t<div class=\"premium-modal-box-container\" data-settings=\"{&quot;trigger&quot;:&quot;button&quot;,&quot;show_on_exit&quot;:false}\">\n\t\t\t<div class=\"premium-modal-trigger-container\">\n\t\t\t\t\t\t\t\t\t<button data-toggle=\"premium-modal\" data-target=\"#premium-modal-617ed43\" type=\"button\" class=\"premium-modal-trigger-btn premium-btn-sm premium-button-none\" data-text=\"About More\">\n\n\t\t\t\t\t\t\n\t\t\t\t\t\t<div class=\"premium-button-text-icon-wrapper\">\n\t\t\t\t\t\t\t<span>Di pi\u00f9<\/span>\n\t\t\t\t\t\t<\/div>\n\n\t\t\t\t\t\t\n\t\t\t\t\t\t\n\t\t\t\t\t\t\n\t\t\t\t\t<\/button>\n\t\t\t\t\t\t\t<\/div>\n\n\t\t\t<div id=\"premium-modal-617ed43\" class=\"premium-modal-box-modal\"\n\t\t\trole=\"dialog\"\n\t\t\tstyle=\"display: none\"\n\t\t\t>\n\t\t\t\t<div class=\"premium-modal-box-modal-dialog\" data-delay-animation=\"\" data-modal-animation=\"fadeInDown animated-fast\">\n\t\t\t\t\t\t\t\t\t\t\t<div class=\"premium-modal-box-modal-header\">\n\t\t\t\t\t\t\t\t\t\t\t\t\t\t\t<h3 class=\"premium-modal-box-modal-title\">\n\t\t\t\t\t\t\t\t\tBrett Smith\t\t\t\t\t\t\t\t<\/h3>\n\t\t\t\t\t\t\t\t\t\t\t\t\t\t\t\t\t\t\t\t\t\t<div class=\"premium-modal-box-close-button-container\">\n\t\t\t\t\t\t\t\t\t<button type=\"button\" class=\"premium-modal-box-modal-close\" data-dismiss=\"premium-modal\">\u00d7<\/button>\n\t\t\t\t\t\t\t\t<\/div>\n\t\t\t\t\t\t\t\t\t\t\t\t\t<\/div>\n\t\t\t\t\t\t\t\t\t\t<div class=\"premium-modal-box-modal-body\">\n\t\t\t\t\t\t\t\t\t\t\t\t\t<p><strong data-start=\"488\" data-end=\"509\">Prof. Brett Smith<\/strong> \u00e8 professore di disabilit\u00e0 e attivit\u00e0 fisica all'Universit\u00e0 di Durham, Regno Unito, e visiting professor in Inghilterra, Cina, Grecia e Sudafrica. \u00c8 autore delle linee guida sull'attivit\u00e0 fisica dei Chief Medical Officers del Regno Unito e ha diretto le prime linee guida nazionali per adulti e bambini disabili. Brett \u00e8 consulente del governo britannico, del ParalympicsGB, di Sport England e del Ministero della Salute tedesco in materia di disabilit\u00e0, sport e coproduzione. \u00c8 il ricercatore principale del premiato progetto <em data-start=\"995\" data-end=\"1015\">Spostamento del lavoro sociale<\/em> progetto di integrazione dell'attivit\u00e0 fisica nell'educazione e nella pratica del lavoro sociale. Metodologo della ricerca qualitativa riconosciuto a livello internazionale, Brett \u00e8 cofondatore della International Society of Qualitative Research in Sport and Exercise ed \u00e8 stato costantemente annoverato tra i 100 ricercatori pi\u00f9 citati al mondo nel campo delle scienze dello sport.<\/p>\n\t\t\t\t\t\t\t\t\t\t\t<\/div>\n\t\t\t\t\t\t\t\t\t\t\t<div class=\"premium-modal-box-modal-footer\">\n\t\t\t\t\t\t\t<button type=\"button\" class=\"premium-modal-box-modal-lower-close\" data-dismiss=\"premium-modal\">\n\t\t\t\t\t\t\t\tChiudere\t\t\t\t\t\t\t<\/button>\n\t\t\t\t\t\t<\/div>\n\t\t\t\t\t\t\t\t\t<\/div>\n\t\t\t<\/div>\n\t\t<\/div>\n\t\t\t\t\t\t<\/div>\n\t\t\t\t<\/div>\n\t\t\t\t<\/div>\n\t\t<div class=\"elementor-element elementor-element-5d9f919 e-con-full e-flex wpr-particle-no wpr-jarallax-no wpr-parallax-no wpr-sticky-section-no wpr-column-slider-no wpr-equal-height-no e-con e-child\" data-id=\"5d9f919\" data-element_type=\"container\" data-e-type=\"container\">\n\t\t\t\t<div class=\"elementor-element elementor-element-8619d5b elementor-widget__width-inherit elementor-widget elementor-widget-text-editor\" data-id=\"8619d5b\" data-element_type=\"widget\" data-e-type=\"widget\" data-widget_type=\"text-editor.default\">\n\t\t\t\t<div class=\"elementor-widget-container\">\n\t\t\t\t\t\t\t\t\t<p><strong>Keynote <\/strong><strong>Altoparlante<\/strong><\/p>\t\t\t\t\t\t\t\t<\/div>\n\t\t\t\t<\/div>\n\t\t\t\t<div class=\"elementor-element elementor-element-060b186 elementor-widget-divider--view-line elementor-widget elementor-widget-divider\" data-id=\"060b186\" data-element_type=\"widget\" data-e-type=\"widget\" data-widget_type=\"divider.default\">\n\t\t\t\t<div class=\"elementor-widget-container\">\n\t\t\t\t\t\t\t<div class=\"elementor-divider\">\n\t\t\t<span class=\"elementor-divider-separator\">\n\t\t\t\t\t\t<\/span>\n\t\t<\/div>\n\t\t\t\t\t\t<\/div>\n\t\t\t\t<\/div>\n\t\t\t\t<div class=\"elementor-element elementor-element-b1f765d elementor-widget elementor-widget-image\" data-id=\"b1f765d\" data-element_type=\"widget\" data-e-type=\"widget\" data-widget_type=\"image.default\">\n\t\t\t\t<div class=\"elementor-widget-container\">\n\t\t\t\t\t\t\t\t\t\t\t\t\t\t\t<img decoding=\"async\" width=\"510\" height=\"510\" src=\"https:\/\/icse-conference.com\/wp-content\/uploads\/2025\/08\/nferro.png\" class=\"attachment-full size-full wp-image-5236\" alt=\"\" srcset=\"https:\/\/icse-conference.com\/wp-content\/uploads\/2025\/08\/nferro.png 510w, https:\/\/icse-conference.com\/wp-content\/uploads\/2025\/08\/nferro-300x300.png 300w, https:\/\/icse-conference.com\/wp-content\/uploads\/2025\/08\/nferro-150x150.png 150w, https:\/\/icse-conference.com\/wp-content\/uploads\/2025\/08\/nferro-12x12.png 12w\" sizes=\"(max-width: 510px) 100vw, 510px\" \/>\t\t\t\t\t\t\t\t\t\t\t\t\t\t\t<\/div>\n\t\t\t\t<\/div>\n\t\t\t\t<div class=\"elementor-element elementor-element-d3a7378 elementor-widget elementor-widget-text-editor\" data-id=\"d3a7378\" data-element_type=\"widget\" data-e-type=\"widget\" data-widget_type=\"text-editor.default\">\n\t\t\t\t<div class=\"elementor-widget-container\">\n\t\t\t\t\t\t\t\t\t<p><strong>Nuno Alberto Seruca Ferro<\/strong><\/p>\t\t\t\t\t\t\t\t<\/div>\n\t\t\t\t<\/div>\n\t\t\t\t<div class=\"elementor-element elementor-element-2c3f7b6 elementor-widget elementor-widget-text-editor\" data-id=\"2c3f7b6\" data-element_type=\"widget\" data-e-type=\"widget\" data-widget_type=\"text-editor.default\">\n\t\t\t\t<div class=\"elementor-widget-container\">\n\t\t\t\t\t\t\t\t\t<p>Professore assistente presso la Faculdade de Motricidade Humana, <strong>Universit\u00e0 di Lisbona<\/strong><\/p>\t\t\t\t\t\t\t\t<\/div>\n\t\t\t\t<\/div>\n\t\t\t\t<div class=\"elementor-element elementor-element-d18153c premium-modal-dismissible-yes elementor-widget elementor-widget-premium-addon-modal-box\" data-id=\"d18153c\" data-element_type=\"widget\" data-e-type=\"widget\" data-settings=\"{&quot;premium_modal_box_animation&quot;:&quot;fadeInDown&quot;}\" data-widget_type=\"premium-addon-modal-box.default\">\n\t\t\t\t<div class=\"elementor-widget-container\">\n\t\t\t\t\t\n\t\t<div class=\"premium-modal-box-container\" data-settings=\"{&quot;trigger&quot;:&quot;button&quot;,&quot;show_on_exit&quot;:false}\">\n\t\t\t<div class=\"premium-modal-trigger-container\">\n\t\t\t\t\t\t\t\t\t<button data-toggle=\"premium-modal\" data-target=\"#premium-modal-d18153c\" type=\"button\" class=\"premium-modal-trigger-btn premium-btn-sm premium-button-none\" data-text=\"About More\">\n\n\t\t\t\t\t\t\n\t\t\t\t\t\t<div class=\"premium-button-text-icon-wrapper\">\n\t\t\t\t\t\t\t<span>Di pi\u00f9<\/span>\n\t\t\t\t\t\t<\/div>\n\n\t\t\t\t\t\t\n\t\t\t\t\t\t\n\t\t\t\t\t\t\n\t\t\t\t\t<\/button>\n\t\t\t\t\t\t\t<\/div>\n\n\t\t\t<div id=\"premium-modal-d18153c\" class=\"premium-modal-box-modal\"\n\t\t\trole=\"dialog\"\n\t\t\tstyle=\"display: none\"\n\t\t\t>\n\t\t\t\t<div class=\"premium-modal-box-modal-dialog\" data-delay-animation=\"\" data-modal-animation=\"fadeInDown animated-fast\">\n\t\t\t\t\t\t\t\t\t\t\t<div class=\"premium-modal-box-modal-header\">\n\t\t\t\t\t\t\t\t\t\t\t\t\t\t\t<h3 class=\"premium-modal-box-modal-title\">\n\t\t\t\t\t\t\t\t\tNuno Alberto Seruca Ferro\t\t\t\t\t\t\t\t<\/h3>\n\t\t\t\t\t\t\t\t\t\t\t\t\t\t\t\t\t\t\t\t\t\t<div class=\"premium-modal-box-close-button-container\">\n\t\t\t\t\t\t\t\t\t<button type=\"button\" class=\"premium-modal-box-modal-close\" data-dismiss=\"premium-modal\">\u00d7<\/button>\n\t\t\t\t\t\t\t\t<\/div>\n\t\t\t\t\t\t\t\t\t\t\t\t\t<\/div>\n\t\t\t\t\t\t\t\t\t\t<div class=\"premium-modal-box-modal-body\">\n\t\t\t\t\t\t\t\t\t\t\t\t\t<p><b>Nuno Alberto Seruca Ferro<\/b><span style=\"font-weight: 400;\"> \u00e8 professore assistente su invito presso la Faculdade de Motricidade Humana dell'Universit\u00e0 di Lisbona, nel Dipartimento di Educazione, Scienze Sociali e Umanistiche. \u00c8 anche presidente della Sociedade Portuguesa de Educa\u00e7\u00e3o F\u00edsica.<\/span><\/p>\n\t\t\t\t\t\t\t\t\t\t\t<\/div>\n\t\t\t\t\t\t\t\t\t\t\t<div class=\"premium-modal-box-modal-footer\">\n\t\t\t\t\t\t\t<button type=\"button\" class=\"premium-modal-box-modal-lower-close\" data-dismiss=\"premium-modal\">\n\t\t\t\t\t\t\t\tChiudere\t\t\t\t\t\t\t<\/button>\n\t\t\t\t\t\t<\/div>\n\t\t\t\t\t\t\t\t\t<\/div>\n\t\t\t<\/div>\n\t\t<\/div>\n\t\t\t\t\t\t<\/div>\n\t\t\t\t<\/div>\n\t\t\t\t<\/div>\n\t\t<div class=\"elementor-element elementor-element-e49e625 e-con-full e-flex wpr-particle-no wpr-jarallax-no wpr-parallax-no wpr-sticky-section-no wpr-column-slider-no wpr-equal-height-no e-con e-child\" data-id=\"e49e625\" data-element_type=\"container\" data-e-type=\"container\">\n\t\t\t\t<div class=\"elementor-element elementor-element-8c19d3e elementor-widget__width-inherit elementor-widget elementor-widget-text-editor\" data-id=\"8c19d3e\" data-element_type=\"widget\" data-e-type=\"widget\" data-widget_type=\"text-editor.default\">\n\t\t\t\t<div class=\"elementor-widget-container\">\n\t\t\t\t\t\t\t\t\t<p><strong>MODERATORE<\/strong><\/p>\t\t\t\t\t\t\t\t<\/div>\n\t\t\t\t<\/div>\n\t\t\t\t<div class=\"elementor-element elementor-element-78aea5c elementor-widget-divider--view-line elementor-widget elementor-widget-divider\" data-id=\"78aea5c\" data-element_type=\"widget\" data-e-type=\"widget\" data-widget_type=\"divider.default\">\n\t\t\t\t<div class=\"elementor-widget-container\">\n\t\t\t\t\t\t\t<div class=\"elementor-divider\">\n\t\t\t<span class=\"elementor-divider-separator\">\n\t\t\t\t\t\t<\/span>\n\t\t<\/div>\n\t\t\t\t\t\t<\/div>\n\t\t\t\t<\/div>\n\t\t\t\t<div class=\"elementor-element elementor-element-f965a5a elementor-widget elementor-widget-image\" data-id=\"f965a5a\" data-element_type=\"widget\" data-e-type=\"widget\" data-widget_type=\"image.default\">\n\t\t\t\t<div class=\"elementor-widget-container\">\n\t\t\t\t\t\t\t\t\t\t\t\t\t\t\t<img loading=\"lazy\" decoding=\"async\" width=\"1000\" height=\"1001\" src=\"https:\/\/icse-conference.com\/wp-content\/uploads\/2025\/08\/Antonio-Palmeira.png\" class=\"attachment-full size-full wp-image-5235\" alt=\"\" srcset=\"https:\/\/icse-conference.com\/wp-content\/uploads\/2025\/08\/Antonio-Palmeira.png 1000w, https:\/\/icse-conference.com\/wp-content\/uploads\/2025\/08\/Antonio-Palmeira-300x300.png 300w, https:\/\/icse-conference.com\/wp-content\/uploads\/2025\/08\/Antonio-Palmeira-150x150.png 150w, https:\/\/icse-conference.com\/wp-content\/uploads\/2025\/08\/Antonio-Palmeira-768x769.png 768w, https:\/\/icse-conference.com\/wp-content\/uploads\/2025\/08\/Antonio-Palmeira-12x12.png 12w\" sizes=\"(max-width: 1000px) 100vw, 1000px\" \/>\t\t\t\t\t\t\t\t\t\t\t\t\t\t\t<\/div>\n\t\t\t\t<\/div>\n\t\t\t\t<div class=\"elementor-element elementor-element-50f74bc elementor-widget elementor-widget-text-editor\" data-id=\"50f74bc\" data-element_type=\"widget\" data-e-type=\"widget\" data-widget_type=\"text-editor.default\">\n\t\t\t\t<div class=\"elementor-widget-container\">\n\t\t\t\t\t\t\t\t\t<p><strong>Ant\u00f3nio Labisa Palmeira<\/strong><\/p>\t\t\t\t\t\t\t\t<\/div>\n\t\t\t\t<\/div>\n\t\t\t\t<div class=\"elementor-element elementor-element-ceb8899 elementor-widget elementor-widget-text-editor\" data-id=\"ceb8899\" data-element_type=\"widget\" data-e-type=\"widget\" data-widget_type=\"text-editor.default\">\n\t\t\t\t<div class=\"elementor-widget-container\">\n\t\t\t\t\t\t\t\t\t<p>Professore associato, FEFD - Facolt\u00e0 di Educazione fisica e Sport <strong>CIDEFES<\/strong> - Gruppo di ricerca in Comportamento sportivo, Educazione fisica e Scienze dell'esercizio e della salute<\/p>\t\t\t\t\t\t\t\t<\/div>\n\t\t\t\t<\/div>\n\t\t\t\t<div class=\"elementor-element elementor-element-1d89e1e premium-modal-dismissible-yes elementor-widget elementor-widget-premium-addon-modal-box\" data-id=\"1d89e1e\" data-element_type=\"widget\" data-e-type=\"widget\" data-settings=\"{&quot;premium_modal_box_animation&quot;:&quot;fadeInDown&quot;}\" data-widget_type=\"premium-addon-modal-box.default\">\n\t\t\t\t<div class=\"elementor-widget-container\">\n\t\t\t\t\t\n\t\t<div class=\"premium-modal-box-container\" data-settings=\"{&quot;trigger&quot;:&quot;button&quot;,&quot;show_on_exit&quot;:false}\">\n\t\t\t<div class=\"premium-modal-trigger-container\">\n\t\t\t\t\t\t\t\t\t<button data-toggle=\"premium-modal\" data-target=\"#premium-modal-1d89e1e\" type=\"button\" class=\"premium-modal-trigger-btn premium-btn-sm premium-button-none\" data-text=\"About More\">\n\n\t\t\t\t\t\t\n\t\t\t\t\t\t<div class=\"premium-button-text-icon-wrapper\">\n\t\t\t\t\t\t\t<span>Di pi\u00f9<\/span>\n\t\t\t\t\t\t<\/div>\n\n\t\t\t\t\t\t\n\t\t\t\t\t\t\n\t\t\t\t\t\t\n\t\t\t\t\t<\/button>\n\t\t\t\t\t\t\t<\/div>\n\n\t\t\t<div id=\"premium-modal-1d89e1e\" class=\"premium-modal-box-modal\"\n\t\t\trole=\"dialog\"\n\t\t\tstyle=\"display: none\"\n\t\t\t>\n\t\t\t\t<div class=\"premium-modal-box-modal-dialog\" data-delay-animation=\"\" data-modal-animation=\"fadeInDown animated-fast\">\n\t\t\t\t\t\t\t\t\t\t\t<div class=\"premium-modal-box-modal-header\">\n\t\t\t\t\t\t\t\t\t\t\t\t\t\t\t<h3 class=\"premium-modal-box-modal-title\">\n\t\t\t\t\t\t\t\t\tAnt\u00f3nio Labisa Palmeira\t\t\t\t\t\t\t\t<\/h3>\n\t\t\t\t\t\t\t\t\t\t\t\t\t\t\t\t\t\t\t\t\t\t<div class=\"premium-modal-box-close-button-container\">\n\t\t\t\t\t\t\t\t\t<button type=\"button\" class=\"premium-modal-box-modal-close\" data-dismiss=\"premium-modal\">\u00d7<\/button>\n\t\t\t\t\t\t\t\t<\/div>\n\t\t\t\t\t\t\t\t\t\t\t\t\t<\/div>\n\t\t\t\t\t\t\t\t\t\t<div class=\"premium-modal-box-modal-body\">\n\t\t\t\t\t\t\t\t\t\t\t\t\t<p><b>Prof. Ant\u00f3nio Palmeira<\/b><span style=\"font-weight: 400;\"> \u00e8 professore associato presso l'Universidade Lus\u00f3fona, direttore del centro di ricerca CIDEFES e responsabile del programma di dottorato in Educazione fisica e sport. \u00c8 direttore esecutivo della Societ\u00e0 internazionale di nutrizione comportamentale e attivit\u00e0 fisica. Con un dottorato di ricerca in Salute e attivit\u00e0 fisica e un'abilitazione completata nel 2021, \u00e8 autore di circa 100 articoli su riviste, oltre 200 lavori di conferenze e quattro libri, e ha supervisionato pi\u00f9 di 100 tesi di laurea. La sua ricerca si concentra sull'attivit\u00e0 fisica, la motivazione all'esercizio, l'obesit\u00e0, il benessere e l'immagine corporea, con un forte record di collaborazione internazionale e impatto scientifico.<\/span><\/p>\n\t\t\t\t\t\t\t\t\t\t\t<\/div>\n\t\t\t\t\t\t\t\t\t\t\t<div class=\"premium-modal-box-modal-footer\">\n\t\t\t\t\t\t\t<button type=\"button\" class=\"premium-modal-box-modal-lower-close\" data-dismiss=\"premium-modal\">\n\t\t\t\t\t\t\t\tChiudere\t\t\t\t\t\t\t<\/button>\n\t\t\t\t\t\t<\/div>\n\t\t\t\t\t\t\t\t\t<\/div>\n\t\t\t<\/div>\n\t\t<\/div>\n\t\t\t\t\t\t<\/div>\n\t\t\t\t<\/div>\n\t\t\t\t<\/div>\n\t\t\t\t\t<\/div>\n\t\t\t\t<\/div>\n\t\t<div class=\"elementor-element elementor-element-0ececb5 e-con-full e-flex wpr-particle-no wpr-jarallax-no wpr-parallax-no wpr-sticky-section-no wpr-column-slider-no wpr-equal-height-no e-con e-child\" data-id=\"0ececb5\" data-element_type=\"container\" data-e-type=\"container\">\n\t\t<div class=\"elementor-element elementor-element-a637ba5 e-con-full e-flex wpr-particle-no wpr-jarallax-no wpr-parallax-no wpr-sticky-section-no wpr-column-slider-no wpr-equal-height-no e-con e-child\" data-id=\"a637ba5\" data-element_type=\"container\" data-e-type=\"container\">\n\t\t\t\t<div class=\"elementor-element elementor-element-bfd8da1 elementor-widget__width-inherit elementor-widget elementor-widget-text-editor\" data-id=\"bfd8da1\" data-element_type=\"widget\" data-e-type=\"widget\" data-widget_type=\"text-editor.default\">\n\t\t\t\t<div class=\"elementor-widget-container\">\n\t\t\t\t\t\t\t\t\t<p><strong>Relatore principale<\/strong><\/p>\t\t\t\t\t\t\t\t<\/div>\n\t\t\t\t<\/div>\n\t\t\t\t<div class=\"elementor-element elementor-element-f42af2e elementor-widget-divider--view-line elementor-widget elementor-widget-divider\" data-id=\"f42af2e\" data-element_type=\"widget\" data-e-type=\"widget\" data-widget_type=\"divider.default\">\n\t\t\t\t<div class=\"elementor-widget-container\">\n\t\t\t\t\t\t\t<div class=\"elementor-divider\">\n\t\t\t<span class=\"elementor-divider-separator\">\n\t\t\t\t\t\t<\/span>\n\t\t<\/div>\n\t\t\t\t\t\t<\/div>\n\t\t\t\t<\/div>\n\t\t\t\t<div class=\"elementor-element elementor-element-ac5ed83 elementor-widget elementor-widget-image\" data-id=\"ac5ed83\" data-element_type=\"widget\" data-e-type=\"widget\" data-widget_type=\"image.default\">\n\t\t\t\t<div class=\"elementor-widget-container\">\n\t\t\t\t\t\t\t\t\t\t\t\t\t\t\t<img loading=\"lazy\" decoding=\"async\" width=\"1536\" height=\"1536\" src=\"https:\/\/icse-conference.com\/wp-content\/uploads\/2025\/08\/Mesquita-Isabel-topaz.png\" class=\"attachment-full size-full wp-image-5237\" alt=\"\" srcset=\"https:\/\/icse-conference.com\/wp-content\/uploads\/2025\/08\/Mesquita-Isabel-topaz.png 1536w, https:\/\/icse-conference.com\/wp-content\/uploads\/2025\/08\/Mesquita-Isabel-topaz-300x300.png 300w, https:\/\/icse-conference.com\/wp-content\/uploads\/2025\/08\/Mesquita-Isabel-topaz-1024x1024.png 1024w, https:\/\/icse-conference.com\/wp-content\/uploads\/2025\/08\/Mesquita-Isabel-topaz-150x150.png 150w, https:\/\/icse-conference.com\/wp-content\/uploads\/2025\/08\/Mesquita-Isabel-topaz-768x768.png 768w, https:\/\/icse-conference.com\/wp-content\/uploads\/2025\/08\/Mesquita-Isabel-topaz-12x12.png 12w\" sizes=\"(max-width: 1536px) 100vw, 1536px\" \/>\t\t\t\t\t\t\t\t\t\t\t\t\t\t\t<\/div>\n\t\t\t\t<\/div>\n\t\t\t\t<div class=\"elementor-element elementor-element-6d68165 elementor-widget elementor-widget-text-editor\" data-id=\"6d68165\" data-element_type=\"widget\" data-e-type=\"widget\" data-widget_type=\"text-editor.default\">\n\t\t\t\t<div class=\"elementor-widget-container\">\n\t\t\t\t\t\t\t\t\t<p><b>Isabel Mesquita<\/b><\/p>\t\t\t\t\t\t\t\t<\/div>\n\t\t\t\t<\/div>\n\t\t\t\t<div class=\"elementor-element elementor-element-0ac4790 elementor-widget elementor-widget-text-editor\" data-id=\"0ac4790\" data-element_type=\"widget\" data-e-type=\"widget\" data-widget_type=\"text-editor.default\">\n\t\t\t\t<div class=\"elementor-widget-container\">\n\t\t\t\t\t\t\t\t\t<p>Professore ordinario presso la Facolt\u00e0 di Sport, <strong>Universit\u00e0 di Porto<\/strong>Coordinatore dell'area Sport, educazione e cultura presso il Centro di ricerca sull'educazione, l'innovazione e l'intervento nello sport.<\/p>\t\t\t\t\t\t\t\t<\/div>\n\t\t\t\t<\/div>\n\t\t\t\t<div class=\"elementor-element elementor-element-281e575 premium-modal-dismissible-yes elementor-widget elementor-widget-premium-addon-modal-box\" data-id=\"281e575\" data-element_type=\"widget\" data-e-type=\"widget\" data-settings=\"{&quot;premium_modal_box_animation&quot;:&quot;fadeInDown&quot;}\" data-widget_type=\"premium-addon-modal-box.default\">\n\t\t\t\t<div class=\"elementor-widget-container\">\n\t\t\t\t\t\n\t\t<div class=\"premium-modal-box-container\" data-settings=\"{&quot;trigger&quot;:&quot;button&quot;,&quot;show_on_exit&quot;:false}\">\n\t\t\t<div class=\"premium-modal-trigger-container\">\n\t\t\t\t\t\t\t\t\t<button data-toggle=\"premium-modal\" data-target=\"#premium-modal-281e575\" type=\"button\" class=\"premium-modal-trigger-btn premium-btn-sm premium-button-none\" data-text=\"About More\">\n\n\t\t\t\t\t\t\n\t\t\t\t\t\t<div class=\"premium-button-text-icon-wrapper\">\n\t\t\t\t\t\t\t<span>Di pi\u00f9<\/span>\n\t\t\t\t\t\t<\/div>\n\n\t\t\t\t\t\t\n\t\t\t\t\t\t\n\t\t\t\t\t\t\n\t\t\t\t\t<\/button>\n\t\t\t\t\t\t\t<\/div>\n\n\t\t\t<div id=\"premium-modal-281e575\" class=\"premium-modal-box-modal\"\n\t\t\trole=\"dialog\"\n\t\t\tstyle=\"display: none\"\n\t\t\t>\n\t\t\t\t<div class=\"premium-modal-box-modal-dialog\" data-delay-animation=\"\" data-modal-animation=\"fadeInDown animated-fast\">\n\t\t\t\t\t\t\t\t\t\t\t<div class=\"premium-modal-box-modal-header\">\n\t\t\t\t\t\t\t\t\t\t\t\t\t\t\t<h3 class=\"premium-modal-box-modal-title\">\n\t\t\t\t\t\t\t\t\tIsabel Mesquita\t\t\t\t\t\t\t\t<\/h3>\n\t\t\t\t\t\t\t\t\t\t\t\t\t\t\t\t\t\t\t\t\t\t<div class=\"premium-modal-box-close-button-container\">\n\t\t\t\t\t\t\t\t\t<button type=\"button\" class=\"premium-modal-box-modal-close\" data-dismiss=\"premium-modal\">\u00d7<\/button>\n\t\t\t\t\t\t\t\t<\/div>\n\t\t\t\t\t\t\t\t\t\t\t\t\t<\/div>\n\t\t\t\t\t\t\t\t\t\t<div class=\"premium-modal-box-modal-body\">\n\t\t\t\t\t\t\t\t\t\t\t\t\t<p><b>Prof. Isabel Mesquita<\/b><span style=\"font-weight: 400;\"> \u00e8 professore ordinario presso la Facolt\u00e0 di Sport dell'Universit\u00e0 di Porto e coordinatore dell'area Sport, educazione e cultura presso il Centro di ricerca sull'educazione, l'innovazione e l'intervento nello sport. \u00c8 membro della Commissione nazionale per la regolamentazione della formazione degli allenatori in Portogallo e fa parte della Commissione scientifica del Master in Insegnamento dell'educazione fisica. Docente di corsi internazionali di formazione per allenatori per la Federazione Internazionale di Pallavolo, \u00e8 autrice di oltre 120 articoli con revisione paritaria, 31 capitoli di libri e sette libri. La sua ricerca si concentra sulla pedagogia dello sport, sulla formazione degli allenatori, sugli approcci didattici e sull'educazione fisica.<\/span><\/p>\n\t\t\t\t\t\t\t\t\t\t\t<\/div>\n\t\t\t\t\t\t\t\t\t\t\t<div class=\"premium-modal-box-modal-footer\">\n\t\t\t\t\t\t\t<button type=\"button\" class=\"premium-modal-box-modal-lower-close\" data-dismiss=\"premium-modal\">\n\t\t\t\t\t\t\t\tChiudere\t\t\t\t\t\t\t<\/button>\n\t\t\t\t\t\t<\/div>\n\t\t\t\t\t\t\t\t\t<\/div>\n\t\t\t<\/div>\n\t\t<\/div>\n\t\t\t\t\t\t<\/div>\n\t\t\t\t<\/div>\n\t\t\t\t<\/div>\n\t\t<div class=\"elementor-element elementor-element-c6ec0c6 e-con-full e-flex wpr-particle-no wpr-jarallax-no wpr-parallax-no wpr-sticky-section-no wpr-column-slider-no wpr-equal-height-no e-con e-child\" data-id=\"c6ec0c6\" data-element_type=\"container\" data-e-type=\"container\">\n\t\t\t\t<div class=\"elementor-element elementor-element-9d59f91 elementor-widget__width-inherit elementor-widget elementor-widget-text-editor\" data-id=\"9d59f91\" data-element_type=\"widget\" data-e-type=\"widget\" data-widget_type=\"text-editor.default\">\n\t\t\t\t<div class=\"elementor-widget-container\">\n\t\t\t\t\t\t\t\t\t<p><strong>ORATORE DI SPICCO<\/strong><\/p>\t\t\t\t\t\t\t\t<\/div>\n\t\t\t\t<\/div>\n\t\t\t\t<div class=\"elementor-element elementor-element-69c2852 elementor-widget-divider--view-line elementor-widget elementor-widget-divider\" data-id=\"69c2852\" data-element_type=\"widget\" data-e-type=\"widget\" data-widget_type=\"divider.default\">\n\t\t\t\t<div class=\"elementor-widget-container\">\n\t\t\t\t\t\t\t<div class=\"elementor-divider\">\n\t\t\t<span class=\"elementor-divider-separator\">\n\t\t\t\t\t\t<\/span>\n\t\t<\/div>\n\t\t\t\t\t\t<\/div>\n\t\t\t\t<\/div>\n\t\t\t\t<div class=\"elementor-element elementor-element-fd9f1ed elementor-widget elementor-widget-image\" data-id=\"fd9f1ed\" data-element_type=\"widget\" data-e-type=\"widget\" data-widget_type=\"image.default\">\n\t\t\t\t<div class=\"elementor-widget-container\">\n\t\t\t\t\t\t\t\t\t\t\t\t\t\t\t<img loading=\"lazy\" decoding=\"async\" width=\"373\" height=\"373\" src=\"https:\/\/icse-conference.com\/wp-content\/uploads\/2025\/08\/1666630011372.png\" class=\"attachment-full size-full wp-image-5239\" alt=\"\" srcset=\"https:\/\/icse-conference.com\/wp-content\/uploads\/2025\/08\/1666630011372.png 373w, https:\/\/icse-conference.com\/wp-content\/uploads\/2025\/08\/1666630011372-300x300.png 300w, https:\/\/icse-conference.com\/wp-content\/uploads\/2025\/08\/1666630011372-150x150.png 150w, https:\/\/icse-conference.com\/wp-content\/uploads\/2025\/08\/1666630011372-12x12.png 12w\" sizes=\"(max-width: 373px) 100vw, 373px\" \/>\t\t\t\t\t\t\t\t\t\t\t\t\t\t\t<\/div>\n\t\t\t\t<\/div>\n\t\t\t\t<div class=\"elementor-element elementor-element-4778181 elementor-widget elementor-widget-text-editor\" data-id=\"4778181\" data-element_type=\"widget\" data-e-type=\"widget\" data-widget_type=\"text-editor.default\">\n\t\t\t\t<div class=\"elementor-widget-container\">\n\t\t\t\t\t\t\t\t\t<p><strong>Nuno Laurentino<\/strong><\/p>\t\t\t\t\t\t\t\t<\/div>\n\t\t\t\t<\/div>\n\t\t\t\t<div class=\"elementor-element elementor-element-4089471 elementor-widget elementor-widget-text-editor\" data-id=\"4089471\" data-element_type=\"widget\" data-e-type=\"widget\" data-widget_type=\"text-editor.default\">\n\t\t\t\t<div class=\"elementor-widget-container\">\n\t\t\t\t\t\t\t\t\t<p><strong>Instituto Portugu\u00eas do Desporto e Juventude<\/strong>, ex nuotatore olimpico portoghese<\/p>\t\t\t\t\t\t\t\t<\/div>\n\t\t\t\t<\/div>\n\t\t\t\t<div class=\"elementor-element elementor-element-90d72d5 premium-modal-dismissible-yes elementor-widget elementor-widget-premium-addon-modal-box\" data-id=\"90d72d5\" data-element_type=\"widget\" data-e-type=\"widget\" data-settings=\"{&quot;premium_modal_box_animation&quot;:&quot;fadeInDown&quot;}\" data-widget_type=\"premium-addon-modal-box.default\">\n\t\t\t\t<div class=\"elementor-widget-container\">\n\t\t\t\t\t\n\t\t<div class=\"premium-modal-box-container\" data-settings=\"{&quot;trigger&quot;:&quot;button&quot;,&quot;show_on_exit&quot;:false}\">\n\t\t\t<div class=\"premium-modal-trigger-container\">\n\t\t\t\t\t\t\t\t\t<button data-toggle=\"premium-modal\" data-target=\"#premium-modal-90d72d5\" type=\"button\" class=\"premium-modal-trigger-btn premium-btn-sm premium-button-none\" data-text=\"About More\">\n\n\t\t\t\t\t\t\n\t\t\t\t\t\t<div class=\"premium-button-text-icon-wrapper\">\n\t\t\t\t\t\t\t<span>Di pi\u00f9<\/span>\n\t\t\t\t\t\t<\/div>\n\n\t\t\t\t\t\t\n\t\t\t\t\t\t\n\t\t\t\t\t\t\n\t\t\t\t\t<\/button>\n\t\t\t\t\t\t\t<\/div>\n\n\t\t\t<div id=\"premium-modal-90d72d5\" class=\"premium-modal-box-modal\"\n\t\t\trole=\"dialog\"\n\t\t\tstyle=\"display: none\"\n\t\t\t>\n\t\t\t\t<div class=\"premium-modal-box-modal-dialog\" data-delay-animation=\"\" data-modal-animation=\"fadeInDown animated-fast\">\n\t\t\t\t\t\t\t\t\t\t\t<div class=\"premium-modal-box-modal-header\">\n\t\t\t\t\t\t\t\t\t\t\t\t\t\t\t<h3 class=\"premium-modal-box-modal-title\">\n\t\t\t\t\t\t\t\t\tNuno Laurentino\t\t\t\t\t\t\t\t<\/h3>\n\t\t\t\t\t\t\t\t\t\t\t\t\t\t\t\t\t\t\t\t\t\t<div class=\"premium-modal-box-close-button-container\">\n\t\t\t\t\t\t\t\t\t<button type=\"button\" class=\"premium-modal-box-modal-close\" data-dismiss=\"premium-modal\">\u00d7<\/button>\n\t\t\t\t\t\t\t\t<\/div>\n\t\t\t\t\t\t\t\t\t\t\t\t\t<\/div>\n\t\t\t\t\t\t\t\t\t\t<div class=\"premium-modal-box-modal-body\">\n\t\t\t\t\t\t\t\t\t\t\t\t\t<p><b>Nuno Filipe Gomes Laurentino<\/b><span style=\"font-weight: 400;\"> \u00e8 un ex nuotatore olimpico portoghese che ha rappresentato il Portogallo ai Giochi di Atlanta 1996 e Sydney 2000. Considerato uno dei nuotatori portoghesi pi\u00f9 versatili di tutti i tempi, ha detenuto la met\u00e0 dei record nazionali di nuoto. Laurentino \u00e8 stato il primo nuotatore portoghese a infrangere la barriera dei 50 secondi nei 100 metri stile libero nel percorso breve e il primo nuotatore iberico a farlo nel percorso lungo. Alunno dell'Universit\u00e0 della Florida e concorrente NCAA, si \u00e8 ritirato dal nuoto professionistico nel 2007.<\/span><\/p>\n\t\t\t\t\t\t\t\t\t\t\t<\/div>\n\t\t\t\t\t\t\t\t\t\t\t<div class=\"premium-modal-box-modal-footer\">\n\t\t\t\t\t\t\t<button type=\"button\" class=\"premium-modal-box-modal-lower-close\" data-dismiss=\"premium-modal\">\n\t\t\t\t\t\t\t\tChiudere\t\t\t\t\t\t\t<\/button>\n\t\t\t\t\t\t<\/div>\n\t\t\t\t\t\t\t\t\t<\/div>\n\t\t\t<\/div>\n\t\t<\/div>\n\t\t\t\t\t\t<\/div>\n\t\t\t\t<\/div>\n\t\t\t\t<\/div>\n\t\t<div class=\"elementor-element elementor-element-d5f6a44 e-con-full e-flex wpr-particle-no wpr-jarallax-no wpr-parallax-no wpr-sticky-section-no wpr-column-slider-no wpr-equal-height-no e-con e-child\" data-id=\"d5f6a44\" data-element_type=\"container\" data-e-type=\"container\">\n\t\t\t\t<div class=\"elementor-element elementor-element-b95b1a5 elementor-widget__width-inherit elementor-widget elementor-widget-text-editor\" data-id=\"b95b1a5\" data-element_type=\"widget\" data-e-type=\"widget\" data-widget_type=\"text-editor.default\">\n\t\t\t\t<div class=\"elementor-widget-container\">\n\t\t\t\t\t\t\t\t\t<p><strong>ORATORE DI SPICCO<\/strong><\/p>\t\t\t\t\t\t\t\t<\/div>\n\t\t\t\t<\/div>\n\t\t\t\t<div class=\"elementor-element elementor-element-93cb5bf elementor-widget-divider--view-line elementor-widget elementor-widget-divider\" data-id=\"93cb5bf\" data-element_type=\"widget\" data-e-type=\"widget\" data-widget_type=\"divider.default\">\n\t\t\t\t<div class=\"elementor-widget-container\">\n\t\t\t\t\t\t\t<div class=\"elementor-divider\">\n\t\t\t<span class=\"elementor-divider-separator\">\n\t\t\t\t\t\t<\/span>\n\t\t<\/div>\n\t\t\t\t\t\t<\/div>\n\t\t\t\t<\/div>\n\t\t\t\t<div class=\"elementor-element elementor-element-6ccb9e8 elementor-widget elementor-widget-image\" data-id=\"6ccb9e8\" data-element_type=\"widget\" data-e-type=\"widget\" data-widget_type=\"image.default\">\n\t\t\t\t<div class=\"elementor-widget-container\">\n\t\t\t\t\t\t\t\t\t\t\t\t\t\t\t<img loading=\"lazy\" decoding=\"async\" width=\"512\" height=\"512\" src=\"https:\/\/icse-conference.com\/wp-content\/uploads\/2025\/11\/Patricia-Coutinho-2.png\" class=\"attachment-full size-full wp-image-5920\" alt=\"\" srcset=\"https:\/\/icse-conference.com\/wp-content\/uploads\/2025\/11\/Patricia-Coutinho-2.png 512w, https:\/\/icse-conference.com\/wp-content\/uploads\/2025\/11\/Patricia-Coutinho-2-300x300.png 300w, https:\/\/icse-conference.com\/wp-content\/uploads\/2025\/11\/Patricia-Coutinho-2-150x150.png 150w, https:\/\/icse-conference.com\/wp-content\/uploads\/2025\/11\/Patricia-Coutinho-2-12x12.png 12w\" sizes=\"(max-width: 512px) 100vw, 512px\" \/>\t\t\t\t\t\t\t\t\t\t\t\t\t\t\t<\/div>\n\t\t\t\t<\/div>\n\t\t\t\t<div class=\"elementor-element elementor-element-aaf82aa elementor-widget elementor-widget-text-editor\" data-id=\"aaf82aa\" data-element_type=\"widget\" data-e-type=\"widget\" data-widget_type=\"text-editor.default\">\n\t\t\t\t<div class=\"elementor-widget-container\">\n\t\t\t\t\t\t\t\t\t<p><b>Patricia Coutinho<\/b><\/p>\t\t\t\t\t\t\t\t<\/div>\n\t\t\t\t<\/div>\n\t\t\t\t<div class=\"elementor-element elementor-element-62f4cd4 elementor-widget elementor-widget-text-editor\" data-id=\"62f4cd4\" data-element_type=\"widget\" data-e-type=\"widget\" data-widget_type=\"text-editor.default\">\n\t\t\t\t<div class=\"elementor-widget-container\">\n\t\t\t\t\t\t\t\t\t<p>Docente senior, Facolt\u00e0 di Sport, <strong>Universit\u00e0 di Porto<\/strong>; Ricercatore, <strong>CIFI2D<\/strong> - Centro per la ricerca, l'educazione, l'innovazione e l'intervento nello sport<\/p>\t\t\t\t\t\t\t\t<\/div>\n\t\t\t\t<\/div>\n\t\t\t\t<div class=\"elementor-element elementor-element-7d126f6 premium-modal-dismissible-yes elementor-widget elementor-widget-premium-addon-modal-box\" data-id=\"7d126f6\" data-element_type=\"widget\" data-e-type=\"widget\" data-settings=\"{&quot;premium_modal_box_animation&quot;:&quot;fadeInDown&quot;}\" data-widget_type=\"premium-addon-modal-box.default\">\n\t\t\t\t<div class=\"elementor-widget-container\">\n\t\t\t\t\t\n\t\t<div class=\"premium-modal-box-container\" data-settings=\"{&quot;trigger&quot;:&quot;button&quot;,&quot;show_on_exit&quot;:false}\">\n\t\t\t<div class=\"premium-modal-trigger-container\">\n\t\t\t\t\t\t\t\t\t<button data-toggle=\"premium-modal\" data-target=\"#premium-modal-7d126f6\" type=\"button\" class=\"premium-modal-trigger-btn premium-btn-sm premium-button-none\" data-text=\"About More\">\n\n\t\t\t\t\t\t\n\t\t\t\t\t\t<div class=\"premium-button-text-icon-wrapper\">\n\t\t\t\t\t\t\t<span>Di pi\u00f9<\/span>\n\t\t\t\t\t\t<\/div>\n\n\t\t\t\t\t\t\n\t\t\t\t\t\t\n\t\t\t\t\t\t\n\t\t\t\t\t<\/button>\n\t\t\t\t\t\t\t<\/div>\n\n\t\t\t<div id=\"premium-modal-7d126f6\" class=\"premium-modal-box-modal\"\n\t\t\trole=\"dialog\"\n\t\t\tstyle=\"display: none\"\n\t\t\t>\n\t\t\t\t<div class=\"premium-modal-box-modal-dialog\" data-delay-animation=\"\" data-modal-animation=\"fadeInDown animated-fast\">\n\t\t\t\t\t\t\t\t\t\t\t<div class=\"premium-modal-box-modal-header\">\n\t\t\t\t\t\t\t\t\t\t\t\t\t\t\t<h3 class=\"premium-modal-box-modal-title\">\n\t\t\t\t\t\t\t\t\tPatricia Coutinho\t\t\t\t\t\t\t\t<\/h3>\n\t\t\t\t\t\t\t\t\t\t\t\t\t\t\t\t\t\t\t\t\t\t<div class=\"premium-modal-box-close-button-container\">\n\t\t\t\t\t\t\t\t\t<button type=\"button\" class=\"premium-modal-box-modal-close\" data-dismiss=\"premium-modal\">\u00d7<\/button>\n\t\t\t\t\t\t\t\t<\/div>\n\t\t\t\t\t\t\t\t\t\t\t\t\t<\/div>\n\t\t\t\t\t\t\t\t\t\t<div class=\"premium-modal-box-modal-body\">\n\t\t\t\t\t\t\t\t\t\t\t\t\t<p><b>Patr\u00edcia Coutinho<\/b><span style=\"font-weight: 400;\">, PhD, \u00e8 docente senior presso la Facolt\u00e0 di Sport dell'Universit\u00e0 di Porto e ricercatore integrato presso il Centro di Ricerca, Educazione, Innovazione e Intervento nello Sport (CIFI2D). \u00c8 anche membro del Comitato Etico e del Comitato Scientifico del Master in Formazione Sportiva della stessa istituzione. I suoi interessi di ricerca si concentrano sulla Pedagogia e sulla Didattica dello Sport applicate al campo dell'allenamento sportivo, con particolare attenzione ai processi di sviluppo dell'atleta a lungo termine, allo sviluppo del talento e alla doppia carriera degli atleti. Ha all'attivo quasi 100 pubblicazioni scientifiche in questi campi. Patr\u00edcia \u00e8 anche allenatore educatore della Federazione portoghese di pallavolo. Come allenatrice di pallavolo, possiede il pi\u00f9 alto livello di certificazione in Portogallo (livello 3) e ha accumulato pi\u00f9 di 20 anni di esperienza.<\/span><\/p>\n\t\t\t\t\t\t\t\t\t\t\t<\/div>\n\t\t\t\t\t\t\t\t\t\t\t<div class=\"premium-modal-box-modal-footer\">\n\t\t\t\t\t\t\t<button type=\"button\" class=\"premium-modal-box-modal-lower-close\" data-dismiss=\"premium-modal\">\n\t\t\t\t\t\t\t\tChiudere\t\t\t\t\t\t\t<\/button>\n\t\t\t\t\t\t<\/div>\n\t\t\t\t\t\t\t\t\t<\/div>\n\t\t\t<\/div>\n\t\t<\/div>\n\t\t\t\t\t\t<\/div>\n\t\t\t\t<\/div>\n\t\t\t\t<\/div>\n\t\t\t\t<\/div>\n\t\t<div class=\"elementor-element elementor-element-50afbf5 e-con-full e-flex wpr-particle-no wpr-jarallax-no wpr-parallax-no wpr-sticky-section-no wpr-column-slider-no wpr-equal-height-no e-con e-child\" data-id=\"50afbf5\" data-element_type=\"container\" data-e-type=\"container\">\n\t\t<div class=\"elementor-element elementor-element-7491573 e-con-full elementor-hidden-mobile e-flex wpr-particle-no wpr-jarallax-no wpr-parallax-no wpr-sticky-section-no wpr-column-slider-no wpr-equal-height-no e-con e-child\" data-id=\"7491573\" data-element_type=\"container\" data-e-type=\"container\">\n\t\t\t\t<\/div>\n\t\t<div class=\"elementor-element elementor-element-b0e1639 e-con-full e-flex wpr-particle-no wpr-jarallax-no wpr-parallax-no wpr-sticky-section-no wpr-column-slider-no wpr-equal-height-no e-con e-child\" data-id=\"b0e1639\" data-element_type=\"container\" data-e-type=\"container\">\n\t\t\t\t<div class=\"elementor-element elementor-element-7ceb08a elementor-widget__width-inherit elementor-widget elementor-widget-text-editor\" data-id=\"7ceb08a\" data-element_type=\"widget\" data-e-type=\"widget\" data-widget_type=\"text-editor.default\">\n\t\t\t\t<div class=\"elementor-widget-container\">\n\t\t\t\t\t\t\t\t\t<p><strong>MODERATORE<\/strong><\/p>\t\t\t\t\t\t\t\t<\/div>\n\t\t\t\t<\/div>\n\t\t\t\t<div class=\"elementor-element elementor-element-b55e9bd elementor-widget-divider--view-line elementor-widget elementor-widget-divider\" data-id=\"b55e9bd\" data-element_type=\"widget\" data-e-type=\"widget\" data-widget_type=\"divider.default\">\n\t\t\t\t<div class=\"elementor-widget-container\">\n\t\t\t\t\t\t\t<div class=\"elementor-divider\">\n\t\t\t<span class=\"elementor-divider-separator\">\n\t\t\t\t\t\t<\/span>\n\t\t<\/div>\n\t\t\t\t\t\t<\/div>\n\t\t\t\t<\/div>\n\t\t\t\t<div class=\"elementor-element elementor-element-ee28dd8 elementor-widget elementor-widget-image\" data-id=\"ee28dd8\" data-element_type=\"widget\" data-e-type=\"widget\" data-widget_type=\"image.default\">\n\t\t\t\t<div class=\"elementor-widget-container\">\n\t\t\t\t\t\t\t\t\t\t\t\t\t\t\t<img loading=\"lazy\" decoding=\"async\" width=\"568\" height=\"568\" src=\"https:\/\/icse-conference.com\/wp-content\/uploads\/2025\/08\/Joao-Valente-Dos-Santos-2.png\" class=\"attachment-full size-full wp-image-5238\" alt=\"\" srcset=\"https:\/\/icse-conference.com\/wp-content\/uploads\/2025\/08\/Joao-Valente-Dos-Santos-2.png 568w, https:\/\/icse-conference.com\/wp-content\/uploads\/2025\/08\/Joao-Valente-Dos-Santos-2-300x300.png 300w, https:\/\/icse-conference.com\/wp-content\/uploads\/2025\/08\/Joao-Valente-Dos-Santos-2-150x150.png 150w, https:\/\/icse-conference.com\/wp-content\/uploads\/2025\/08\/Joao-Valente-Dos-Santos-2-12x12.png 12w\" sizes=\"(max-width: 568px) 100vw, 568px\" \/>\t\t\t\t\t\t\t\t\t\t\t\t\t\t\t<\/div>\n\t\t\t\t<\/div>\n\t\t\t\t<div class=\"elementor-element elementor-element-f5e2395 elementor-widget elementor-widget-text-editor\" data-id=\"f5e2395\" data-element_type=\"widget\" data-e-type=\"widget\" data-widget_type=\"text-editor.default\">\n\t\t\t\t<div class=\"elementor-widget-container\">\n\t\t\t\t\t\t\t\t\t<p><strong>Jo\u00e3o Valente dos Santos<\/strong><\/p>\t\t\t\t\t\t\t\t<\/div>\n\t\t\t\t<\/div>\n\t\t\t\t<div class=\"elementor-element elementor-element-3d64ce4 elementor-widget elementor-widget-text-editor\" data-id=\"3d64ce4\" data-element_type=\"widget\" data-e-type=\"widget\" data-widget_type=\"text-editor.default\">\n\t\t\t\t<div class=\"elementor-widget-container\">\n\t\t\t\t\t\t\t\t\t<p>Professore assistente presso la Facolt\u00e0 di Educazione fisica e sport, <strong>Universit\u00e0 di Lus\u00f3fona<\/strong>, ricercatore presso <strong>CIDEFES<\/strong><\/p>\t\t\t\t\t\t\t\t<\/div>\n\t\t\t\t<\/div>\n\t\t\t\t<div class=\"elementor-element elementor-element-0afcfb5 premium-modal-dismissible-yes elementor-widget elementor-widget-premium-addon-modal-box\" data-id=\"0afcfb5\" data-element_type=\"widget\" data-e-type=\"widget\" data-settings=\"{&quot;premium_modal_box_animation&quot;:&quot;fadeInDown&quot;}\" data-widget_type=\"premium-addon-modal-box.default\">\n\t\t\t\t<div class=\"elementor-widget-container\">\n\t\t\t\t\t\n\t\t<div class=\"premium-modal-box-container\" data-settings=\"{&quot;trigger&quot;:&quot;button&quot;,&quot;show_on_exit&quot;:false}\">\n\t\t\t<div class=\"premium-modal-trigger-container\">\n\t\t\t\t\t\t\t\t\t<button data-toggle=\"premium-modal\" data-target=\"#premium-modal-0afcfb5\" type=\"button\" class=\"premium-modal-trigger-btn premium-btn-sm premium-button-none\" data-text=\"About More\">\n\n\t\t\t\t\t\t\n\t\t\t\t\t\t<div class=\"premium-button-text-icon-wrapper\">\n\t\t\t\t\t\t\t<span>Di pi\u00f9<\/span>\n\t\t\t\t\t\t<\/div>\n\n\t\t\t\t\t\t\n\t\t\t\t\t\t\n\t\t\t\t\t\t\n\t\t\t\t\t<\/button>\n\t\t\t\t\t\t\t<\/div>\n\n\t\t\t<div id=\"premium-modal-0afcfb5\" class=\"premium-modal-box-modal\"\n\t\t\trole=\"dialog\"\n\t\t\tstyle=\"display: none\"\n\t\t\t>\n\t\t\t\t<div class=\"premium-modal-box-modal-dialog\" data-delay-animation=\"\" data-modal-animation=\"fadeInDown animated-fast\">\n\t\t\t\t\t\t\t\t\t\t\t<div class=\"premium-modal-box-modal-header\">\n\t\t\t\t\t\t\t\t\t\t\t\t\t\t\t<h3 class=\"premium-modal-box-modal-title\">\n\t\t\t\t\t\t\t\t\tJo\u00e3o Alberto Valente dos Santos\t\t\t\t\t\t\t\t<\/h3>\n\t\t\t\t\t\t\t\t\t\t\t\t\t\t\t\t\t\t\t\t\t\t<div class=\"premium-modal-box-close-button-container\">\n\t\t\t\t\t\t\t\t\t<button type=\"button\" class=\"premium-modal-box-modal-close\" data-dismiss=\"premium-modal\">\u00d7<\/button>\n\t\t\t\t\t\t\t\t<\/div>\n\t\t\t\t\t\t\t\t\t\t\t\t\t<\/div>\n\t\t\t\t\t\t\t\t\t\t<div class=\"premium-modal-box-modal-body\">\n\t\t\t\t\t\t\t\t\t\t\t\t\t<p><b>Jo\u00e3o Alberto Valente dos Santos<\/b><span style=\"font-weight: 400;\"> \u00e8 professore assistente presso la Facolt\u00e0 di Educazione Fisica e Sport dell'Universidade Lus\u00f3fona e ricercatore presso il CIDEFES - Centro di Ricerca in Sport, Educazione Fisica, Esercizio e Salute. Ha completato uno stage professionale presso l'FC Barcelona nell'ambito dell'allenamento sportivo ad alte prestazioni e ha ricoperto incarichi di insegnamento e ricerca presso l'Universit\u00e0 di Coimbra e l'Istituto di Imaging Biomedico e Scienze della Vita della Facolt\u00e0 di Medicina. Il suo insegnamento copre aree quali la psicofisiologia, l'hockey a rotelle, il pattinaggio e l'allenamento sportivo.<\/span><\/p>\n\t\t\t\t\t\t\t\t\t\t\t<\/div>\n\t\t\t\t\t\t\t\t\t\t\t<div class=\"premium-modal-box-modal-footer\">\n\t\t\t\t\t\t\t<button type=\"button\" class=\"premium-modal-box-modal-lower-close\" data-dismiss=\"premium-modal\">\n\t\t\t\t\t\t\t\tChiudere\t\t\t\t\t\t\t<\/button>\n\t\t\t\t\t\t<\/div>\n\t\t\t\t\t\t\t\t\t<\/div>\n\t\t\t<\/div>\n\t\t<\/div>\n\t\t\t\t\t\t<\/div>\n\t\t\t\t<\/div>\n\t\t\t\t<\/div>\n\t\t<div class=\"elementor-element elementor-element-0e4320b e-con-full elementor-hidden-mobile e-flex wpr-particle-no wpr-jarallax-no wpr-parallax-no wpr-sticky-section-no wpr-column-slider-no wpr-equal-height-no e-con e-child\" data-id=\"0e4320b\" data-element_type=\"container\" data-e-type=\"container\">\n\t\t\t\t<\/div>\n\t\t\t\t<\/div>\n\t\t\t\t<\/div>\n\t\t\t\t\t<\/div>\n\t\t\t\t<\/div>\n\t\t<div class=\"elementor-element elementor-element-b02837b e-flex e-con-boxed wpr-particle-no wpr-jarallax-no wpr-parallax-no wpr-sticky-section-no wpr-column-slider-no wpr-equal-height-no e-con e-parent\" data-id=\"b02837b\" data-element_type=\"container\" data-e-type=\"container\">\n\t\t\t\t\t<div class=\"e-con-inner\">\n\t\t<div class=\"elementor-element elementor-element-b001807 e-con-full e-flex wpr-particle-no wpr-jarallax-no wpr-parallax-no wpr-sticky-section-no wpr-column-slider-no wpr-equal-height-no e-con e-child\" data-id=\"b001807\" data-element_type=\"container\" data-e-type=\"container\">\n\t\t<div class=\"elementor-element elementor-element-8b19d51 e-con-full e-flex wpr-particle-no wpr-jarallax-no wpr-parallax-no wpr-sticky-section-no wpr-column-slider-no wpr-equal-height-no e-con e-child\" data-id=\"8b19d51\" data-element_type=\"container\" data-e-type=\"container\">\n\t\t<div class=\"elementor-element elementor-element-57f7f6d e-flex e-con-boxed wpr-particle-no wpr-jarallax-no wpr-parallax-no wpr-sticky-section-no wpr-column-slider-no wpr-equal-height-no e-con e-child\" data-id=\"57f7f6d\" data-element_type=\"container\" data-e-type=\"container\" data-settings=\"{&quot;background_background&quot;:&quot;classic&quot;}\">\n\t\t\t\t\t<div class=\"e-con-inner\">\n\t\t\t\t<div class=\"elementor-element elementor-element-b7d244d elementor-widget elementor-widget-heading\" data-id=\"b7d244d\" data-element_type=\"widget\" data-e-type=\"widget\" data-widget_type=\"heading.default\">\n\t\t\t\t<div class=\"elementor-widget-container\">\n\t\t\t\t\t<h2 class=\"elementor-heading-title elementor-size-default\">Turismo sportivo<\/h2>\t\t\t\t<\/div>\n\t\t\t\t<\/div>\n\t\t\t\t\t<\/div>\n\t\t\t\t<\/div>\n\t\t\t\t<\/div>\n\t\t<div class=\"elementor-element elementor-element-168af1e e-con-full e-flex wpr-particle-no wpr-jarallax-no wpr-parallax-no wpr-sticky-section-no wpr-column-slider-no wpr-equal-height-no e-con e-child\" data-id=\"168af1e\" data-element_type=\"container\" data-e-type=\"container\">\n\t\t<div class=\"elementor-element elementor-element-c9a15bf e-con-full e-flex wpr-particle-no wpr-jarallax-no wpr-parallax-no wpr-sticky-section-no wpr-column-slider-no wpr-equal-height-no e-con e-child\" data-id=\"c9a15bf\" data-element_type=\"container\" data-e-type=\"container\">\n\t\t\t\t<div class=\"elementor-element elementor-element-a4e0222 elementor-widget__width-inherit elementor-widget elementor-widget-text-editor\" data-id=\"a4e0222\" data-element_type=\"widget\" data-e-type=\"widget\" data-widget_type=\"text-editor.default\">\n\t\t\t\t<div class=\"elementor-widget-container\">\n\t\t\t\t\t\t\t\t\t<p><strong>Keynote<\/strong><strong>\u00a0Altoparlante<\/strong><\/p>\t\t\t\t\t\t\t\t<\/div>\n\t\t\t\t<\/div>\n\t\t\t\t<div class=\"elementor-element elementor-element-a8020f8 elementor-widget-divider--view-line elementor-widget elementor-widget-divider\" data-id=\"a8020f8\" data-element_type=\"widget\" data-e-type=\"widget\" data-widget_type=\"divider.default\">\n\t\t\t\t<div class=\"elementor-widget-container\">\n\t\t\t\t\t\t\t<div class=\"elementor-divider\">\n\t\t\t<span class=\"elementor-divider-separator\">\n\t\t\t\t\t\t<\/span>\n\t\t<\/div>\n\t\t\t\t\t\t<\/div>\n\t\t\t\t<\/div>\n\t\t\t\t<div class=\"elementor-element elementor-element-baa7d16 elementor-widget elementor-widget-image\" data-id=\"baa7d16\" data-element_type=\"widget\" data-e-type=\"widget\" data-widget_type=\"image.default\">\n\t\t\t\t<div class=\"elementor-widget-container\">\n\t\t\t\t\t\t\t\t\t\t\t\t\t\t\t<img loading=\"lazy\" decoding=\"async\" width=\"395\" height=\"395\" src=\"https:\/\/icse-conference.com\/wp-content\/uploads\/2023\/10\/Domenica.png\" class=\"attachment-full size-full wp-image-1765\" alt=\"\" srcset=\"https:\/\/icse-conference.com\/wp-content\/uploads\/2023\/10\/Domenica.png 395w, https:\/\/icse-conference.com\/wp-content\/uploads\/2023\/10\/Domenica-300x300.png 300w, https:\/\/icse-conference.com\/wp-content\/uploads\/2023\/10\/Domenica-150x150.png 150w, https:\/\/icse-conference.com\/wp-content\/uploads\/2023\/10\/Domenica-12x12.png 12w\" sizes=\"(max-width: 395px) 100vw, 395px\" \/>\t\t\t\t\t\t\t\t\t\t\t\t\t\t\t<\/div>\n\t\t\t\t<\/div>\n\t\t\t\t<div class=\"elementor-element elementor-element-a532f16 elementor-widget elementor-widget-text-editor\" data-id=\"a532f16\" data-element_type=\"widget\" data-e-type=\"widget\" data-widget_type=\"text-editor.default\">\n\t\t\t\t<div class=\"elementor-widget-container\">\n\t\t\t\t\t\t\t\t\t<p><strong>Domenico Dentoni<\/strong><\/p>\t\t\t\t\t\t\t\t<\/div>\n\t\t\t\t<\/div>\n\t\t\t\t<div class=\"elementor-element elementor-element-c134d5b elementor-widget elementor-widget-text-editor\" data-id=\"c134d5b\" data-element_type=\"widget\" data-e-type=\"widget\" data-widget_type=\"text-editor.default\">\n\t\t\t\t<div class=\"elementor-widget-container\">\n\t\t\t\t\t\t\t\t\t<p>Professore ordinario di Business, Resilienza e Trasformazione, <strong>Scuola di Economia di Montpellier<\/strong>, Francia<\/p>\t\t\t\t\t\t\t\t<\/div>\n\t\t\t\t<\/div>\n\t\t\t\t<div class=\"elementor-element elementor-element-6118791 premium-modal-dismissible-yes elementor-widget elementor-widget-premium-addon-modal-box\" data-id=\"6118791\" data-element_type=\"widget\" data-e-type=\"widget\" data-settings=\"{&quot;premium_modal_box_animation&quot;:&quot;fadeInDown&quot;}\" data-widget_type=\"premium-addon-modal-box.default\">\n\t\t\t\t<div class=\"elementor-widget-container\">\n\t\t\t\t\t\n\t\t<div class=\"premium-modal-box-container\" data-settings=\"{&quot;trigger&quot;:&quot;button&quot;,&quot;show_on_exit&quot;:false}\">\n\t\t\t<div class=\"premium-modal-trigger-container\">\n\t\t\t\t\t\t\t\t\t<button data-toggle=\"premium-modal\" data-target=\"#premium-modal-6118791\" type=\"button\" class=\"premium-modal-trigger-btn premium-btn-sm premium-button-none\" data-text=\"About More\">\n\n\t\t\t\t\t\t\n\t\t\t\t\t\t<div class=\"premium-button-text-icon-wrapper\">\n\t\t\t\t\t\t\t<span>Di pi\u00f9<\/span>\n\t\t\t\t\t\t<\/div>\n\n\t\t\t\t\t\t\n\t\t\t\t\t\t\n\t\t\t\t\t\t\n\t\t\t\t\t<\/button>\n\t\t\t\t\t\t\t<\/div>\n\n\t\t\t<div id=\"premium-modal-6118791\" class=\"premium-modal-box-modal\"\n\t\t\trole=\"dialog\"\n\t\t\tstyle=\"display: none\"\n\t\t\t>\n\t\t\t\t<div class=\"premium-modal-box-modal-dialog\" data-delay-animation=\"\" data-modal-animation=\"fadeInDown animated-fast\">\n\t\t\t\t\t\t\t\t\t\t\t<div class=\"premium-modal-box-modal-header\">\n\t\t\t\t\t\t\t\t\t\t\t\t\t\t\t<h3 class=\"premium-modal-box-modal-title\">\n\t\t\t\t\t\t\t\t\tDomenico Dentoni\t\t\t\t\t\t\t\t<\/h3>\n\t\t\t\t\t\t\t\t\t\t\t\t\t\t\t\t\t\t\t\t\t\t<div class=\"premium-modal-box-close-button-container\">\n\t\t\t\t\t\t\t\t\t<button type=\"button\" class=\"premium-modal-box-modal-close\" data-dismiss=\"premium-modal\">\u00d7<\/button>\n\t\t\t\t\t\t\t\t<\/div>\n\t\t\t\t\t\t\t\t\t\t\t\t\t<\/div>\n\t\t\t\t\t\t\t\t\t\t<div class=\"premium-modal-box-modal-body\">\n\t\t\t\t\t\t\t\t\t\t\t\t\t<p><strong>Domenico Dentoni<\/strong> \u00e8 professore ordinario di Business, Resilienza e Trasformazione presso la Montpellier Business School, Francia. Per affrontare le complesse sfide della sostenibilit\u00e0 e della rigenerazione, applica e studia approcci partecipativi visivi al pensiero sistemico attraverso teorie e pratiche di gestione, agroalimentari e socio-ecologiche. Nel 2024 ha fondato lo spin-off \u2018Systems Mapping &amp; Co-Design Lab\u2019, una comunit\u00e0 di designer, consulenti e ricercatori d'azione che utilizza e promuove applicazioni visive e partecipative del pensiero sistemico e che oggi conta oltre 3.000 membri. \u00c8 redattore della sezione \u2018Environment &amp; Business Ethics\u2019 del Journal of Business Ethics. Ha pubblicato su riviste della Financial Times 50 (FT50) List come Journal of Business Venturing, Organization Studies e Journal of Business Ethics, tra le altre\u201d.<\/p>\n\t\t\t\t\t\t\t\t\t\t\t<\/div>\n\t\t\t\t\t\t\t\t\t\t\t<div class=\"premium-modal-box-modal-footer\">\n\t\t\t\t\t\t\t<button type=\"button\" class=\"premium-modal-box-modal-lower-close\" data-dismiss=\"premium-modal\">\n\t\t\t\t\t\t\t\tChiudere\t\t\t\t\t\t\t<\/button>\n\t\t\t\t\t\t<\/div>\n\t\t\t\t\t\t\t\t\t<\/div>\n\t\t\t<\/div>\n\t\t<\/div>\n\t\t\t\t\t\t<\/div>\n\t\t\t\t<\/div>\n\t\t\t\t<\/div>\n\t\t<div class=\"elementor-element elementor-element-7b4e25b e-con-full e-flex wpr-particle-no wpr-jarallax-no wpr-parallax-no wpr-sticky-section-no wpr-column-slider-no wpr-equal-height-no e-con e-child\" data-id=\"7b4e25b\" data-element_type=\"container\" data-e-type=\"container\">\n\t\t\t\t<div class=\"elementor-element elementor-element-b6e5038 elementor-widget__width-inherit elementor-widget elementor-widget-text-editor\" data-id=\"b6e5038\" data-element_type=\"widget\" data-e-type=\"widget\" data-widget_type=\"text-editor.default\">\n\t\t\t\t<div class=\"elementor-widget-container\">\n\t\t\t\t\t\t\t\t\t<p><strong>ORATORE DI SPICCO<\/strong><\/p>\t\t\t\t\t\t\t\t<\/div>\n\t\t\t\t<\/div>\n\t\t\t\t<div class=\"elementor-element elementor-element-8d12482 elementor-widget-divider--view-line elementor-widget elementor-widget-divider\" data-id=\"8d12482\" data-element_type=\"widget\" data-e-type=\"widget\" data-widget_type=\"divider.default\">\n\t\t\t\t<div class=\"elementor-widget-container\">\n\t\t\t\t\t\t\t<div class=\"elementor-divider\">\n\t\t\t<span class=\"elementor-divider-separator\">\n\t\t\t\t\t\t<\/span>\n\t\t<\/div>\n\t\t\t\t\t\t<\/div>\n\t\t\t\t<\/div>\n\t\t\t\t<div class=\"elementor-element elementor-element-ebfdbac elementor-widget elementor-widget-image\" data-id=\"ebfdbac\" data-element_type=\"widget\" data-e-type=\"widget\" data-widget_type=\"image.default\">\n\t\t\t\t<div class=\"elementor-widget-container\">\n\t\t\t\t\t\t\t\t\t\t\t\t\t\t\t<img loading=\"lazy\" decoding=\"async\" width=\"607\" height=\"606\" src=\"https:\/\/icse-conference.com\/wp-content\/uploads\/2023\/05\/SpeakerPics-09.png\" class=\"attachment-full size-full wp-image-417\" alt=\"\" srcset=\"https:\/\/icse-conference.com\/wp-content\/uploads\/2023\/05\/SpeakerPics-09.png 607w, https:\/\/icse-conference.com\/wp-content\/uploads\/2023\/05\/SpeakerPics-09-300x300.png 300w, https:\/\/icse-conference.com\/wp-content\/uploads\/2023\/05\/SpeakerPics-09-150x150.png 150w, https:\/\/icse-conference.com\/wp-content\/uploads\/2023\/05\/SpeakerPics-09-12x12.png 12w\" sizes=\"(max-width: 607px) 100vw, 607px\" \/>\t\t\t\t\t\t\t\t\t\t\t\t\t\t\t<\/div>\n\t\t\t\t<\/div>\n\t\t\t\t<div class=\"elementor-element elementor-element-fc7e674 elementor-widget elementor-widget-text-editor\" data-id=\"fc7e674\" data-element_type=\"widget\" data-e-type=\"widget\" data-widget_type=\"text-editor.default\">\n\t\t\t\t<div class=\"elementor-widget-container\">\n\t\t\t\t\t\t\t\t\t<p><strong>Kazimierz Waluch<\/strong>\u00a0<\/p>\t\t\t\t\t\t\t\t<\/div>\n\t\t\t\t<\/div>\n\t\t\t\t<div class=\"elementor-element elementor-element-2fbefbe elementor-widget elementor-widget-text-editor\" data-id=\"2fbefbe\" data-element_type=\"widget\" data-e-type=\"widget\" data-widget_type=\"text-editor.default\">\n\t\t\t\t<div class=\"elementor-widget-container\">\n\t\t\t\t\t\t\t\t\t<p>Presidente - <strong>Istituto per lo sviluppo sportivo dello sport e dell'educazione (IRSiE) -<\/strong>\u00a0<strong>Collegio universitario Pawel Wlodkowic<\/strong>, Polonia\u00a0<\/p>\t\t\t\t\t\t\t\t<\/div>\n\t\t\t\t<\/div>\n\t\t\t\t<div class=\"elementor-element elementor-element-8c05fa2 premium-modal-dismissible-yes elementor-widget elementor-widget-premium-addon-modal-box\" data-id=\"8c05fa2\" data-element_type=\"widget\" data-e-type=\"widget\" data-settings=\"{&quot;premium_modal_box_animation&quot;:&quot;fadeInDown&quot;}\" data-widget_type=\"premium-addon-modal-box.default\">\n\t\t\t\t<div class=\"elementor-widget-container\">\n\t\t\t\t\t\n\t\t<div class=\"premium-modal-box-container\" data-settings=\"{&quot;trigger&quot;:&quot;button&quot;,&quot;show_on_exit&quot;:false}\">\n\t\t\t<div class=\"premium-modal-trigger-container\">\n\t\t\t\t\t\t\t\t\t<button data-toggle=\"premium-modal\" data-target=\"#premium-modal-8c05fa2\" type=\"button\" class=\"premium-modal-trigger-btn premium-btn-sm premium-button-none\" data-text=\"About More\">\n\n\t\t\t\t\t\t\n\t\t\t\t\t\t<div class=\"premium-button-text-icon-wrapper\">\n\t\t\t\t\t\t\t<span>Di pi\u00f9<\/span>\n\t\t\t\t\t\t<\/div>\n\n\t\t\t\t\t\t\n\t\t\t\t\t\t\n\t\t\t\t\t\t\n\t\t\t\t\t<\/button>\n\t\t\t\t\t\t\t<\/div>\n\n\t\t\t<div id=\"premium-modal-8c05fa2\" class=\"premium-modal-box-modal\"\n\t\t\trole=\"dialog\"\n\t\t\tstyle=\"display: none\"\n\t\t\t>\n\t\t\t\t<div class=\"premium-modal-box-modal-dialog\" data-delay-animation=\"\" data-modal-animation=\"fadeInDown animated-fast\">\n\t\t\t\t\t\t\t\t\t\t\t<div class=\"premium-modal-box-modal-header\">\n\t\t\t\t\t\t\t\t\t\t\t\t\t\t\t<h3 class=\"premium-modal-box-modal-title\">\n\t\t\t\t\t\t\t\t\tKazimierz Waluch\t\t\t\t\t\t\t\t<\/h3>\n\t\t\t\t\t\t\t\t\t\t\t\t\t\t\t\t\t\t\t\t\t\t<div class=\"premium-modal-box-close-button-container\">\n\t\t\t\t\t\t\t\t\t<button type=\"button\" class=\"premium-modal-box-modal-close\" data-dismiss=\"premium-modal\">\u00d7<\/button>\n\t\t\t\t\t\t\t\t<\/div>\n\t\t\t\t\t\t\t\t\t\t\t\t\t<\/div>\n\t\t\t\t\t\t\t\t\t\t<div class=\"premium-modal-box-modal-body\">\n\t\t\t\t\t\t\t\t\t\t\t\t\t<p><b>Prof. Kazimierz Waluch, PhD<\/b><span style=\"font-weight: 400;\"> \u00e8 presidente dell'Istituto per lo sviluppo dello sport e dell'educazione (IRSiE) in Polonia e vicepresidente dell'Association Europ\u00e9enne des Jeux et Sports Traditionnels (AEJST). Ha conseguito un dottorato di ricerca in Scienze politiche presso l'UMCS di Lublino, con una ricerca sulla politica culturale esterna della Francia nell'Europa del dopo guerra fredda. Beneficiario di borse di studio del Ministero della Cultura francese, del Governo italiano e del programma TEMPUS, \u00e8 redattore di pubblicazioni scientifiche e collane di libri. Ex direttore dell'Istituto del Turismo di Varsavia, il Prof. Waluch ha tenuto lezioni in universit\u00e0 polacche e internazionali e ha partecipato a numerose conferenze nazionali e mondiali, contribuendo ampiamente a iniziative di sviluppo sportivo e culturale.<\/span><\/p>\n\t\t\t\t\t\t\t\t\t\t\t<\/div>\n\t\t\t\t\t\t\t\t\t\t\t<div class=\"premium-modal-box-modal-footer\">\n\t\t\t\t\t\t\t<button type=\"button\" class=\"premium-modal-box-modal-lower-close\" data-dismiss=\"premium-modal\">\n\t\t\t\t\t\t\t\tChiudere\t\t\t\t\t\t\t<\/button>\n\t\t\t\t\t\t<\/div>\n\t\t\t\t\t\t\t\t\t<\/div>\n\t\t\t<\/div>\n\t\t<\/div>\n\t\t\t\t\t\t<\/div>\n\t\t\t\t<\/div>\n\t\t\t\t<\/div>\n\t\t<div class=\"elementor-element elementor-element-294672b e-con-full e-flex wpr-particle-no wpr-jarallax-no wpr-parallax-no wpr-sticky-section-no wpr-column-slider-no wpr-equal-height-no e-con e-child\" data-id=\"294672b\" data-element_type=\"container\" data-e-type=\"container\">\n\t\t\t\t<div class=\"elementor-element elementor-element-4863a79 elementor-widget__width-inherit elementor-widget elementor-widget-text-editor\" data-id=\"4863a79\" data-element_type=\"widget\" data-e-type=\"widget\" data-widget_type=\"text-editor.default\">\n\t\t\t\t<div class=\"elementor-widget-container\">\n\t\t\t\t\t\t\t\t\t<p><strong>ORATORE DI SPICCO<\/strong><\/p>\t\t\t\t\t\t\t\t<\/div>\n\t\t\t\t<\/div>\n\t\t\t\t<div class=\"elementor-element elementor-element-a19df45 elementor-widget-divider--view-line elementor-widget elementor-widget-divider\" data-id=\"a19df45\" data-element_type=\"widget\" data-e-type=\"widget\" data-widget_type=\"divider.default\">\n\t\t\t\t<div class=\"elementor-widget-container\">\n\t\t\t\t\t\t\t<div class=\"elementor-divider\">\n\t\t\t<span class=\"elementor-divider-separator\">\n\t\t\t\t\t\t<\/span>\n\t\t<\/div>\n\t\t\t\t\t\t<\/div>\n\t\t\t\t<\/div>\n\t\t\t\t<div class=\"elementor-element elementor-element-f0dfc4f elementor-widget elementor-widget-image\" data-id=\"f0dfc4f\" data-element_type=\"widget\" data-e-type=\"widget\" data-widget_type=\"image.default\">\n\t\t\t\t<div class=\"elementor-widget-container\">\n\t\t\t\t\t\t\t\t\t\t\t\t\t\t\t<img loading=\"lazy\" decoding=\"async\" width=\"395\" height=\"395\" src=\"https:\/\/icse-conference.com\/wp-content\/uploads\/2023\/09\/Pic3.png\" class=\"attachment-full size-full wp-image-979\" alt=\"\" srcset=\"https:\/\/icse-conference.com\/wp-content\/uploads\/2023\/09\/Pic3.png 395w, https:\/\/icse-conference.com\/wp-content\/uploads\/2023\/09\/Pic3-300x300.png 300w, https:\/\/icse-conference.com\/wp-content\/uploads\/2023\/09\/Pic3-150x150.png 150w, https:\/\/icse-conference.com\/wp-content\/uploads\/2023\/09\/Pic3-12x12.png 12w\" sizes=\"(max-width: 395px) 100vw, 395px\" \/>\t\t\t\t\t\t\t\t\t\t\t\t\t\t\t<\/div>\n\t\t\t\t<\/div>\n\t\t\t\t<div class=\"elementor-element elementor-element-3ae40dc elementor-widget elementor-widget-text-editor\" data-id=\"3ae40dc\" data-element_type=\"widget\" data-e-type=\"widget\" data-widget_type=\"text-editor.default\">\n\t\t\t\t<div class=\"elementor-widget-container\">\n\t\t\t\t\t\t\t\t\t<p><strong>Volkan Alt\u0131nta\u015f<\/strong><\/p>\t\t\t\t\t\t\t\t<\/div>\n\t\t\t\t<\/div>\n\t\t\t\t<div class=\"elementor-element elementor-element-20f537d elementor-widget elementor-widget-text-editor\" data-id=\"20f537d\" data-element_type=\"widget\" data-e-type=\"widget\" data-widget_type=\"text-editor.default\">\n\t\t\t\t<div class=\"elementor-widget-container\">\n\t\t\t\t\t\t\t\t\t<p>Professore ordinario - Facolt\u00e0 di Turismo, Dipartimento di Orientamento Turistico - <strong>Universit\u00e0 di Smirne Katip \u00c7elebi, Turchia<\/strong><\/p>\t\t\t\t\t\t\t\t<\/div>\n\t\t\t\t<\/div>\n\t\t\t\t<div class=\"elementor-element elementor-element-3908789 premium-modal-dismissible-yes elementor-widget elementor-widget-premium-addon-modal-box\" data-id=\"3908789\" data-element_type=\"widget\" data-e-type=\"widget\" data-settings=\"{&quot;premium_modal_box_animation&quot;:&quot;fadeInDown&quot;}\" data-widget_type=\"premium-addon-modal-box.default\">\n\t\t\t\t<div class=\"elementor-widget-container\">\n\t\t\t\t\t\n\t\t<div class=\"premium-modal-box-container\" data-settings=\"{&quot;trigger&quot;:&quot;button&quot;,&quot;show_on_exit&quot;:false}\">\n\t\t\t<div class=\"premium-modal-trigger-container\">\n\t\t\t\t\t\t\t\t\t<button data-toggle=\"premium-modal\" data-target=\"#premium-modal-3908789\" type=\"button\" class=\"premium-modal-trigger-btn premium-btn-sm premium-button-none\" data-text=\"About More\">\n\n\t\t\t\t\t\t\n\t\t\t\t\t\t<div class=\"premium-button-text-icon-wrapper\">\n\t\t\t\t\t\t\t<span>Di pi\u00f9<\/span>\n\t\t\t\t\t\t<\/div>\n\n\t\t\t\t\t\t\n\t\t\t\t\t\t\n\t\t\t\t\t\t\n\t\t\t\t\t<\/button>\n\t\t\t\t\t\t\t<\/div>\n\n\t\t\t<div id=\"premium-modal-3908789\" class=\"premium-modal-box-modal\"\n\t\t\trole=\"dialog\"\n\t\t\tstyle=\"display: none\"\n\t\t\t>\n\t\t\t\t<div class=\"premium-modal-box-modal-dialog\" data-delay-animation=\"\" data-modal-animation=\"fadeInDown animated-fast\">\n\t\t\t\t\t\t\t\t\t\t\t<div class=\"premium-modal-box-modal-header\">\n\t\t\t\t\t\t\t\t\t\t\t\t\t\t\t<h3 class=\"premium-modal-box-modal-title\">\n\t\t\t\t\t\t\t\t\tVolkan Alt\u0131nta\u015f\t\t\t\t\t\t\t\t<\/h3>\n\t\t\t\t\t\t\t\t\t\t\t\t\t\t\t\t\t\t\t\t\t\t<div class=\"premium-modal-box-close-button-container\">\n\t\t\t\t\t\t\t\t\t<button type=\"button\" class=\"premium-modal-box-modal-close\" data-dismiss=\"premium-modal\">\u00d7<\/button>\n\t\t\t\t\t\t\t\t<\/div>\n\t\t\t\t\t\t\t\t\t\t\t\t\t<\/div>\n\t\t\t\t\t\t\t\t\t\t<div class=\"premium-modal-box-modal-body\">\n\t\t\t\t\t\t\t\t\t\t\t\t\t<p>Il Prof. Dr. Volkan Alt\u0131nta\u015f ha conseguito la sua laurea in Economia aziendale presso l'Universit\u00e0 Gazi di Ankara e ha conseguito un Master in Gestione del turismo e degli hotel presso l'Universit\u00e0 Akdeniz di Antalya. Nella stessa universit\u00e0, ha conseguito il dottorato di ricerca. Ha lavorato come assistente di ricerca tra il 2003 e il 2010.<\/p><p>Allo stesso tempo, \u00e8 stato membro del team di ricercatori junior del Centro per gli studi sull&#039;integrazione europea dell&#039;Universit\u00e0 di Bonn in Germania.<\/p><p>Ha completato il dottorato di ricerca nel 2010 con la tesi &quot;Gli effetti dello sviluppo turistico sulla qualit\u00e0 della vita dei residenti: il modello della regione di Alanya&quot;.<\/p><p>Le sue aree di interesse nell'ambito della ricerca sono: l'Unione Europea, la politica del turismo, gli sviluppi regionali, la qualit\u00e0 della vita e l'economia del turismo. Conosce perfettamente l'inglese e il tedesco. Lavora come professore ordinario presso l'Universit\u00e0 Katip \u00c7elebi di Izmir, Facolt\u00e0 di Turismo.<\/p>\n\t\t\t\t\t\t\t\t\t\t\t<\/div>\n\t\t\t\t\t\t\t\t\t\t\t<div class=\"premium-modal-box-modal-footer\">\n\t\t\t\t\t\t\t<button type=\"button\" class=\"premium-modal-box-modal-lower-close\" data-dismiss=\"premium-modal\">\n\t\t\t\t\t\t\t\tChiudere\t\t\t\t\t\t\t<\/button>\n\t\t\t\t\t\t<\/div>\n\t\t\t\t\t\t\t\t\t<\/div>\n\t\t\t<\/div>\n\t\t<\/div>\n\t\t\t\t\t\t<\/div>\n\t\t\t\t<\/div>\n\t\t\t\t<\/div>\n\t\t\t\t<\/div>\n\t\t<div class=\"elementor-element elementor-element-d4a5d99 e-con-full e-flex wpr-particle-no wpr-jarallax-no wpr-parallax-no wpr-sticky-section-no wpr-column-slider-no wpr-equal-height-no e-con e-child\" data-id=\"d4a5d99\" data-element_type=\"container\" data-e-type=\"container\">\n\t\t<div class=\"elementor-element elementor-element-c244e27 e-con-full e-flex wpr-particle-no wpr-jarallax-no wpr-parallax-no wpr-sticky-section-no wpr-column-slider-no wpr-equal-height-no e-con e-child\" data-id=\"c244e27\" data-element_type=\"container\" data-e-type=\"container\">\n\t\t\t\t<div class=\"elementor-element elementor-element-d1a88dd elementor-widget__width-inherit elementor-widget elementor-widget-text-editor\" data-id=\"d1a88dd\" data-element_type=\"widget\" data-e-type=\"widget\" data-widget_type=\"text-editor.default\">\n\t\t\t\t<div class=\"elementor-widget-container\">\n\t\t\t\t\t\t\t\t\t<p><strong>Keynote<\/strong><strong>\u00a0Altoparlante<\/strong><\/p>\t\t\t\t\t\t\t\t<\/div>\n\t\t\t\t<\/div>\n\t\t\t\t<div class=\"elementor-element elementor-element-f4a9bda elementor-widget-divider--view-line elementor-widget elementor-widget-divider\" data-id=\"f4a9bda\" data-element_type=\"widget\" data-e-type=\"widget\" data-widget_type=\"divider.default\">\n\t\t\t\t<div class=\"elementor-widget-container\">\n\t\t\t\t\t\t\t<div class=\"elementor-divider\">\n\t\t\t<span class=\"elementor-divider-separator\">\n\t\t\t\t\t\t<\/span>\n\t\t<\/div>\n\t\t\t\t\t\t<\/div>\n\t\t\t\t<\/div>\n\t\t\t\t<div class=\"elementor-element elementor-element-b8b142f elementor-widget elementor-widget-image\" data-id=\"b8b142f\" data-element_type=\"widget\" data-e-type=\"widget\" data-widget_type=\"image.default\">\n\t\t\t\t<div class=\"elementor-widget-container\">\n\t\t\t\t\t\t\t\t\t\t\t\t\t\t\t<img loading=\"lazy\" decoding=\"async\" width=\"999\" height=\"999\" src=\"https:\/\/icse-conference.com\/wp-content\/uploads\/2025\/11\/Samiha-Chemli.png\" class=\"attachment-full size-full wp-image-5912\" alt=\"\" srcset=\"https:\/\/icse-conference.com\/wp-content\/uploads\/2025\/11\/Samiha-Chemli.png 999w, https:\/\/icse-conference.com\/wp-content\/uploads\/2025\/11\/Samiha-Chemli-300x300.png 300w, https:\/\/icse-conference.com\/wp-content\/uploads\/2025\/11\/Samiha-Chemli-150x150.png 150w, https:\/\/icse-conference.com\/wp-content\/uploads\/2025\/11\/Samiha-Chemli-768x768.png 768w, https:\/\/icse-conference.com\/wp-content\/uploads\/2025\/11\/Samiha-Chemli-12x12.png 12w\" sizes=\"(max-width: 999px) 100vw, 999px\" \/>\t\t\t\t\t\t\t\t\t\t\t\t\t\t\t<\/div>\n\t\t\t\t<\/div>\n\t\t\t\t<div class=\"elementor-element elementor-element-8fba32b elementor-widget elementor-widget-text-editor\" data-id=\"8fba32b\" data-element_type=\"widget\" data-e-type=\"widget\" data-widget_type=\"text-editor.default\">\n\t\t\t\t<div class=\"elementor-widget-container\">\n\t\t\t\t\t\t\t\t\t<p><span style=\"font-weight: 400;\"><strong>Samiha Chemli<\/strong><\/span><\/p>\t\t\t\t\t\t\t\t<\/div>\n\t\t\t\t<\/div>\n\t\t\t\t<div class=\"elementor-element elementor-element-e94f9ee elementor-widget elementor-widget-text-editor\" data-id=\"e94f9ee\" data-element_type=\"widget\" data-e-type=\"widget\" data-widget_type=\"text-editor.default\">\n\t\t\t\t<div class=\"elementor-widget-container\">\n\t\t\t\t\t\t\t\t\t<p>Professore associato di Gestione dell'ospitalit\u00e0 e del turismo, <strong>Universit\u00e0 di Deusto<\/strong>; Coordinatore delle relazioni con l'universit\u00e0, <strong>CIDE<\/strong> - Facolt\u00e0 di Scienze Umane e Sociali<\/p>\t\t\t\t\t\t\t\t<\/div>\n\t\t\t\t<\/div>\n\t\t\t\t<div class=\"elementor-element elementor-element-f41879b premium-modal-dismissible-yes elementor-widget elementor-widget-premium-addon-modal-box\" data-id=\"f41879b\" data-element_type=\"widget\" data-e-type=\"widget\" data-settings=\"{&quot;premium_modal_box_animation&quot;:&quot;fadeInDown&quot;}\" data-widget_type=\"premium-addon-modal-box.default\">\n\t\t\t\t<div class=\"elementor-widget-container\">\n\t\t\t\t\t\n\t\t<div class=\"premium-modal-box-container\" data-settings=\"{&quot;trigger&quot;:&quot;button&quot;,&quot;show_on_exit&quot;:false}\">\n\t\t\t<div class=\"premium-modal-trigger-container\">\n\t\t\t\t\t\t\t\t\t<button data-toggle=\"premium-modal\" data-target=\"#premium-modal-f41879b\" type=\"button\" class=\"premium-modal-trigger-btn premium-btn-sm premium-button-none\" data-text=\"About More\">\n\n\t\t\t\t\t\t\n\t\t\t\t\t\t<div class=\"premium-button-text-icon-wrapper\">\n\t\t\t\t\t\t\t<span>Di pi\u00f9<\/span>\n\t\t\t\t\t\t<\/div>\n\n\t\t\t\t\t\t\n\t\t\t\t\t\t\n\t\t\t\t\t\t\n\t\t\t\t\t<\/button>\n\t\t\t\t\t\t\t<\/div>\n\n\t\t\t<div id=\"premium-modal-f41879b\" class=\"premium-modal-box-modal\"\n\t\t\trole=\"dialog\"\n\t\t\tstyle=\"display: none\"\n\t\t\t>\n\t\t\t\t<div class=\"premium-modal-box-modal-dialog\" data-delay-animation=\"\" data-modal-animation=\"fadeInDown animated-fast\">\n\t\t\t\t\t\t\t\t\t\t\t<div class=\"premium-modal-box-modal-header\">\n\t\t\t\t\t\t\t\t\t\t\t\t\t\t\t<h3 class=\"premium-modal-box-modal-title\">\n\t\t\t\t\t\t\t\t\tSamiha Chemli\t\t\t\t\t\t\t\t<\/h3>\n\t\t\t\t\t\t\t\t\t\t\t\t\t\t\t\t\t\t\t\t\t\t<div class=\"premium-modal-box-close-button-container\">\n\t\t\t\t\t\t\t\t\t<button type=\"button\" class=\"premium-modal-box-modal-close\" data-dismiss=\"premium-modal\">\u00d7<\/button>\n\t\t\t\t\t\t\t\t<\/div>\n\t\t\t\t\t\t\t\t\t\t\t\t\t<\/div>\n\t\t\t\t\t\t\t\t\t\t<div class=\"premium-modal-box-modal-body\">\n\t\t\t\t\t\t\t\t\t\t\t\t\t<p><span style=\"font-weight: 400;\">Dott.<strong> Samiha Chemli<\/strong> \u00e8 professore associato di Gestione dell'ospitalit\u00e0 e del turismo e coordinatore delle relazioni universitarie presso l'Universit\u00e0 di Deusto. Ha una vasta esperienza nella gestione dell'ospitalit\u00e0 e del turismo, nella guida di aziende, nella gestione di team interfunzionali e nella fornitura di servizi di consulenza. Con oltre 19 anni di esperienza accademica e manageriale, ha contribuito in modo significativo all'insegnamento e allo sviluppo di programmi in Tunisia, Corea del Sud e Spagna. La sua ricerca si concentra sulle pratiche turistiche innovative, in particolare sul Web 3.0 e sull'uso dell'apprendimento immersivo e della realt\u00e0 virtuale nelle aziende turistiche e nell'istruzione superiore. All'Universit\u00e0 di Deusto sviluppa e gestisce laboratori virtuali, in collaborazione con i colleghi, nei settori del turismo e dell'economia. <\/span><\/p>\n\t\t\t\t\t\t\t\t\t\t\t<\/div>\n\t\t\t\t\t\t\t\t\t\t\t<div class=\"premium-modal-box-modal-footer\">\n\t\t\t\t\t\t\t<button type=\"button\" class=\"premium-modal-box-modal-lower-close\" data-dismiss=\"premium-modal\">\n\t\t\t\t\t\t\t\tChiudere\t\t\t\t\t\t\t<\/button>\n\t\t\t\t\t\t<\/div>\n\t\t\t\t\t\t\t\t\t<\/div>\n\t\t\t<\/div>\n\t\t<\/div>\n\t\t\t\t\t\t<\/div>\n\t\t\t\t<\/div>\n\t\t\t\t<\/div>\n\t\t<div class=\"elementor-element elementor-element-835bd6d e-con-full e-flex wpr-particle-no wpr-jarallax-no wpr-parallax-no wpr-sticky-section-no wpr-column-slider-no wpr-equal-height-no e-con e-child\" data-id=\"835bd6d\" data-element_type=\"container\" data-e-type=\"container\">\n\t\t\t\t<div class=\"elementor-element elementor-element-35483bc elementor-widget__width-inherit elementor-widget elementor-widget-text-editor\" data-id=\"35483bc\" data-element_type=\"widget\" data-e-type=\"widget\" data-widget_type=\"text-editor.default\">\n\t\t\t\t<div class=\"elementor-widget-container\">\n\t\t\t\t\t\t\t\t\t<p><strong>Keynote<\/strong><strong>\u00a0Altoparlante<\/strong><\/p>\t\t\t\t\t\t\t\t<\/div>\n\t\t\t\t<\/div>\n\t\t\t\t<div class=\"elementor-element elementor-element-2567c32 elementor-widget-divider--view-line elementor-widget elementor-widget-divider\" data-id=\"2567c32\" data-element_type=\"widget\" data-e-type=\"widget\" data-widget_type=\"divider.default\">\n\t\t\t\t<div class=\"elementor-widget-container\">\n\t\t\t\t\t\t\t<div class=\"elementor-divider\">\n\t\t\t<span class=\"elementor-divider-separator\">\n\t\t\t\t\t\t<\/span>\n\t\t<\/div>\n\t\t\t\t\t\t<\/div>\n\t\t\t\t<\/div>\n\t\t\t\t<div class=\"elementor-element elementor-element-176f680 elementor-widget elementor-widget-image\" data-id=\"176f680\" data-element_type=\"widget\" data-e-type=\"widget\" data-widget_type=\"image.default\">\n\t\t\t\t<div class=\"elementor-widget-container\">\n\t\t\t\t\t\t\t\t\t\t\t\t\t\t\t<img loading=\"lazy\" decoding=\"async\" width=\"607\" height=\"605\" src=\"https:\/\/icse-conference.com\/wp-content\/uploads\/2023\/05\/SpeakerPics-08.png\" class=\"attachment-full size-full wp-image-416\" alt=\"\" srcset=\"https:\/\/icse-conference.com\/wp-content\/uploads\/2023\/05\/SpeakerPics-08.png 607w, https:\/\/icse-conference.com\/wp-content\/uploads\/2023\/05\/SpeakerPics-08-300x300.png 300w, https:\/\/icse-conference.com\/wp-content\/uploads\/2023\/05\/SpeakerPics-08-150x150.png 150w, https:\/\/icse-conference.com\/wp-content\/uploads\/2023\/05\/SpeakerPics-08-12x12.png 12w\" sizes=\"(max-width: 607px) 100vw, 607px\" \/>\t\t\t\t\t\t\t\t\t\t\t\t\t\t\t<\/div>\n\t\t\t\t<\/div>\n\t\t\t\t<div class=\"elementor-element elementor-element-796cf89 elementor-widget elementor-widget-text-editor\" data-id=\"796cf89\" data-element_type=\"widget\" data-e-type=\"widget\" data-widget_type=\"text-editor.default\">\n\t\t\t\t<div class=\"elementor-widget-container\">\n\t\t\t\t\t\t\t\t\t<p><strong><span class=\"a_GcMg font-feature-liga-off font-feature-clig-off font-feature-calt-off text-decoration-none text-strikethrough-none\">Pedro Dias<\/span><\/strong><\/p>\t\t\t\t\t\t\t\t<\/div>\n\t\t\t\t<\/div>\n\t\t\t\t<div class=\"elementor-element elementor-element-fddacb2 elementor-widget elementor-widget-text-editor\" data-id=\"fddacb2\" data-element_type=\"widget\" data-e-type=\"widget\" data-widget_type=\"text-editor.default\">\n\t\t\t\t<div class=\"elementor-widget-container\">\n\t\t\t\t\t\t\t\t\t<p><span class=\"a_GcMg font-feature-liga-off font-feature-clig-off font-feature-calt-off text-decoration-none text-strikethrough-none\">Responsabile della parit\u00e0 di genere e dell'inclusione, Portogallo, atleta olimpica<\/span><\/p>\t\t\t\t\t\t\t\t<\/div>\n\t\t\t\t<\/div>\n\t\t\t\t<div class=\"elementor-element elementor-element-cca7d9d premium-modal-dismissible-yes elementor-widget elementor-widget-premium-addon-modal-box\" data-id=\"cca7d9d\" data-element_type=\"widget\" data-e-type=\"widget\" data-settings=\"{&quot;premium_modal_box_animation&quot;:&quot;fadeInDown&quot;}\" data-widget_type=\"premium-addon-modal-box.default\">\n\t\t\t\t<div class=\"elementor-widget-container\">\n\t\t\t\t\t\n\t\t<div class=\"premium-modal-box-container\" data-settings=\"{&quot;trigger&quot;:&quot;button&quot;,&quot;show_on_exit&quot;:false}\">\n\t\t\t<div class=\"premium-modal-trigger-container\">\n\t\t\t\t\t\t\t\t\t<button data-toggle=\"premium-modal\" data-target=\"#premium-modal-cca7d9d\" type=\"button\" class=\"premium-modal-trigger-btn premium-btn-sm premium-button-none\" data-text=\"About More\">\n\n\t\t\t\t\t\t\n\t\t\t\t\t\t<div class=\"premium-button-text-icon-wrapper\">\n\t\t\t\t\t\t\t<span>Di pi\u00f9<\/span>\n\t\t\t\t\t\t<\/div>\n\n\t\t\t\t\t\t\n\t\t\t\t\t\t\n\t\t\t\t\t\t\n\t\t\t\t\t<\/button>\n\t\t\t\t\t\t\t<\/div>\n\n\t\t\t<div id=\"premium-modal-cca7d9d\" class=\"premium-modal-box-modal\"\n\t\t\trole=\"dialog\"\n\t\t\tstyle=\"display: none\"\n\t\t\t>\n\t\t\t\t<div class=\"premium-modal-box-modal-dialog\" data-delay-animation=\"\" data-modal-animation=\"fadeInDown animated-fast\">\n\t\t\t\t\t\t\t\t\t\t\t<div class=\"premium-modal-box-modal-header\">\n\t\t\t\t\t\t\t\t\t\t\t\t\t\t\t<h3 class=\"premium-modal-box-modal-title\">\n\t\t\t\t\t\t\t\t\tPedro Dias\t\t\t\t\t\t\t\t<\/h3>\n\t\t\t\t\t\t\t\t\t\t\t\t\t\t\t\t\t\t\t\t\t\t<div class=\"premium-modal-box-close-button-container\">\n\t\t\t\t\t\t\t\t\t<button type=\"button\" class=\"premium-modal-box-modal-close\" data-dismiss=\"premium-modal\">\u00d7<\/button>\n\t\t\t\t\t\t\t\t<\/div>\n\t\t\t\t\t\t\t\t\t\t\t\t\t<\/div>\n\t\t\t\t\t\t\t\t\t\t<div class=\"premium-modal-box-modal-body\">\n\t\t\t\t\t\t\t\t\t\t\t\t\t<p>Pedro Dias lavora presso il Comitato Olimpico Internazionale come responsabile dell'uguaglianza di genere e dell'inclusione. In precedenza \u00e8 stato direttore di Sport Evolution Alliance, una ONG specializzata in sovvenzioni europee, soprattutto nel programma Erasmus + Sport. Ha conseguito una laurea in Sport Management e ha completato con successo il programma \"Executive Masters in Sport Organizations Management - MEMOS\".<\/p><p>Pedro Dias \u00e8 un judoka olimpico, terzo classificato ai Campionati Europei, e ha avuto anche il ruolo di allenatore in questo sport. Per molti anni ha lavorato per l'organizzazione di decine di eventi sportivi internazionali in Portogallo e in Brasile, ed \u00e8 stato anche il Direttore Sportivo della squadra di Beach Soccer dello Sporting Clube de Portugal. Nel corso della sua carriera ha acquisito una rete mondiale di stakeholder sportivi.<\/p>\n\t\t\t\t\t\t\t\t\t\t\t<\/div>\n\t\t\t\t\t\t\t\t\t\t\t<div class=\"premium-modal-box-modal-footer\">\n\t\t\t\t\t\t\t<button type=\"button\" class=\"premium-modal-box-modal-lower-close\" data-dismiss=\"premium-modal\">\n\t\t\t\t\t\t\t\tChiudere\t\t\t\t\t\t\t<\/button>\n\t\t\t\t\t\t<\/div>\n\t\t\t\t\t\t\t\t\t<\/div>\n\t\t\t<\/div>\n\t\t<\/div>\n\t\t\t\t\t\t<\/div>\n\t\t\t\t<\/div>\n\t\t\t\t<\/div>\n\t\t<div class=\"elementor-element elementor-element-c0de543 e-con-full e-flex wpr-particle-no wpr-jarallax-no wpr-parallax-no wpr-sticky-section-no wpr-column-slider-no wpr-equal-height-no e-con e-child\" data-id=\"c0de543\" data-element_type=\"container\" data-e-type=\"container\">\n\t\t\t\t<div class=\"elementor-element elementor-element-2c882b8 elementor-widget__width-inherit elementor-widget elementor-widget-text-editor\" data-id=\"2c882b8\" data-element_type=\"widget\" data-e-type=\"widget\" data-widget_type=\"text-editor.default\">\n\t\t\t\t<div class=\"elementor-widget-container\">\n\t\t\t\t\t\t\t\t\t<p><strong>ATLETA<\/strong><\/p>\t\t\t\t\t\t\t\t<\/div>\n\t\t\t\t<\/div>\n\t\t\t\t<div class=\"elementor-element elementor-element-c6c2805 elementor-widget-divider--view-line elementor-widget elementor-widget-divider\" data-id=\"c6c2805\" data-element_type=\"widget\" data-e-type=\"widget\" data-widget_type=\"divider.default\">\n\t\t\t\t<div class=\"elementor-widget-container\">\n\t\t\t\t\t\t\t<div class=\"elementor-divider\">\n\t\t\t<span class=\"elementor-divider-separator\">\n\t\t\t\t\t\t<\/span>\n\t\t<\/div>\n\t\t\t\t\t\t<\/div>\n\t\t\t\t<\/div>\n\t\t\t\t<div class=\"elementor-element elementor-element-d6b9367 elementor-widget elementor-widget-image\" data-id=\"d6b9367\" data-element_type=\"widget\" data-e-type=\"widget\" data-widget_type=\"image.default\">\n\t\t\t\t<div class=\"elementor-widget-container\">\n\t\t\t\t\t\t\t\t\t\t\t\t\t\t\t<img loading=\"lazy\" decoding=\"async\" width=\"794\" height=\"794\" src=\"https:\/\/icse-conference.com\/wp-content\/uploads\/2025\/11\/WhatsApp-Image-2025-11-07-at-21.54.11.png\" class=\"attachment-full size-full wp-image-5995\" alt=\"\" srcset=\"https:\/\/icse-conference.com\/wp-content\/uploads\/2025\/11\/WhatsApp-Image-2025-11-07-at-21.54.11.png 794w, https:\/\/icse-conference.com\/wp-content\/uploads\/2025\/11\/WhatsApp-Image-2025-11-07-at-21.54.11-300x300.png 300w, https:\/\/icse-conference.com\/wp-content\/uploads\/2025\/11\/WhatsApp-Image-2025-11-07-at-21.54.11-150x150.png 150w, https:\/\/icse-conference.com\/wp-content\/uploads\/2025\/11\/WhatsApp-Image-2025-11-07-at-21.54.11-768x768.png 768w, https:\/\/icse-conference.com\/wp-content\/uploads\/2025\/11\/WhatsApp-Image-2025-11-07-at-21.54.11-12x12.png 12w\" sizes=\"(max-width: 794px) 100vw, 794px\" \/>\t\t\t\t\t\t\t\t\t\t\t\t\t\t\t<\/div>\n\t\t\t\t<\/div>\n\t\t\t\t<div class=\"elementor-element elementor-element-4ef2f0b elementor-widget elementor-widget-text-editor\" data-id=\"4ef2f0b\" data-element_type=\"widget\" data-e-type=\"widget\" data-widget_type=\"text-editor.default\">\n\t\t\t\t<div class=\"elementor-widget-container\">\n\t\t\t\t\t\t\t\t\t<p><strong>Nuno Delgado<\/strong><\/p>\t\t\t\t\t\t\t\t<\/div>\n\t\t\t\t<\/div>\n\t\t\t\t<div class=\"elementor-element elementor-element-ab27ce6 elementor-widget elementor-widget-text-editor\" data-id=\"ab27ce6\" data-element_type=\"widget\" data-e-type=\"widget\" data-widget_type=\"text-editor.default\">\n\t\t\t\t<div class=\"elementor-widget-container\">\n\t\t\t\t\t\t\t\t\t<p>Ex judoka olimpico \/ Fondatore, <strong>Scuola di Judo Nuno Delgado<\/strong><\/p>\t\t\t\t\t\t\t\t<\/div>\n\t\t\t\t<\/div>\n\t\t\t\t<div class=\"elementor-element elementor-element-7c2bf93 premium-modal-dismissible-yes elementor-widget elementor-widget-premium-addon-modal-box\" data-id=\"7c2bf93\" data-element_type=\"widget\" data-e-type=\"widget\" data-settings=\"{&quot;premium_modal_box_animation&quot;:&quot;fadeInDown&quot;}\" data-widget_type=\"premium-addon-modal-box.default\">\n\t\t\t\t<div class=\"elementor-widget-container\">\n\t\t\t\t\t\n\t\t<div class=\"premium-modal-box-container\" data-settings=\"{&quot;trigger&quot;:&quot;button&quot;,&quot;show_on_exit&quot;:false}\">\n\t\t\t<div class=\"premium-modal-trigger-container\">\n\t\t\t\t\t\t\t\t\t<button data-toggle=\"premium-modal\" data-target=\"#premium-modal-7c2bf93\" type=\"button\" class=\"premium-modal-trigger-btn premium-btn-sm premium-button-none\" data-text=\"About More\">\n\n\t\t\t\t\t\t\n\t\t\t\t\t\t<div class=\"premium-button-text-icon-wrapper\">\n\t\t\t\t\t\t\t<span>Di pi\u00f9<\/span>\n\t\t\t\t\t\t<\/div>\n\n\t\t\t\t\t\t\n\t\t\t\t\t\t\n\t\t\t\t\t\t\n\t\t\t\t\t<\/button>\n\t\t\t\t\t\t\t<\/div>\n\n\t\t\t<div id=\"premium-modal-7c2bf93\" class=\"premium-modal-box-modal\"\n\t\t\trole=\"dialog\"\n\t\t\tstyle=\"display: none\"\n\t\t\t>\n\t\t\t\t<div class=\"premium-modal-box-modal-dialog\" data-delay-animation=\"\" data-modal-animation=\"fadeInDown animated-fast\">\n\t\t\t\t\t\t\t\t\t\t\t<div class=\"premium-modal-box-modal-header\">\n\t\t\t\t\t\t\t\t\t\t\t\t\t\t\t<h3 class=\"premium-modal-box-modal-title\">\n\t\t\t\t\t\t\t\t\tNuno Delgado\t\t\t\t\t\t\t\t<\/h3>\n\t\t\t\t\t\t\t\t\t\t\t\t\t\t\t\t\t\t\t\t\t\t<div class=\"premium-modal-box-close-button-container\">\n\t\t\t\t\t\t\t\t\t<button type=\"button\" class=\"premium-modal-box-modal-close\" data-dismiss=\"premium-modal\">\u00d7<\/button>\n\t\t\t\t\t\t\t\t<\/div>\n\t\t\t\t\t\t\t\t\t\t\t\t\t<\/div>\n\t\t\t\t\t\t\t\t\t\t<div class=\"premium-modal-box-modal-body\">\n\t\t\t\t\t\t\t\t\t\t\t\t\t<p>Nuno Miguel Delgado ComIH (nato il 27 agosto 1976) \u00e8 un ex judoka portoghese, noto soprattutto per aver vinto la prima medaglia olimpica del Portogallo nel judo - un bronzo nella categoria under-81 kg alle Olimpiadi estive del 2000. \u00c8 anche il fondatore della Nuno Delgado Judo School ed \u00e8 stato coinvolto in iniziative di inclusione e di sport sociale.<\/p>\n\t\t\t\t\t\t\t\t\t\t\t<\/div>\n\t\t\t\t\t\t\t\t\t\t\t<div class=\"premium-modal-box-modal-footer\">\n\t\t\t\t\t\t\t<button type=\"button\" class=\"premium-modal-box-modal-lower-close\" data-dismiss=\"premium-modal\">\n\t\t\t\t\t\t\t\tChiudere\t\t\t\t\t\t\t<\/button>\n\t\t\t\t\t\t<\/div>\n\t\t\t\t\t\t\t\t\t<\/div>\n\t\t\t<\/div>\n\t\t<\/div>\n\t\t\t\t\t\t<\/div>\n\t\t\t\t<\/div>\n\t\t\t\t<\/div>\n\t\t\t\t<\/div>\n\t\t<div class=\"elementor-element elementor-element-6502fb0 e-con-full e-flex wpr-particle-no wpr-jarallax-no wpr-parallax-no wpr-sticky-section-no wpr-column-slider-no wpr-equal-height-no e-con e-child\" data-id=\"6502fb0\" data-element_type=\"container\" data-e-type=\"container\">\n\t\t<div class=\"elementor-element elementor-element-1420cf6 e-con-full e-flex wpr-particle-no wpr-jarallax-no wpr-parallax-no wpr-sticky-section-no wpr-column-slider-no wpr-equal-height-no e-con e-child\" data-id=\"1420cf6\" data-element_type=\"container\" data-e-type=\"container\">\n\t\t\t\t<div class=\"elementor-element elementor-element-54c50c4 elementor-widget__width-inherit elementor-widget elementor-widget-text-editor\" data-id=\"54c50c4\" data-element_type=\"widget\" data-e-type=\"widget\" data-widget_type=\"text-editor.default\">\n\t\t\t\t<div class=\"elementor-widget-container\">\n\t\t\t\t\t\t\t\t\t<p><strong>ATLETA<\/strong><\/p>\t\t\t\t\t\t\t\t<\/div>\n\t\t\t\t<\/div>\n\t\t\t\t<div class=\"elementor-element elementor-element-dd7ffdd elementor-widget-divider--view-line elementor-widget elementor-widget-divider\" data-id=\"dd7ffdd\" data-element_type=\"widget\" data-e-type=\"widget\" data-widget_type=\"divider.default\">\n\t\t\t\t<div class=\"elementor-widget-container\">\n\t\t\t\t\t\t\t<div class=\"elementor-divider\">\n\t\t\t<span class=\"elementor-divider-separator\">\n\t\t\t\t\t\t<\/span>\n\t\t<\/div>\n\t\t\t\t\t\t<\/div>\n\t\t\t\t<\/div>\n\t\t\t\t<div class=\"elementor-element elementor-element-dc0fe0c elementor-widget elementor-widget-image\" data-id=\"dc0fe0c\" data-element_type=\"widget\" data-e-type=\"widget\" data-widget_type=\"image.default\">\n\t\t\t\t<div class=\"elementor-widget-container\">\n\t\t\t\t\t\t\t\t\t\t\t\t\t\t\t<img loading=\"lazy\" decoding=\"async\" width=\"605\" height=\"607\" src=\"https:\/\/icse-conference.com\/wp-content\/uploads\/2025\/11\/1701444708239.png\" class=\"attachment-full size-full wp-image-5994\" alt=\"\" srcset=\"https:\/\/icse-conference.com\/wp-content\/uploads\/2025\/11\/1701444708239.png 605w, https:\/\/icse-conference.com\/wp-content\/uploads\/2025\/11\/1701444708239-300x300.png 300w, https:\/\/icse-conference.com\/wp-content\/uploads\/2025\/11\/1701444708239-150x150.png 150w, https:\/\/icse-conference.com\/wp-content\/uploads\/2025\/11\/1701444708239-12x12.png 12w\" sizes=\"(max-width: 605px) 100vw, 605px\" \/>\t\t\t\t\t\t\t\t\t\t\t\t\t\t\t<\/div>\n\t\t\t\t<\/div>\n\t\t\t\t<div class=\"elementor-element elementor-element-461cc91 elementor-widget elementor-widget-text-editor\" data-id=\"461cc91\" data-element_type=\"widget\" data-e-type=\"widget\" data-widget_type=\"text-editor.default\">\n\t\t\t\t<div class=\"elementor-widget-container\">\n\t\t\t\t\t\t\t\t\t<p><strong>Susana Feitor<\/strong><\/p>\t\t\t\t\t\t\t\t<\/div>\n\t\t\t\t<\/div>\n\t\t\t\t<div class=\"elementor-element elementor-element-bed3d44 elementor-widget elementor-widget-text-editor\" data-id=\"bed3d44\" data-element_type=\"widget\" data-e-type=\"widget\" data-widget_type=\"text-editor.default\">\n\t\t\t\t<div class=\"elementor-widget-container\">\n\t\t\t\t\t\t\t\t\t<p>Ex medaglia ai Campionati del Mondo di Race Walking \/ Presidente di<strong> Fondazione per lo sport<\/strong><\/p>\t\t\t\t\t\t\t\t<\/div>\n\t\t\t\t<\/div>\n\t\t\t\t<div class=\"elementor-element elementor-element-d75a98a premium-modal-dismissible-yes elementor-widget elementor-widget-premium-addon-modal-box\" data-id=\"d75a98a\" data-element_type=\"widget\" data-e-type=\"widget\" data-settings=\"{&quot;premium_modal_box_animation&quot;:&quot;fadeInDown&quot;}\" data-widget_type=\"premium-addon-modal-box.default\">\n\t\t\t\t<div class=\"elementor-widget-container\">\n\t\t\t\t\t\n\t\t<div class=\"premium-modal-box-container\" data-settings=\"{&quot;trigger&quot;:&quot;button&quot;,&quot;show_on_exit&quot;:false}\">\n\t\t\t<div class=\"premium-modal-trigger-container\">\n\t\t\t\t\t\t\t\t\t<button data-toggle=\"premium-modal\" data-target=\"#premium-modal-d75a98a\" type=\"button\" class=\"premium-modal-trigger-btn premium-btn-sm premium-button-none\" data-text=\"About More\">\n\n\t\t\t\t\t\t\n\t\t\t\t\t\t<div class=\"premium-button-text-icon-wrapper\">\n\t\t\t\t\t\t\t<span>Di pi\u00f9<\/span>\n\t\t\t\t\t\t<\/div>\n\n\t\t\t\t\t\t\n\t\t\t\t\t\t\n\t\t\t\t\t\t\n\t\t\t\t\t<\/button>\n\t\t\t\t\t\t\t<\/div>\n\n\t\t\t<div id=\"premium-modal-d75a98a\" class=\"premium-modal-box-modal\"\n\t\t\trole=\"dialog\"\n\t\t\tstyle=\"display: none\"\n\t\t\t>\n\t\t\t\t<div class=\"premium-modal-box-modal-dialog\" data-delay-animation=\"\" data-modal-animation=\"fadeInDown animated-fast\">\n\t\t\t\t\t\t\t\t\t\t\t<div class=\"premium-modal-box-modal-header\">\n\t\t\t\t\t\t\t\t\t\t\t\t\t\t\t<h3 class=\"premium-modal-box-modal-title\">\n\t\t\t\t\t\t\t\t\tSusana Feitor\t\t\t\t\t\t\t\t<\/h3>\n\t\t\t\t\t\t\t\t\t\t\t\t\t\t\t\t\t\t\t\t\t\t<div class=\"premium-modal-box-close-button-container\">\n\t\t\t\t\t\t\t\t\t<button type=\"button\" class=\"premium-modal-box-modal-close\" data-dismiss=\"premium-modal\">\u00d7<\/button>\n\t\t\t\t\t\t\t\t<\/div>\n\t\t\t\t\t\t\t\t\t\t\t\t\t<\/div>\n\t\t\t\t\t\t\t\t\t\t<div class=\"premium-modal-box-modal-body\">\n\t\t\t\t\t\t\t\t\t\t\t\t\t<p><strong>Susana Paula de Jesus Feitor<\/strong> DmIH (nata il 28 gennaio 1975) \u00e8 un'ex camminatrice portoghese e plurimedagliata ai campionati mondiali, tra cui il bronzo nella 20 km di marcia ai campionati mondiali di Helsinki del 2005. Secondo LinkedIn, i suoi ruoli includono la presidenza della Fondazione per lo sport, il consigliere nazionale per lo sport, l'educatore principale per Athlete365 Career+ e l'esperto di doppia carriera per gli atleti.<\/p>\n\t\t\t\t\t\t\t\t\t\t\t<\/div>\n\t\t\t\t\t\t\t\t\t\t\t<div class=\"premium-modal-box-modal-footer\">\n\t\t\t\t\t\t\t<button type=\"button\" class=\"premium-modal-box-modal-lower-close\" data-dismiss=\"premium-modal\">\n\t\t\t\t\t\t\t\tChiudere\t\t\t\t\t\t\t<\/button>\n\t\t\t\t\t\t<\/div>\n\t\t\t\t\t\t\t\t\t<\/div>\n\t\t\t<\/div>\n\t\t<\/div>\n\t\t\t\t\t\t<\/div>\n\t\t\t\t<\/div>\n\t\t\t\t<\/div>\n\t\t<div class=\"elementor-element elementor-element-07e20d7 e-con-full e-flex wpr-particle-no wpr-jarallax-no wpr-parallax-no wpr-sticky-section-no wpr-column-slider-no wpr-equal-height-no e-con e-child\" data-id=\"07e20d7\" data-element_type=\"container\" data-e-type=\"container\">\n\t\t\t\t<div class=\"elementor-element elementor-element-cf850a9 elementor-widget__width-inherit elementor-widget elementor-widget-text-editor\" data-id=\"cf850a9\" data-element_type=\"widget\" data-e-type=\"widget\" data-widget_type=\"text-editor.default\">\n\t\t\t\t<div class=\"elementor-widget-container\">\n\t\t\t\t\t\t\t\t\t<p><strong>MODERATORE<\/strong><\/p>\t\t\t\t\t\t\t\t<\/div>\n\t\t\t\t<\/div>\n\t\t\t\t<div class=\"elementor-element elementor-element-b7e96cf elementor-widget-divider--view-line elementor-widget elementor-widget-divider\" data-id=\"b7e96cf\" data-element_type=\"widget\" data-e-type=\"widget\" data-widget_type=\"divider.default\">\n\t\t\t\t<div class=\"elementor-widget-container\">\n\t\t\t\t\t\t\t<div class=\"elementor-divider\">\n\t\t\t<span class=\"elementor-divider-separator\">\n\t\t\t\t\t\t<\/span>\n\t\t<\/div>\n\t\t\t\t\t\t<\/div>\n\t\t\t\t<\/div>\n\t\t\t\t<div class=\"elementor-element elementor-element-029aa4f elementor-widget elementor-widget-image\" data-id=\"029aa4f\" data-element_type=\"widget\" data-e-type=\"widget\" data-widget_type=\"image.default\">\n\t\t\t\t<div class=\"elementor-widget-container\">\n\t\t\t\t\t\t\t\t\t\t\t\t\t\t\t<img loading=\"lazy\" decoding=\"async\" width=\"2700\" height=\"2700\" src=\"https:\/\/icse-conference.com\/wp-content\/uploads\/2024\/11\/ICSE-Speaker-Post-PRESENTING-Square-1.png\" class=\"attachment-full size-full wp-image-4204\" alt=\"\" srcset=\"https:\/\/icse-conference.com\/wp-content\/uploads\/2024\/11\/ICSE-Speaker-Post-PRESENTING-Square-1.png 2700w, https:\/\/icse-conference.com\/wp-content\/uploads\/2024\/11\/ICSE-Speaker-Post-PRESENTING-Square-1-300x300.png 300w, https:\/\/icse-conference.com\/wp-content\/uploads\/2024\/11\/ICSE-Speaker-Post-PRESENTING-Square-1-1024x1024.png 1024w, https:\/\/icse-conference.com\/wp-content\/uploads\/2024\/11\/ICSE-Speaker-Post-PRESENTING-Square-1-150x150.png 150w, https:\/\/icse-conference.com\/wp-content\/uploads\/2024\/11\/ICSE-Speaker-Post-PRESENTING-Square-1-768x768.png 768w, https:\/\/icse-conference.com\/wp-content\/uploads\/2024\/11\/ICSE-Speaker-Post-PRESENTING-Square-1-1536x1536.png 1536w, https:\/\/icse-conference.com\/wp-content\/uploads\/2024\/11\/ICSE-Speaker-Post-PRESENTING-Square-1-2048x2048.png 2048w, https:\/\/icse-conference.com\/wp-content\/uploads\/2024\/11\/ICSE-Speaker-Post-PRESENTING-Square-1-12x12.png 12w\" sizes=\"(max-width: 2700px) 100vw, 2700px\" \/>\t\t\t\t\t\t\t\t\t\t\t\t\t\t\t<\/div>\n\t\t\t\t<\/div>\n\t\t\t\t<div class=\"elementor-element elementor-element-181fdb5 elementor-widget elementor-widget-text-editor\" data-id=\"181fdb5\" data-element_type=\"widget\" data-e-type=\"widget\" data-widget_type=\"text-editor.default\">\n\t\t\t\t<div class=\"elementor-widget-container\">\n\t\t\t\t\t\t\t\t\t<p><strong>Roberto Solinas<\/strong><\/p>\t\t\t\t\t\t\t\t<\/div>\n\t\t\t\t<\/div>\n\t\t\t\t<div class=\"elementor-element elementor-element-1b98440 elementor-widget elementor-widget-text-editor\" data-id=\"1b98440\" data-element_type=\"widget\" data-e-type=\"widget\" data-widget_type=\"text-editor.default\">\n\t\t\t\t<div class=\"elementor-widget-container\">\n\t\t\t\t\t\t\t\t\t<p>Presidente - <strong>Mine Vaganti NGO<\/strong>, Italia<\/p>\t\t\t\t\t\t\t\t<\/div>\n\t\t\t\t<\/div>\n\t\t\t\t<div class=\"elementor-element elementor-element-344e4e6 premium-modal-dismissible-yes elementor-widget elementor-widget-premium-addon-modal-box\" data-id=\"344e4e6\" data-element_type=\"widget\" data-e-type=\"widget\" data-settings=\"{&quot;premium_modal_box_animation&quot;:&quot;fadeInDown&quot;}\" data-widget_type=\"premium-addon-modal-box.default\">\n\t\t\t\t<div class=\"elementor-widget-container\">\n\t\t\t\t\t\n\t\t<div class=\"premium-modal-box-container\" data-settings=\"{&quot;trigger&quot;:&quot;button&quot;,&quot;show_on_exit&quot;:false}\">\n\t\t\t<div class=\"premium-modal-trigger-container\">\n\t\t\t\t\t\t\t\t\t<button data-toggle=\"premium-modal\" data-target=\"#premium-modal-344e4e6\" type=\"button\" class=\"premium-modal-trigger-btn premium-btn-sm premium-button-none\" data-text=\"About More\">\n\n\t\t\t\t\t\t\n\t\t\t\t\t\t<div class=\"premium-button-text-icon-wrapper\">\n\t\t\t\t\t\t\t<span>Di pi\u00f9<\/span>\n\t\t\t\t\t\t<\/div>\n\n\t\t\t\t\t\t\n\t\t\t\t\t\t\n\t\t\t\t\t\t\n\t\t\t\t\t<\/button>\n\t\t\t\t\t\t\t<\/div>\n\n\t\t\t<div id=\"premium-modal-344e4e6\" class=\"premium-modal-box-modal\"\n\t\t\trole=\"dialog\"\n\t\t\tstyle=\"display: none\"\n\t\t\t>\n\t\t\t\t<div class=\"premium-modal-box-modal-dialog\" data-delay-animation=\"\" data-modal-animation=\"fadeInDown animated-fast\">\n\t\t\t\t\t\t\t\t\t\t\t<div class=\"premium-modal-box-modal-header\">\n\t\t\t\t\t\t\t\t\t\t\t\t\t\t\t<h3 class=\"premium-modal-box-modal-title\">\n\t\t\t\t\t\t\t\t\tRoberto Solinas\t\t\t\t\t\t\t\t<\/h3>\n\t\t\t\t\t\t\t\t\t\t\t\t\t\t\t\t\t\t\t\t\t\t<div class=\"premium-modal-box-close-button-container\">\n\t\t\t\t\t\t\t\t\t<button type=\"button\" class=\"premium-modal-box-modal-close\" data-dismiss=\"premium-modal\">\u00d7<\/button>\n\t\t\t\t\t\t\t\t<\/div>\n\t\t\t\t\t\t\t\t\t\t\t\t\t<\/div>\n\t\t\t\t\t\t\t\t\t\t<div class=\"premium-modal-box-modal-body\">\n\t\t\t\t\t\t\t\t\t\t\t\t\t<p>Fondatore e Presidente, di Mine Vaganti NGO (MVNGO) il Dr. Solinas \u00e8 la mente dietro la strategia e il concetto stesso della sua NGO. Come CFO \u00e8 responsabile di tutti gli aspetti economici. Dirige il Project &amp; Research Hub in qualit\u00e0 di Project Manager europeo, e coordina strategicamente le sovvenzioni di MVNGO.<\/p><p>Il Dr. Solinas \u00e8 specializzato in marketing e si occupa dello sviluppo del web e dei social media di MVNGO, delle sue organizzazioni satellite, delle iniziative e degli spin-off e dello sviluppo della rete transcontinentale di MVNGO.<\/p><p>In qualit\u00e0 di formatore accreditato SALTO per l'Educazione Formale e Non Formale (NFE), il dott. Solinas ha acquisito una vasta esperienza nell'Imprenditoria Sociale, nell'ambito di Erasmus+ come il Dialogo Interculturale, l'Inclusione Sociale, la Ricerca Ambientale, ecc. Esperto come oratore, moderatore e formatore, il dott. Solinas ha partecipato a numerose conferenze, seminari e corsi di formazione in tutto il mondo. Pioniere dell'educazione attraverso lo sport (ETS), coordina le attivit\u00e0 della MVNGO nel campo dello sport e la piattaforma ICSE.<\/p><p>Il Dr. Solinas ha conseguito la laurea in Scienze della Comunicazione e del Marketing presso l'Universit\u00e0 La Sapienza di Roma, ha conseguito la specializzazione in \u201cManagement dello sport\u201d presso l'Universit\u00e0 \u201cBicocca\u201d di Milano e ha completato il dottorato di ricerca nel 2023 presso l'Accademia Nazionale dello Sport \u201cVassil Levski\u201d ( Sofia, Bulgaria.<\/p>\n\t\t\t\t\t\t\t\t\t\t\t<\/div>\n\t\t\t\t\t\t\t\t\t\t\t<div class=\"premium-modal-box-modal-footer\">\n\t\t\t\t\t\t\t<button type=\"button\" class=\"premium-modal-box-modal-lower-close\" data-dismiss=\"premium-modal\">\n\t\t\t\t\t\t\t\tChiudere\t\t\t\t\t\t\t<\/button>\n\t\t\t\t\t\t<\/div>\n\t\t\t\t\t\t\t\t\t<\/div>\n\t\t\t<\/div>\n\t\t<\/div>\n\t\t\t\t\t\t<\/div>\n\t\t\t\t<\/div>\n\t\t\t\t<\/div>\n\t\t<div class=\"elementor-element elementor-element-a60edb4 e-con-full e-flex wpr-particle-no wpr-jarallax-no wpr-parallax-no wpr-sticky-section-no wpr-column-slider-no wpr-equal-height-no e-con e-child\" data-id=\"a60edb4\" data-element_type=\"container\" data-e-type=\"container\">\n\t\t\t\t<div class=\"elementor-element elementor-element-d56b857 elementor-widget__width-inherit elementor-widget elementor-widget-text-editor\" data-id=\"d56b857\" data-element_type=\"widget\" data-e-type=\"widget\" data-widget_type=\"text-editor.default\">\n\t\t\t\t<div class=\"elementor-widget-container\">\n\t\t\t\t\t\t\t\t\t<p><strong>MODERATORE<\/strong><\/p>\t\t\t\t\t\t\t\t<\/div>\n\t\t\t\t<\/div>\n\t\t\t\t<div class=\"elementor-element elementor-element-5c40e85 elementor-widget-divider--view-line elementor-widget elementor-widget-divider\" data-id=\"5c40e85\" data-element_type=\"widget\" data-e-type=\"widget\" data-widget_type=\"divider.default\">\n\t\t\t\t<div class=\"elementor-widget-container\">\n\t\t\t\t\t\t\t<div class=\"elementor-divider\">\n\t\t\t<span class=\"elementor-divider-separator\">\n\t\t\t\t\t\t<\/span>\n\t\t<\/div>\n\t\t\t\t\t\t<\/div>\n\t\t\t\t<\/div>\n\t\t\t\t<div class=\"elementor-element elementor-element-f03b76f elementor-widget elementor-widget-image\" data-id=\"f03b76f\" data-element_type=\"widget\" data-e-type=\"widget\" data-widget_type=\"image.default\">\n\t\t\t\t<div class=\"elementor-widget-container\">\n\t\t\t\t\t\t\t\t\t\t\t\t\t\t\t<img loading=\"lazy\" decoding=\"async\" width=\"678\" height=\"678\" src=\"https:\/\/icse-conference.com\/wp-content\/uploads\/2025\/11\/MariaGrazia.png\" class=\"attachment-full size-full wp-image-5991\" alt=\"\" srcset=\"https:\/\/icse-conference.com\/wp-content\/uploads\/2025\/11\/MariaGrazia.png 678w, https:\/\/icse-conference.com\/wp-content\/uploads\/2025\/11\/MariaGrazia-300x300.png 300w, https:\/\/icse-conference.com\/wp-content\/uploads\/2025\/11\/MariaGrazia-150x150.png 150w, https:\/\/icse-conference.com\/wp-content\/uploads\/2025\/11\/MariaGrazia-12x12.png 12w\" sizes=\"(max-width: 678px) 100vw, 678px\" \/>\t\t\t\t\t\t\t\t\t\t\t\t\t\t\t<\/div>\n\t\t\t\t<\/div>\n\t\t\t\t<div class=\"elementor-element elementor-element-7ee09da elementor-widget elementor-widget-text-editor\" data-id=\"7ee09da\" data-element_type=\"widget\" data-e-type=\"widget\" data-widget_type=\"text-editor.default\">\n\t\t\t\t<div class=\"elementor-widget-container\">\n\t\t\t\t\t\t\t\t\t<p><strong>Maria Grazia Pirina<\/strong><\/p>\t\t\t\t\t\t\t\t<\/div>\n\t\t\t\t<\/div>\n\t\t\t\t<div class=\"elementor-element elementor-element-c6f23c9 elementor-widget elementor-widget-text-editor\" data-id=\"c6f23c9\" data-element_type=\"widget\" data-e-type=\"widget\" data-widget_type=\"text-editor.default\">\n\t\t\t\t<div class=\"elementor-widget-container\">\n\t\t\t\t\t\t\t\t\t<p>Presidente - <strong>NGO NEST Berlin<\/strong>, Germania<\/p>\t\t\t\t\t\t\t\t<\/div>\n\t\t\t\t<\/div>\n\t\t\t\t<div class=\"elementor-element elementor-element-9dfa3c4 premium-modal-dismissible-yes elementor-widget elementor-widget-premium-addon-modal-box\" data-id=\"9dfa3c4\" data-element_type=\"widget\" data-e-type=\"widget\" data-settings=\"{&quot;premium_modal_box_animation&quot;:&quot;fadeInDown&quot;}\" data-widget_type=\"premium-addon-modal-box.default\">\n\t\t\t\t<div class=\"elementor-widget-container\">\n\t\t\t\t\t\n\t\t<div class=\"premium-modal-box-container\" data-settings=\"{&quot;trigger&quot;:&quot;button&quot;,&quot;show_on_exit&quot;:false}\">\n\t\t\t<div class=\"premium-modal-trigger-container\">\n\t\t\t\t\t\t\t\t\t<button data-toggle=\"premium-modal\" data-target=\"#premium-modal-9dfa3c4\" type=\"button\" class=\"premium-modal-trigger-btn premium-btn-sm premium-button-none\" data-text=\"About More\">\n\n\t\t\t\t\t\t\n\t\t\t\t\t\t<div class=\"premium-button-text-icon-wrapper\">\n\t\t\t\t\t\t\t<span>Di pi\u00f9<\/span>\n\t\t\t\t\t\t<\/div>\n\n\t\t\t\t\t\t\n\t\t\t\t\t\t\n\t\t\t\t\t\t\n\t\t\t\t\t<\/button>\n\t\t\t\t\t\t\t<\/div>\n\n\t\t\t<div id=\"premium-modal-9dfa3c4\" class=\"premium-modal-box-modal\"\n\t\t\trole=\"dialog\"\n\t\t\tstyle=\"display: none\"\n\t\t\t>\n\t\t\t\t<div class=\"premium-modal-box-modal-dialog\" data-delay-animation=\"\" data-modal-animation=\"fadeInDown animated-fast\">\n\t\t\t\t\t\t\t\t\t\t\t<div class=\"premium-modal-box-modal-header\">\n\t\t\t\t\t\t\t\t\t\t\t\t\t\t\t<h3 class=\"premium-modal-box-modal-title\">\n\t\t\t\t\t\t\t\t\tMaria Grazia Pirina\t\t\t\t\t\t\t\t<\/h3>\n\t\t\t\t\t\t\t\t\t\t\t\t\t\t\t\t\t\t\t\t\t\t<div class=\"premium-modal-box-close-button-container\">\n\t\t\t\t\t\t\t\t\t<button type=\"button\" class=\"premium-modal-box-modal-close\" data-dismiss=\"premium-modal\">\u00d7<\/button>\n\t\t\t\t\t\t\t\t<\/div>\n\t\t\t\t\t\t\t\t\t\t\t\t\t<\/div>\n\t\t\t\t\t\t\t\t\t\t<div class=\"premium-modal-box-modal-body\">\n\t\t\t\t\t\t\t\t\t\t\t\t\t<p>Co-fondatore e presidente di NGO NEST Berlin, la Dott.ssa Pirina in qualit\u00e0 di Project Manager europeo coordina la stesura progettuale e l'implementazione di progetti finanziati a livello europeo e nazionale. In qualit\u00e0 di esperto di pubbliche relazioni e comunicazione, ha fondato e guida partnership locali fino a quelle intercontinentali e dirige campagne di marketing online e offline.<\/p><p>La Dott.ssa Pirina \u00e8 membro del comitato esecutivo di MV International, rete affiliata ENGO. Essa coordina le principali attivit\u00e0 nel campo dell'accoglinza, della formazione professionale europea, volontariato nazionale e mobilit\u00e0 giovanile a livello globale. In qualit\u00e0 di relatore, moderatore e formatore accreditato (SALTO), la Dott.ssa Pirina ha partecipato a numerose conferenze, corsi di formazione e seminari in tutto il mondo.<\/p><p>Ha conseguito la Laurea Magistrale in Comunicazione per l'Impresa presso l'Universit\u00e0 \u201cLa Sapienza\u201d di Roma e ha conseguito due specializzazioni in \u201cComunicazione e Organizzazione\u201d presso l'Universit\u00e0 \u201cLa Sapienza\u201d di Roma e Management di Eventi Culturali presso la \u201cScuola Lisa Mascolo\u201d.<\/p>\n\t\t\t\t\t\t\t\t\t\t\t<\/div>\n\t\t\t\t\t\t\t\t\t\t\t<div class=\"premium-modal-box-modal-footer\">\n\t\t\t\t\t\t\t<button type=\"button\" class=\"premium-modal-box-modal-lower-close\" data-dismiss=\"premium-modal\">\n\t\t\t\t\t\t\t\tChiudere\t\t\t\t\t\t\t<\/button>\n\t\t\t\t\t\t<\/div>\n\t\t\t\t\t\t\t\t\t<\/div>\n\t\t\t<\/div>\n\t\t<\/div>\n\t\t\t\t\t\t<\/div>\n\t\t\t\t<\/div>\n\t\t\t\t<\/div>\n\t\t\t\t<\/div>\n\t\t\t\t<\/div>\n\t\t\t\t\t<\/div>\n\t\t\t\t<\/div>\n\t\t<div class=\"elementor-element elementor-element-a20adfa e-flex e-con-boxed wpr-particle-no wpr-jarallax-no wpr-parallax-no wpr-sticky-section-no wpr-column-slider-no wpr-equal-height-no e-con e-parent\" data-id=\"a20adfa\" data-element_type=\"container\" data-e-type=\"container\">\n\t\t\t\t\t<div class=\"e-con-inner\">\n\t\t<div class=\"elementor-element elementor-element-3ee04a7 e-con-full e-flex wpr-particle-no wpr-jarallax-no wpr-parallax-no wpr-sticky-section-no wpr-column-slider-no wpr-equal-height-no e-con e-child\" data-id=\"3ee04a7\" data-element_type=\"container\" data-e-type=\"container\">\n\t\t<div class=\"elementor-element elementor-element-2de5476 e-con-full e-flex wpr-particle-no wpr-jarallax-no wpr-parallax-no wpr-sticky-section-no wpr-column-slider-no wpr-equal-height-no e-con e-child\" data-id=\"2de5476\" data-element_type=\"container\" data-e-type=\"container\">\n\t\t<div class=\"elementor-element elementor-element-a29d216 e-flex e-con-boxed wpr-particle-no wpr-jarallax-no wpr-parallax-no wpr-sticky-section-no wpr-column-slider-no wpr-equal-height-no e-con e-child\" data-id=\"a29d216\" data-element_type=\"container\" data-e-type=\"container\" data-settings=\"{&quot;background_background&quot;:&quot;classic&quot;}\">\n\t\t\t\t\t<div class=\"e-con-inner\">\n\t\t\t\t<div class=\"elementor-element elementor-element-c758ad1 elementor-widget elementor-widget-heading\" data-id=\"c758ad1\" data-element_type=\"widget\" data-e-type=\"widget\" data-widget_type=\"heading.default\">\n\t\t\t\t<div class=\"elementor-widget-container\">\n\t\t\t\t\t<h2 class=\"elementor-heading-title elementor-size-default\">Educazione, salute e alfabetizzazione fisica<\/h2>\t\t\t\t<\/div>\n\t\t\t\t<\/div>\n\t\t\t\t\t<\/div>\n\t\t\t\t<\/div>\n\t\t\t\t<\/div>\n\t\t<div class=\"elementor-element elementor-element-f45875c e-con-full e-flex wpr-particle-no wpr-jarallax-no wpr-parallax-no wpr-sticky-section-no wpr-column-slider-no wpr-equal-height-no e-con e-child\" data-id=\"f45875c\" data-element_type=\"container\" data-e-type=\"container\">\n\t\t<div class=\"elementor-element elementor-element-ebb86db e-con-full e-flex wpr-particle-no wpr-jarallax-no wpr-parallax-no wpr-sticky-section-no wpr-column-slider-no wpr-equal-height-no e-con e-child\" data-id=\"ebb86db\" data-element_type=\"container\" data-e-type=\"container\">\n\t\t\t\t<div class=\"elementor-element elementor-element-6dcf419 elementor-widget__width-inherit elementor-widget elementor-widget-text-editor\" data-id=\"6dcf419\" data-element_type=\"widget\" data-e-type=\"widget\" data-widget_type=\"text-editor.default\">\n\t\t\t\t<div class=\"elementor-widget-container\">\n\t\t\t\t\t\t\t\t\t<p><strong>Keynote<\/strong><strong>\u00a0Altoparlante<\/strong><\/p>\t\t\t\t\t\t\t\t<\/div>\n\t\t\t\t<\/div>\n\t\t\t\t<div class=\"elementor-element elementor-element-7ea1c1d elementor-widget-divider--view-line elementor-widget elementor-widget-divider\" data-id=\"7ea1c1d\" data-element_type=\"widget\" data-e-type=\"widget\" data-widget_type=\"divider.default\">\n\t\t\t\t<div class=\"elementor-widget-container\">\n\t\t\t\t\t\t\t<div class=\"elementor-divider\">\n\t\t\t<span class=\"elementor-divider-separator\">\n\t\t\t\t\t\t<\/span>\n\t\t<\/div>\n\t\t\t\t\t\t<\/div>\n\t\t\t\t<\/div>\n\t\t\t\t<div class=\"elementor-element elementor-element-eb8fd45 elementor-widget elementor-widget-image\" data-id=\"eb8fd45\" data-element_type=\"widget\" data-e-type=\"widget\" data-widget_type=\"image.default\">\n\t\t\t\t<div class=\"elementor-widget-container\">\n\t\t\t\t\t\t\t\t\t\t\t\t\t\t\t<img loading=\"lazy\" decoding=\"async\" width=\"396\" height=\"396\" src=\"https:\/\/icse-conference.com\/wp-content\/uploads\/2025\/08\/Liz-Durden-Myers.png\" class=\"attachment-full size-full wp-image-5240\" alt=\"\" srcset=\"https:\/\/icse-conference.com\/wp-content\/uploads\/2025\/08\/Liz-Durden-Myers.png 396w, https:\/\/icse-conference.com\/wp-content\/uploads\/2025\/08\/Liz-Durden-Myers-300x300.png 300w, https:\/\/icse-conference.com\/wp-content\/uploads\/2025\/08\/Liz-Durden-Myers-150x150.png 150w, https:\/\/icse-conference.com\/wp-content\/uploads\/2025\/08\/Liz-Durden-Myers-12x12.png 12w\" sizes=\"(max-width: 396px) 100vw, 396px\" \/>\t\t\t\t\t\t\t\t\t\t\t\t\t\t\t<\/div>\n\t\t\t\t<\/div>\n\t\t\t\t<div class=\"elementor-element elementor-element-7f19f4a elementor-widget elementor-widget-text-editor\" data-id=\"7f19f4a\" data-element_type=\"widget\" data-e-type=\"widget\" data-widget_type=\"text-editor.default\">\n\t\t\t\t<div class=\"elementor-widget-container\">\n\t\t\t\t\t\t\t\t\t<p><strong>Elizabeth Durden-Myers<\/strong><\/p>\t\t\t\t\t\t\t\t<\/div>\n\t\t\t\t<\/div>\n\t\t\t\t<div class=\"elementor-element elementor-element-dc52d64 elementor-widget elementor-widget-text-editor\" data-id=\"dc52d64\" data-element_type=\"widget\" data-e-type=\"widget\" data-widget_type=\"text-editor.default\">\n\t\t\t\t<div class=\"elementor-widget-container\">\n\t\t\t\t\t\t\t\t\t<p>Docente senior di Educazione Fisica e di Alfabetizzazione Fisica<\/p>\t\t\t\t\t\t\t\t<\/div>\n\t\t\t\t<\/div>\n\t\t\t\t<div class=\"elementor-element elementor-element-b67a9af premium-modal-dismissible-yes elementor-widget elementor-widget-premium-addon-modal-box\" data-id=\"b67a9af\" data-element_type=\"widget\" data-e-type=\"widget\" data-settings=\"{&quot;premium_modal_box_animation&quot;:&quot;fadeInDown&quot;}\" data-widget_type=\"premium-addon-modal-box.default\">\n\t\t\t\t<div class=\"elementor-widget-container\">\n\t\t\t\t\t\n\t\t<div class=\"premium-modal-box-container\" data-settings=\"{&quot;trigger&quot;:&quot;button&quot;,&quot;show_on_exit&quot;:false}\">\n\t\t\t<div class=\"premium-modal-trigger-container\">\n\t\t\t\t\t\t\t\t\t<button data-toggle=\"premium-modal\" data-target=\"#premium-modal-b67a9af\" type=\"button\" class=\"premium-modal-trigger-btn premium-btn-sm premium-button-none\" data-text=\"About More\">\n\n\t\t\t\t\t\t\n\t\t\t\t\t\t<div class=\"premium-button-text-icon-wrapper\">\n\t\t\t\t\t\t\t<span>Di pi\u00f9<\/span>\n\t\t\t\t\t\t<\/div>\n\n\t\t\t\t\t\t\n\t\t\t\t\t\t\n\t\t\t\t\t\t\n\t\t\t\t\t<\/button>\n\t\t\t\t\t\t\t<\/div>\n\n\t\t\t<div id=\"premium-modal-b67a9af\" class=\"premium-modal-box-modal\"\n\t\t\trole=\"dialog\"\n\t\t\tstyle=\"display: none\"\n\t\t\t>\n\t\t\t\t<div class=\"premium-modal-box-modal-dialog\" data-delay-animation=\"\" data-modal-animation=\"fadeInDown animated-fast\">\n\t\t\t\t\t\t\t\t\t\t\t<div class=\"premium-modal-box-modal-header\">\n\t\t\t\t\t\t\t\t\t\t\t\t\t\t\t<h3 class=\"premium-modal-box-modal-title\">\n\t\t\t\t\t\t\t\t\tElizabeth Durden-Myers\t\t\t\t\t\t\t\t<\/h3>\n\t\t\t\t\t\t\t\t\t\t\t\t\t\t\t\t\t\t\t\t\t\t<div class=\"premium-modal-box-close-button-container\">\n\t\t\t\t\t\t\t\t\t<button type=\"button\" class=\"premium-modal-box-modal-close\" data-dismiss=\"premium-modal\">\u00d7<\/button>\n\t\t\t\t\t\t\t\t<\/div>\n\t\t\t\t\t\t\t\t\t\t\t\t\t<\/div>\n\t\t\t\t\t\t\t\t\t\t<div class=\"premium-modal-box-modal-body\">\n\t\t\t\t\t\t\t\t\t\t\t\t\t<p><b>Dott.ssa Elizabeth (Liz) Durden-Myers<\/b><span style=\"font-weight: 400;\"> \u00e8 docente senior di Educazione fisica presso la Bath Spa University e l'Universit\u00e0 del Gloucestershire e cofondatrice di PE Scholar. Ha conseguito un dottorato di ricerca in Alfabetizzazione fisica (2020) e vanta oltre 15 anni di esperienza in contesti di istruzione primaria, secondaria e superiore. Liz \u00e8 un'appassionata sostenitrice dell'alfabetizzazione fisica, un'oratrice internazionale e ha ricoperto il ruolo di presidente dell'International Physical Literacy Association. \u00c8 autrice di <\/span><i><span style=\"font-weight: 400;\">Alfabetizzazione fisica: Una guida per gli educatori<\/span><\/i><span style=\"font-weight: 400;\"> e ha contribuito ampiamente al settore attraverso la ricerca e la leadership di pensiero.<\/span><\/p>\n\t\t\t\t\t\t\t\t\t\t\t<\/div>\n\t\t\t\t\t\t\t\t\t\t\t<div class=\"premium-modal-box-modal-footer\">\n\t\t\t\t\t\t\t<button type=\"button\" class=\"premium-modal-box-modal-lower-close\" data-dismiss=\"premium-modal\">\n\t\t\t\t\t\t\t\tChiudere\t\t\t\t\t\t\t<\/button>\n\t\t\t\t\t\t<\/div>\n\t\t\t\t\t\t\t\t\t<\/div>\n\t\t\t<\/div>\n\t\t<\/div>\n\t\t\t\t\t\t<\/div>\n\t\t\t\t<\/div>\n\t\t\t\t<\/div>\n\t\t<div class=\"elementor-element elementor-element-aaf31d2 e-con-full e-flex wpr-particle-no wpr-jarallax-no wpr-parallax-no wpr-sticky-section-no wpr-column-slider-no wpr-equal-height-no e-con e-child\" data-id=\"aaf31d2\" data-element_type=\"container\" data-e-type=\"container\">\n\t\t\t\t<div class=\"elementor-element elementor-element-c4da448 elementor-widget__width-inherit elementor-widget elementor-widget-text-editor\" data-id=\"c4da448\" data-element_type=\"widget\" data-e-type=\"widget\" data-widget_type=\"text-editor.default\">\n\t\t\t\t<div class=\"elementor-widget-container\">\n\t\t\t\t\t\t\t\t\t<p><strong>Keynote<\/strong><strong>\u00a0Altoparlante<\/strong><\/p>\t\t\t\t\t\t\t\t<\/div>\n\t\t\t\t<\/div>\n\t\t\t\t<div class=\"elementor-element elementor-element-6139241 elementor-widget-divider--view-line elementor-widget elementor-widget-divider\" data-id=\"6139241\" data-element_type=\"widget\" data-e-type=\"widget\" data-widget_type=\"divider.default\">\n\t\t\t\t<div class=\"elementor-widget-container\">\n\t\t\t\t\t\t\t<div class=\"elementor-divider\">\n\t\t\t<span class=\"elementor-divider-separator\">\n\t\t\t\t\t\t<\/span>\n\t\t<\/div>\n\t\t\t\t\t\t<\/div>\n\t\t\t\t<\/div>\n\t\t\t\t<div class=\"elementor-element elementor-element-28e67f2 elementor-widget elementor-widget-image\" data-id=\"28e67f2\" data-element_type=\"widget\" data-e-type=\"widget\" data-widget_type=\"image.default\">\n\t\t\t\t<div class=\"elementor-widget-container\">\n\t\t\t\t\t\t\t\t\t\t\t\t\t\t\t<img loading=\"lazy\" decoding=\"async\" width=\"1747\" height=\"1747\" src=\"https:\/\/icse-conference.com\/wp-content\/uploads\/2025\/08\/w_rms_blob_common.png\" class=\"attachment-full size-full wp-image-5242\" alt=\"\" srcset=\"https:\/\/icse-conference.com\/wp-content\/uploads\/2025\/08\/w_rms_blob_common.png 1747w, https:\/\/icse-conference.com\/wp-content\/uploads\/2025\/08\/w_rms_blob_common-300x300.png 300w, https:\/\/icse-conference.com\/wp-content\/uploads\/2025\/08\/w_rms_blob_common-1024x1024.png 1024w, https:\/\/icse-conference.com\/wp-content\/uploads\/2025\/08\/w_rms_blob_common-150x150.png 150w, https:\/\/icse-conference.com\/wp-content\/uploads\/2025\/08\/w_rms_blob_common-768x768.png 768w, https:\/\/icse-conference.com\/wp-content\/uploads\/2025\/08\/w_rms_blob_common-1536x1536.png 1536w, https:\/\/icse-conference.com\/wp-content\/uploads\/2025\/08\/w_rms_blob_common-12x12.png 12w\" sizes=\"(max-width: 1747px) 100vw, 1747px\" \/>\t\t\t\t\t\t\t\t\t\t\t\t\t\t\t<\/div>\n\t\t\t\t<\/div>\n\t\t\t\t<div class=\"elementor-element elementor-element-1675614 elementor-widget elementor-widget-text-editor\" data-id=\"1675614\" data-element_type=\"widget\" data-e-type=\"widget\" data-widget_type=\"text-editor.default\">\n\t\t\t\t<div class=\"elementor-widget-container\">\n\t\t\t\t\t\t\t\t\t<p><strong>Jo\u00e3o Mota Rodrigues<\/strong><\/p>\t\t\t\t\t\t\t\t<\/div>\n\t\t\t\t<\/div>\n\t\t\t\t<div class=\"elementor-element elementor-element-c9addc2 elementor-widget elementor-widget-text-editor\" data-id=\"c9addc2\" data-element_type=\"widget\" data-e-type=\"widget\" data-widget_type=\"text-editor.default\">\n\t\t\t\t<div class=\"elementor-widget-container\">\n\t\t\t\t\t\t\t\t\t<p>Ricercatore e docente di alfabetizzazione fisica e pedagogia dello sport,\u00a0<strong>Universit\u00e0 di Cork<\/strong><\/p>\t\t\t\t\t\t\t\t<\/div>\n\t\t\t\t<\/div>\n\t\t\t\t<div class=\"elementor-element elementor-element-2794397 premium-modal-dismissible-yes elementor-widget elementor-widget-premium-addon-modal-box\" data-id=\"2794397\" data-element_type=\"widget\" data-e-type=\"widget\" data-settings=\"{&quot;premium_modal_box_animation&quot;:&quot;fadeInDown&quot;}\" data-widget_type=\"premium-addon-modal-box.default\">\n\t\t\t\t<div class=\"elementor-widget-container\">\n\t\t\t\t\t\n\t\t<div class=\"premium-modal-box-container\" data-settings=\"{&quot;trigger&quot;:&quot;button&quot;,&quot;show_on_exit&quot;:false}\">\n\t\t\t<div class=\"premium-modal-trigger-container\">\n\t\t\t\t\t\t\t\t\t<button data-toggle=\"premium-modal\" data-target=\"#premium-modal-2794397\" type=\"button\" class=\"premium-modal-trigger-btn premium-btn-sm premium-button-none\" data-text=\"About More\">\n\n\t\t\t\t\t\t\n\t\t\t\t\t\t<div class=\"premium-button-text-icon-wrapper\">\n\t\t\t\t\t\t\t<span>Di pi\u00f9<\/span>\n\t\t\t\t\t\t<\/div>\n\n\t\t\t\t\t\t\n\t\t\t\t\t\t\n\t\t\t\t\t\t\n\t\t\t\t\t<\/button>\n\t\t\t\t\t\t\t<\/div>\n\n\t\t\t<div id=\"premium-modal-2794397\" class=\"premium-modal-box-modal\"\n\t\t\trole=\"dialog\"\n\t\t\tstyle=\"display: none\"\n\t\t\t>\n\t\t\t\t<div class=\"premium-modal-box-modal-dialog\" data-delay-animation=\"\" data-modal-animation=\"fadeInDown animated-fast\">\n\t\t\t\t\t\t\t\t\t\t\t<div class=\"premium-modal-box-modal-header\">\n\t\t\t\t\t\t\t\t\t\t\t\t\t\t\t<h3 class=\"premium-modal-box-modal-title\">\n\t\t\t\t\t\t\t\t\tJo\u00e3o Mota Rodrigues\t\t\t\t\t\t\t\t<\/h3>\n\t\t\t\t\t\t\t\t\t\t\t\t\t\t\t\t\t\t\t\t\t\t<div class=\"premium-modal-box-close-button-container\">\n\t\t\t\t\t\t\t\t\t<button type=\"button\" class=\"premium-modal-box-modal-close\" data-dismiss=\"premium-modal\">\u00d7<\/button>\n\t\t\t\t\t\t\t\t<\/div>\n\t\t\t\t\t\t\t\t\t\t\t\t\t<\/div>\n\t\t\t\t\t\t\t\t\t\t<div class=\"premium-modal-box-modal-body\">\n\t\t\t\t\t\t\t\t\t\t\t\t\t<p><b>Dr. Jo\u00e3o Mota Rodrigues<\/b><span style=\"font-weight: 400;\"> \u00e8 ricercatore e docente di Educazione presso l'University College Cork, Irlanda. In possesso di un dottorato di ricerca in Scienze dell'educazione, \u00e8 specializzato in alfabetizzazione fisica, pedagogia sportiva, valutazione educativa e psicometria. In precedenza ha insegnato per cinque anni presso la Facolt\u00e0 di Cinetica Umana dell'Universit\u00e0 di Lisbona, dove ha conseguito la laurea in Scienze dello Sport e il master in Educazione Fisica. Nell'ambito della sua ricerca di dottorato, ha guidato la creazione e la convalida del Portuguese Physical Literacy Assessment (PPLA). Jo\u00e3o ha pubblicato diversi articoli internazionali sottoposti a revisione paritaria e contribuisce attivamente a progetti europei (Erasmus+) e nazionali (SCoTENS e SATLE).<\/span><\/p>\n\t\t\t\t\t\t\t\t\t\t\t<\/div>\n\t\t\t\t\t\t\t\t\t\t\t<div class=\"premium-modal-box-modal-footer\">\n\t\t\t\t\t\t\t<button type=\"button\" class=\"premium-modal-box-modal-lower-close\" data-dismiss=\"premium-modal\">\n\t\t\t\t\t\t\t\tChiudere\t\t\t\t\t\t\t<\/button>\n\t\t\t\t\t\t<\/div>\n\t\t\t\t\t\t\t\t\t<\/div>\n\t\t\t<\/div>\n\t\t<\/div>\n\t\t\t\t\t\t<\/div>\n\t\t\t\t<\/div>\n\t\t\t\t<\/div>\n\t\t<div class=\"elementor-element elementor-element-ba04923 e-con-full e-flex wpr-particle-no wpr-jarallax-no wpr-parallax-no wpr-sticky-section-no wpr-column-slider-no wpr-equal-height-no e-con e-child\" data-id=\"ba04923\" data-element_type=\"container\" data-e-type=\"container\">\n\t\t\t\t<div class=\"elementor-element elementor-element-da914ef elementor-widget__width-inherit elementor-widget elementor-widget-text-editor\" data-id=\"da914ef\" data-element_type=\"widget\" data-e-type=\"widget\" data-widget_type=\"text-editor.default\">\n\t\t\t\t<div class=\"elementor-widget-container\">\n\t\t\t\t\t\t\t\t\t<p><strong>MODERATORE<\/strong><\/p>\t\t\t\t\t\t\t\t<\/div>\n\t\t\t\t<\/div>\n\t\t\t\t<div class=\"elementor-element elementor-element-a263dc9 elementor-widget-divider--view-line elementor-widget elementor-widget-divider\" data-id=\"a263dc9\" data-element_type=\"widget\" data-e-type=\"widget\" data-widget_type=\"divider.default\">\n\t\t\t\t<div class=\"elementor-widget-container\">\n\t\t\t\t\t\t\t<div class=\"elementor-divider\">\n\t\t\t<span class=\"elementor-divider-separator\">\n\t\t\t\t\t\t<\/span>\n\t\t<\/div>\n\t\t\t\t\t\t<\/div>\n\t\t\t\t<\/div>\n\t\t\t\t<div class=\"elementor-element elementor-element-83c2d35 elementor-widget elementor-widget-image\" data-id=\"83c2d35\" data-element_type=\"widget\" data-e-type=\"widget\" data-widget_type=\"image.default\">\n\t\t\t\t<div class=\"elementor-widget-container\">\n\t\t\t\t\t\t\t\t\t\t\t\t\t\t\t<img loading=\"lazy\" decoding=\"async\" width=\"480\" height=\"480\" src=\"https:\/\/icse-conference.com\/wp-content\/uploads\/2025\/08\/jmartins_thumb.png\" class=\"attachment-full size-full wp-image-5241\" alt=\"\" srcset=\"https:\/\/icse-conference.com\/wp-content\/uploads\/2025\/08\/jmartins_thumb.png 480w, https:\/\/icse-conference.com\/wp-content\/uploads\/2025\/08\/jmartins_thumb-300x300.png 300w, https:\/\/icse-conference.com\/wp-content\/uploads\/2025\/08\/jmartins_thumb-150x150.png 150w, https:\/\/icse-conference.com\/wp-content\/uploads\/2025\/08\/jmartins_thumb-12x12.png 12w\" sizes=\"(max-width: 480px) 100vw, 480px\" \/>\t\t\t\t\t\t\t\t\t\t\t\t\t\t\t<\/div>\n\t\t\t\t<\/div>\n\t\t\t\t<div class=\"elementor-element elementor-element-943c7ae elementor-widget elementor-widget-text-editor\" data-id=\"943c7ae\" data-element_type=\"widget\" data-e-type=\"widget\" data-widget_type=\"text-editor.default\">\n\t\t\t\t<div class=\"elementor-widget-container\">\n\t\t\t\t\t\t\t\t\t<p><strong>Jo\u00e3o Filipe da Silva Figueira Martins<\/strong><\/p>\t\t\t\t\t\t\t\t<\/div>\n\t\t\t\t<\/div>\n\t\t\t\t<div class=\"elementor-element elementor-element-f87a756 elementor-widget elementor-widget-text-editor\" data-id=\"f87a756\" data-element_type=\"widget\" data-e-type=\"widget\" data-widget_type=\"text-editor.default\">\n\t\t\t\t<div class=\"elementor-widget-container\">\n\t\t\t\t\t\t\t\t\t<p>Professore associato di Educazione, Scienze Sociali e Umanistiche, FMH-UL,\u00a0<strong>Universit\u00e0 di Lisbona<\/strong><\/p>\t\t\t\t\t\t\t\t<\/div>\n\t\t\t\t<\/div>\n\t\t\t\t<div class=\"elementor-element elementor-element-8fb3e07 premium-modal-dismissible-yes elementor-widget elementor-widget-premium-addon-modal-box\" data-id=\"8fb3e07\" data-element_type=\"widget\" data-e-type=\"widget\" data-settings=\"{&quot;premium_modal_box_animation&quot;:&quot;fadeInDown&quot;}\" data-widget_type=\"premium-addon-modal-box.default\">\n\t\t\t\t<div class=\"elementor-widget-container\">\n\t\t\t\t\t\n\t\t<div class=\"premium-modal-box-container\" data-settings=\"{&quot;trigger&quot;:&quot;button&quot;,&quot;show_on_exit&quot;:false}\">\n\t\t\t<div class=\"premium-modal-trigger-container\">\n\t\t\t\t\t\t\t\t\t<button data-toggle=\"premium-modal\" data-target=\"#premium-modal-8fb3e07\" type=\"button\" class=\"premium-modal-trigger-btn premium-btn-sm premium-button-none\" data-text=\"About More\">\n\n\t\t\t\t\t\t\n\t\t\t\t\t\t<div class=\"premium-button-text-icon-wrapper\">\n\t\t\t\t\t\t\t<span>Di pi\u00f9<\/span>\n\t\t\t\t\t\t<\/div>\n\n\t\t\t\t\t\t\n\t\t\t\t\t\t\n\t\t\t\t\t\t\n\t\t\t\t\t<\/button>\n\t\t\t\t\t\t\t<\/div>\n\n\t\t\t<div id=\"premium-modal-8fb3e07\" class=\"premium-modal-box-modal\"\n\t\t\trole=\"dialog\"\n\t\t\tstyle=\"display: none\"\n\t\t\t>\n\t\t\t\t<div class=\"premium-modal-box-modal-dialog\" data-delay-animation=\"\" data-modal-animation=\"fadeInDown animated-fast\">\n\t\t\t\t\t\t\t\t\t\t\t<div class=\"premium-modal-box-modal-header\">\n\t\t\t\t\t\t\t\t\t\t\t\t\t\t\t<h3 class=\"premium-modal-box-modal-title\">\n\t\t\t\t\t\t\t\t\tJo\u00e3o Filipe da Silva Figueira Martins\t\t\t\t\t\t\t\t<\/h3>\n\t\t\t\t\t\t\t\t\t\t\t\t\t\t\t\t\t\t\t\t\t\t<div class=\"premium-modal-box-close-button-container\">\n\t\t\t\t\t\t\t\t\t<button type=\"button\" class=\"premium-modal-box-modal-close\" data-dismiss=\"premium-modal\">\u00d7<\/button>\n\t\t\t\t\t\t\t\t<\/div>\n\t\t\t\t\t\t\t\t\t\t\t\t\t<\/div>\n\t\t\t\t\t\t\t\t\t\t<div class=\"premium-modal-box-modal-body\">\n\t\t\t\t\t\t\t\t\t\t\t\t\t<p><b>Prof. Jo\u00e3o Filipe da Silva Figueira Martins<\/b><span style=\"font-weight: 400;\"> \u00e8 professore associato presso il Dipartimento di Educazione, Scienze Sociali e Umanistiche della Facolt\u00e0 di Cinetica Umana dell'Universit\u00e0 di Lisbona (FMH-UL), con sede a Cruz Quebrada. \u00c8 un membro attivo del Consiglio scientifico e del Consiglio di garanzia della qualit\u00e0 della Facolt\u00e0 e attualmente insegna in programmi di laurea, master e dottorato in argomenti quali sociologia dello sport, e-sport, olimpismo e sport digitali. I suoi contributi accademici includono ruoli di leadership nell'istruzione superiore e la supervisione di numerose tesi post-laurea.<\/span><\/p>\n\t\t\t\t\t\t\t\t\t\t\t<\/div>\n\t\t\t\t\t\t\t\t\t\t\t<div class=\"premium-modal-box-modal-footer\">\n\t\t\t\t\t\t\t<button type=\"button\" class=\"premium-modal-box-modal-lower-close\" data-dismiss=\"premium-modal\">\n\t\t\t\t\t\t\t\tChiudere\t\t\t\t\t\t\t<\/button>\n\t\t\t\t\t\t<\/div>\n\t\t\t\t\t\t\t\t\t<\/div>\n\t\t\t<\/div>\n\t\t<\/div>\n\t\t\t\t\t\t<\/div>\n\t\t\t\t<\/div>\n\t\t\t\t<\/div>\n\t\t\t\t<\/div>\n\t\t<div class=\"elementor-element elementor-element-5485976 e-con-full e-flex wpr-particle-no wpr-jarallax-no wpr-parallax-no wpr-sticky-section-no wpr-column-slider-no wpr-equal-height-no e-con e-child\" data-id=\"5485976\" data-element_type=\"container\" data-e-type=\"container\">\n\t\t<div class=\"elementor-element elementor-element-1544c56 e-con-full e-flex wpr-particle-no wpr-jarallax-no wpr-parallax-no wpr-sticky-section-no wpr-column-slider-no wpr-equal-height-no e-con e-child\" data-id=\"1544c56\" data-element_type=\"container\" data-e-type=\"container\">\n\t\t\t\t<div class=\"elementor-element elementor-element-2da3ead elementor-widget__width-inherit elementor-widget elementor-widget-text-editor\" data-id=\"2da3ead\" data-element_type=\"widget\" data-e-type=\"widget\" data-widget_type=\"text-editor.default\">\n\t\t\t\t<div class=\"elementor-widget-container\">\n\t\t\t\t\t\t\t\t\t<p><strong>ORATORE DI SPICCO<\/strong><\/p>\t\t\t\t\t\t\t\t<\/div>\n\t\t\t\t<\/div>\n\t\t\t\t<div class=\"elementor-element elementor-element-2f22180 elementor-widget-divider--view-line elementor-widget elementor-widget-divider\" data-id=\"2f22180\" data-element_type=\"widget\" data-e-type=\"widget\" data-widget_type=\"divider.default\">\n\t\t\t\t<div class=\"elementor-widget-container\">\n\t\t\t\t\t\t\t<div class=\"elementor-divider\">\n\t\t\t<span class=\"elementor-divider-separator\">\n\t\t\t\t\t\t<\/span>\n\t\t<\/div>\n\t\t\t\t\t\t<\/div>\n\t\t\t\t<\/div>\n\t\t\t\t<div class=\"elementor-element elementor-element-8d0286f elementor-widget elementor-widget-image\" data-id=\"8d0286f\" data-element_type=\"widget\" data-e-type=\"widget\" data-widget_type=\"image.default\">\n\t\t\t\t<div class=\"elementor-widget-container\">\n\t\t\t\t\t\t\t\t\t\t\t\t\t\t\t<img loading=\"lazy\" decoding=\"async\" width=\"213\" height=\"213\" src=\"https:\/\/icse-conference.com\/wp-content\/uploads\/2025\/09\/rsz_1noticia_up_34-768x506-copy.png\" class=\"attachment-full size-full wp-image-5718\" alt=\"\" srcset=\"https:\/\/icse-conference.com\/wp-content\/uploads\/2025\/09\/rsz_1noticia_up_34-768x506-copy.png 213w, https:\/\/icse-conference.com\/wp-content\/uploads\/2025\/09\/rsz_1noticia_up_34-768x506-copy-150x150.png 150w, https:\/\/icse-conference.com\/wp-content\/uploads\/2025\/09\/rsz_1noticia_up_34-768x506-copy-12x12.png 12w\" sizes=\"(max-width: 213px) 100vw, 213px\" \/>\t\t\t\t\t\t\t\t\t\t\t\t\t\t\t<\/div>\n\t\t\t\t<\/div>\n\t\t\t\t<div class=\"elementor-element elementor-element-54d8d3d elementor-widget elementor-widget-text-editor\" data-id=\"54d8d3d\" data-element_type=\"widget\" data-e-type=\"widget\" data-widget_type=\"text-editor.default\">\n\t\t\t\t<div class=\"elementor-widget-container\">\n\t\t\t\t\t\t\t\t\t<p><strong>Jos\u00e9 Ant\u00f3nio Ribeiro Maia<\/strong><\/p>\t\t\t\t\t\t\t\t<\/div>\n\t\t\t\t<\/div>\n\t\t\t\t<div class=\"elementor-element elementor-element-7934bb0 elementor-widget elementor-widget-text-editor\" data-id=\"7934bb0\" data-element_type=\"widget\" data-e-type=\"widget\" data-widget_type=\"text-editor.default\">\n\t\t\t\t<div class=\"elementor-widget-container\">\n\t\t\t\t\t\t\t\t\t<p>Professore ordinario di Scienze dello sport,\u00a0<strong>Universit\u00e0 di Porto<\/strong><\/p>\t\t\t\t\t\t\t\t<\/div>\n\t\t\t\t<\/div>\n\t\t\t\t<div class=\"elementor-element elementor-element-bb7c7c0 premium-modal-dismissible-yes elementor-widget elementor-widget-premium-addon-modal-box\" data-id=\"bb7c7c0\" data-element_type=\"widget\" data-e-type=\"widget\" data-settings=\"{&quot;premium_modal_box_animation&quot;:&quot;fadeInDown&quot;}\" data-widget_type=\"premium-addon-modal-box.default\">\n\t\t\t\t<div class=\"elementor-widget-container\">\n\t\t\t\t\t\n\t\t<div class=\"premium-modal-box-container\" data-settings=\"{&quot;trigger&quot;:&quot;button&quot;,&quot;show_on_exit&quot;:false}\">\n\t\t\t<div class=\"premium-modal-trigger-container\">\n\t\t\t\t\t\t\t\t\t<button data-toggle=\"premium-modal\" data-target=\"#premium-modal-bb7c7c0\" type=\"button\" class=\"premium-modal-trigger-btn premium-btn-sm premium-button-none\" data-text=\"About More\">\n\n\t\t\t\t\t\t\n\t\t\t\t\t\t<div class=\"premium-button-text-icon-wrapper\">\n\t\t\t\t\t\t\t<span>Di pi\u00f9<\/span>\n\t\t\t\t\t\t<\/div>\n\n\t\t\t\t\t\t\n\t\t\t\t\t\t\n\t\t\t\t\t\t\n\t\t\t\t\t<\/button>\n\t\t\t\t\t\t\t<\/div>\n\n\t\t\t<div id=\"premium-modal-bb7c7c0\" class=\"premium-modal-box-modal\"\n\t\t\trole=\"dialog\"\n\t\t\tstyle=\"display: none\"\n\t\t\t>\n\t\t\t\t<div class=\"premium-modal-box-modal-dialog\" data-delay-animation=\"\" data-modal-animation=\"fadeInDown animated-fast\">\n\t\t\t\t\t\t\t\t\t\t\t<div class=\"premium-modal-box-modal-header\">\n\t\t\t\t\t\t\t\t\t\t\t\t\t\t\t<h3 class=\"premium-modal-box-modal-title\">\n\t\t\t\t\t\t\t\t\tJos\u00e9 Ant\u00f3nio Ribeiro Maia\t\t\t\t\t\t\t\t<\/h3>\n\t\t\t\t\t\t\t\t\t\t\t\t\t\t\t\t\t\t\t\t\t\t<div class=\"premium-modal-box-close-button-container\">\n\t\t\t\t\t\t\t\t\t<button type=\"button\" class=\"premium-modal-box-modal-close\" data-dismiss=\"premium-modal\">\u00d7<\/button>\n\t\t\t\t\t\t\t\t<\/div>\n\t\t\t\t\t\t\t\t\t\t\t\t\t<\/div>\n\t\t\t\t\t\t\t\t\t\t<div class=\"premium-modal-box-modal-body\">\n\t\t\t\t\t\t\t\t\t\t\t\t\t<p><b>Prof. Jos\u00e9 Ant\u00f3nio Ribeiro Maia<\/b><span style=\"font-weight: 400;\"> \u00e8 professore ordinario presso la Facolt\u00e0 di Sport dell'Universit\u00e0 di Porto e ricercatore riconosciuto a livello internazionale nel campo delle scienze dello sport. Il suo lavoro si concentra sulla crescita fisica, lo sviluppo motorio, l'attivit\u00e0 fisica, la partecipazione sportiva e la salute, utilizzando disegni trasversali e longitudinali con un approccio interculturale. Con oltre tre decenni di esperienza, ha condotto studi di popolazione su larga scala in Portogallo, Mozambico, Brasile e Per\u00f9, finanziati da agenzie nazionali e internazionali. Il Prof. Maia \u00e8 autore di oltre 300 pubblicazioni sottoposte a peer-review, di numerosi libri e capitoli di libri e ha supervisionato oltre 50 studenti di master e 10 di dottorato. La sua ricerca continua a dare forma alla comprensione globale dello sviluppo fisico e della salute dei giovani.<\/span><\/p>\n\t\t\t\t\t\t\t\t\t\t\t<\/div>\n\t\t\t\t\t\t\t\t\t\t\t<div class=\"premium-modal-box-modal-footer\">\n\t\t\t\t\t\t\t<button type=\"button\" class=\"premium-modal-box-modal-lower-close\" data-dismiss=\"premium-modal\">\n\t\t\t\t\t\t\t\tChiudere\t\t\t\t\t\t\t<\/button>\n\t\t\t\t\t\t<\/div>\n\t\t\t\t\t\t\t\t\t<\/div>\n\t\t\t<\/div>\n\t\t<\/div>\n\t\t\t\t\t\t<\/div>\n\t\t\t\t<\/div>\n\t\t\t\t<\/div>\n\t\t<div class=\"elementor-element elementor-element-dd8bfeb e-con-full e-flex wpr-particle-no wpr-jarallax-no wpr-parallax-no wpr-sticky-section-no wpr-column-slider-no wpr-equal-height-no e-con e-child\" data-id=\"dd8bfeb\" data-element_type=\"container\" data-e-type=\"container\">\n\t\t\t\t<div class=\"elementor-element elementor-element-bc13e47 elementor-widget__width-inherit elementor-widget elementor-widget-text-editor\" data-id=\"bc13e47\" data-element_type=\"widget\" data-e-type=\"widget\" data-widget_type=\"text-editor.default\">\n\t\t\t\t<div class=\"elementor-widget-container\">\n\t\t\t\t\t\t\t\t\t<p><strong>ORATORE DI SPICCO<\/strong><\/p>\t\t\t\t\t\t\t\t<\/div>\n\t\t\t\t<\/div>\n\t\t\t\t<div class=\"elementor-element elementor-element-21b3849 elementor-widget-divider--view-line elementor-widget elementor-widget-divider\" data-id=\"21b3849\" data-element_type=\"widget\" data-e-type=\"widget\" data-widget_type=\"divider.default\">\n\t\t\t\t<div class=\"elementor-widget-container\">\n\t\t\t\t\t\t\t<div class=\"elementor-divider\">\n\t\t\t<span class=\"elementor-divider-separator\">\n\t\t\t\t\t\t<\/span>\n\t\t<\/div>\n\t\t\t\t\t\t<\/div>\n\t\t\t\t<\/div>\n\t\t\t\t<div class=\"elementor-element elementor-element-c949e41 elementor-widget elementor-widget-image\" data-id=\"c949e41\" data-element_type=\"widget\" data-e-type=\"widget\" data-widget_type=\"image.default\">\n\t\t\t\t<div class=\"elementor-widget-container\">\n\t\t\t\t\t\t\t\t\t\t\t\t\t\t\t<img loading=\"lazy\" decoding=\"async\" width=\"434\" height=\"434\" src=\"https:\/\/icse-conference.com\/wp-content\/uploads\/2025\/08\/UserThumb.png\" class=\"attachment-full size-full wp-image-5244\" alt=\"\" srcset=\"https:\/\/icse-conference.com\/wp-content\/uploads\/2025\/08\/UserThumb.png 434w, https:\/\/icse-conference.com\/wp-content\/uploads\/2025\/08\/UserThumb-300x300.png 300w, https:\/\/icse-conference.com\/wp-content\/uploads\/2025\/08\/UserThumb-150x150.png 150w, https:\/\/icse-conference.com\/wp-content\/uploads\/2025\/08\/UserThumb-12x12.png 12w\" sizes=\"(max-width: 434px) 100vw, 434px\" \/>\t\t\t\t\t\t\t\t\t\t\t\t\t\t\t<\/div>\n\t\t\t\t<\/div>\n\t\t\t\t<div class=\"elementor-element elementor-element-f98abdc elementor-widget elementor-widget-text-editor\" data-id=\"f98abdc\" data-element_type=\"widget\" data-e-type=\"widget\" data-widget_type=\"text-editor.default\">\n\t\t\t\t<div class=\"elementor-widget-container\">\n\t\t\t\t\t\t\t\t\t<p><strong>T\u00e2nia Gaspar<\/strong><\/p>\t\t\t\t\t\t\t\t<\/div>\n\t\t\t\t<\/div>\n\t\t\t\t<div class=\"elementor-element elementor-element-7f0c968 elementor-widget elementor-widget-text-editor\" data-id=\"7f0c968\" data-element_type=\"widget\" data-e-type=\"widget\" data-widget_type=\"text-editor.default\">\n\t\t\t\t<div class=\"elementor-widget-container\">\n\t\t\t\t\t\t\t\t\t<p>Professore associato e direttore del Centro di psicologia, innovazione e conoscenza,\u00a0<strong>Universit\u00e0 di Lus\u00f3fona<\/strong><\/p>\t\t\t\t\t\t\t\t<\/div>\n\t\t\t\t<\/div>\n\t\t\t\t<div class=\"elementor-element elementor-element-54f44ac premium-modal-dismissible-yes elementor-widget elementor-widget-premium-addon-modal-box\" data-id=\"54f44ac\" data-element_type=\"widget\" data-e-type=\"widget\" data-settings=\"{&quot;premium_modal_box_animation&quot;:&quot;fadeInDown&quot;}\" data-widget_type=\"premium-addon-modal-box.default\">\n\t\t\t\t<div class=\"elementor-widget-container\">\n\t\t\t\t\t\n\t\t<div class=\"premium-modal-box-container\" data-settings=\"{&quot;trigger&quot;:&quot;button&quot;,&quot;show_on_exit&quot;:false}\">\n\t\t\t<div class=\"premium-modal-trigger-container\">\n\t\t\t\t\t\t\t\t\t<button data-toggle=\"premium-modal\" data-target=\"#premium-modal-54f44ac\" type=\"button\" class=\"premium-modal-trigger-btn premium-btn-sm premium-button-none\" data-text=\"About More\">\n\n\t\t\t\t\t\t\n\t\t\t\t\t\t<div class=\"premium-button-text-icon-wrapper\">\n\t\t\t\t\t\t\t<span>Di pi\u00f9<\/span>\n\t\t\t\t\t\t<\/div>\n\n\t\t\t\t\t\t\n\t\t\t\t\t\t\n\t\t\t\t\t\t\n\t\t\t\t\t<\/button>\n\t\t\t\t\t\t\t<\/div>\n\n\t\t\t<div id=\"premium-modal-54f44ac\" class=\"premium-modal-box-modal\"\n\t\t\trole=\"dialog\"\n\t\t\tstyle=\"display: none\"\n\t\t\t>\n\t\t\t\t<div class=\"premium-modal-box-modal-dialog\" data-delay-animation=\"\" data-modal-animation=\"fadeInDown animated-fast\">\n\t\t\t\t\t\t\t\t\t\t\t<div class=\"premium-modal-box-modal-header\">\n\t\t\t\t\t\t\t\t\t\t\t\t\t\t\t<h3 class=\"premium-modal-box-modal-title\">\n\t\t\t\t\t\t\t\t\tT\u00e2nia Gaspar\t\t\t\t\t\t\t\t<\/h3>\n\t\t\t\t\t\t\t\t\t\t\t\t\t\t\t\t\t\t\t\t\t\t<div class=\"premium-modal-box-close-button-container\">\n\t\t\t\t\t\t\t\t\t<button type=\"button\" class=\"premium-modal-box-modal-close\" data-dismiss=\"premium-modal\">\u00d7<\/button>\n\t\t\t\t\t\t\t\t<\/div>\n\t\t\t\t\t\t\t\t\t\t\t\t\t<\/div>\n\t\t\t\t\t\t\t\t\t\t<div class=\"premium-modal-box-modal-body\">\n\t\t\t\t\t\t\t\t\t\t\t\t\t<p><b>Prof. T\u00e2nia Gaspar<\/b><span style=\"font-weight: 400;\"> \u00e8 Professore Associato con Aggregazione presso l'Universit\u00e0 di Scienze Umanistiche e Tecnologiche di Lus\u00f3fona, dove dirige il Centro di Psicologia, Innovazione e Conoscenza (CPIC). Dottore di ricerca in Psicologia e Management e Master in Sanit\u00e0 Pubblica, \u00e8 presidente dell'Associazione Sociale Aventura e ricercatore principale per il Portogallo nello studio dell'OMS Health Behaviour in School-aged Children, che coordina i Paesi del Mediterraneo. Dirige inoltre il Laboratorio portoghese per gli ambienti di lavoro sani e funge da punto di riferimento per le iniziative dell'OCSE sulla soddisfazione dei pazienti. Autrice di oltre 90 articoli internazionali sottoposti a peer-review, il lavoro della professoressa Gaspar spazia dalla promozione della salute alla prevenzione, dal benessere sul posto di lavoro alla salute degli adolescenti, con ruoli di rilievo in progetti di ricerca europei e nazionali e in gruppi di esperti globali.<\/span><\/p>\n\t\t\t\t\t\t\t\t\t\t\t<\/div>\n\t\t\t\t\t\t\t\t\t\t\t<div class=\"premium-modal-box-modal-footer\">\n\t\t\t\t\t\t\t<button type=\"button\" class=\"premium-modal-box-modal-lower-close\" data-dismiss=\"premium-modal\">\n\t\t\t\t\t\t\t\tChiudere\t\t\t\t\t\t\t<\/button>\n\t\t\t\t\t\t<\/div>\n\t\t\t\t\t\t\t\t\t<\/div>\n\t\t\t<\/div>\n\t\t<\/div>\n\t\t\t\t\t\t<\/div>\n\t\t\t\t<\/div>\n\t\t\t\t<\/div>\n\t\t<div class=\"elementor-element elementor-element-dbb3bbe e-con-full e-flex wpr-particle-no wpr-jarallax-no wpr-parallax-no wpr-sticky-section-no wpr-column-slider-no wpr-equal-height-no e-con e-child\" data-id=\"dbb3bbe\" data-element_type=\"container\" data-e-type=\"container\">\n\t\t\t\t<div class=\"elementor-element elementor-element-9572b7a elementor-widget__width-inherit elementor-widget elementor-widget-text-editor\" data-id=\"9572b7a\" data-element_type=\"widget\" data-e-type=\"widget\" data-widget_type=\"text-editor.default\">\n\t\t\t\t<div class=\"elementor-widget-container\">\n\t\t\t\t\t\t\t\t\t<p><strong>MODERATORE<\/strong><\/p>\t\t\t\t\t\t\t\t<\/div>\n\t\t\t\t<\/div>\n\t\t\t\t<div class=\"elementor-element elementor-element-0d286e6 elementor-widget-divider--view-line elementor-widget elementor-widget-divider\" data-id=\"0d286e6\" data-element_type=\"widget\" data-e-type=\"widget\" data-widget_type=\"divider.default\">\n\t\t\t\t<div class=\"elementor-widget-container\">\n\t\t\t\t\t\t\t<div class=\"elementor-divider\">\n\t\t\t<span class=\"elementor-divider-separator\">\n\t\t\t\t\t\t<\/span>\n\t\t<\/div>\n\t\t\t\t\t\t<\/div>\n\t\t\t\t<\/div>\n\t\t\t\t<div class=\"elementor-element elementor-element-23247a1 elementor-widget elementor-widget-image\" data-id=\"23247a1\" data-element_type=\"widget\" data-e-type=\"widget\" data-widget_type=\"image.default\">\n\t\t\t\t<div class=\"elementor-widget-container\">\n\t\t\t\t\t\t\t\t\t\t\t\t\t\t\t<img loading=\"lazy\" decoding=\"async\" width=\"500\" height=\"500\" src=\"https:\/\/icse-conference.com\/wp-content\/uploads\/2025\/08\/UserThumb_user_login_p4248.png\" class=\"attachment-full size-full wp-image-5243\" alt=\"\" srcset=\"https:\/\/icse-conference.com\/wp-content\/uploads\/2025\/08\/UserThumb_user_login_p4248.png 500w, https:\/\/icse-conference.com\/wp-content\/uploads\/2025\/08\/UserThumb_user_login_p4248-300x300.png 300w, https:\/\/icse-conference.com\/wp-content\/uploads\/2025\/08\/UserThumb_user_login_p4248-150x150.png 150w, https:\/\/icse-conference.com\/wp-content\/uploads\/2025\/08\/UserThumb_user_login_p4248-12x12.png 12w\" sizes=\"(max-width: 500px) 100vw, 500px\" \/>\t\t\t\t\t\t\t\t\t\t\t\t\t\t\t<\/div>\n\t\t\t\t<\/div>\n\t\t\t\t<div class=\"elementor-element elementor-element-c75f4db elementor-widget elementor-widget-text-editor\" data-id=\"c75f4db\" data-element_type=\"widget\" data-e-type=\"widget\" data-widget_type=\"text-editor.default\">\n\t\t\t\t<div class=\"elementor-widget-container\">\n\t\t\t\t\t\t\t\t\t<p><strong>Marlene Nunes da Silva<\/strong><\/p>\t\t\t\t\t\t\t\t<\/div>\n\t\t\t\t<\/div>\n\t\t\t\t<div class=\"elementor-element elementor-element-418cb48 elementor-widget elementor-widget-text-editor\" data-id=\"418cb48\" data-element_type=\"widget\" data-e-type=\"widget\" data-widget_type=\"text-editor.default\">\n\t\t\t\t<div class=\"elementor-widget-container\">\n\t\t\t\t\t\t\t\t\t<p>Professore associato e direttore del Master in Esercizio fisico e benessere,\u00a0<strong>Universit\u00e0 di Lus\u00f3fona, CIDEFES<\/strong>\u00a0- Gruppo di ricerca in Comportamento sportivo, Educazione fisica e Scienze dell'esercizio e della salute<\/p>\t\t\t\t\t\t\t\t<\/div>\n\t\t\t\t<\/div>\n\t\t\t\t<div class=\"elementor-element elementor-element-4250a06 premium-modal-dismissible-yes elementor-widget elementor-widget-premium-addon-modal-box\" data-id=\"4250a06\" data-element_type=\"widget\" data-e-type=\"widget\" data-settings=\"{&quot;premium_modal_box_animation&quot;:&quot;fadeInDown&quot;}\" data-widget_type=\"premium-addon-modal-box.default\">\n\t\t\t\t<div class=\"elementor-widget-container\">\n\t\t\t\t\t\n\t\t<div class=\"premium-modal-box-container\" data-settings=\"{&quot;trigger&quot;:&quot;button&quot;,&quot;show_on_exit&quot;:false}\">\n\t\t\t<div class=\"premium-modal-trigger-container\">\n\t\t\t\t\t\t\t\t\t<button data-toggle=\"premium-modal\" data-target=\"#premium-modal-4250a06\" type=\"button\" class=\"premium-modal-trigger-btn premium-btn-sm premium-button-none\" data-text=\"About More\">\n\n\t\t\t\t\t\t\n\t\t\t\t\t\t<div class=\"premium-button-text-icon-wrapper\">\n\t\t\t\t\t\t\t<span>Di pi\u00f9<\/span>\n\t\t\t\t\t\t<\/div>\n\n\t\t\t\t\t\t\n\t\t\t\t\t\t\n\t\t\t\t\t\t\n\t\t\t\t\t<\/button>\n\t\t\t\t\t\t\t<\/div>\n\n\t\t\t<div id=\"premium-modal-4250a06\" class=\"premium-modal-box-modal\"\n\t\t\trole=\"dialog\"\n\t\t\tstyle=\"display: none\"\n\t\t\t>\n\t\t\t\t<div class=\"premium-modal-box-modal-dialog\" data-delay-animation=\"\" data-modal-animation=\"fadeInDown animated-fast\">\n\t\t\t\t\t\t\t\t\t\t\t<div class=\"premium-modal-box-modal-header\">\n\t\t\t\t\t\t\t\t\t\t\t\t\t\t\t<h3 class=\"premium-modal-box-modal-title\">\n\t\t\t\t\t\t\t\t\tMarlene Nunes da Silva\t\t\t\t\t\t\t\t<\/h3>\n\t\t\t\t\t\t\t\t\t\t\t\t\t\t\t\t\t\t\t\t\t\t<div class=\"premium-modal-box-close-button-container\">\n\t\t\t\t\t\t\t\t\t<button type=\"button\" class=\"premium-modal-box-modal-close\" data-dismiss=\"premium-modal\">\u00d7<\/button>\n\t\t\t\t\t\t\t\t<\/div>\n\t\t\t\t\t\t\t\t\t\t\t\t\t<\/div>\n\t\t\t\t\t\t\t\t\t\t<div class=\"premium-modal-box-modal-body\">\n\t\t\t\t\t\t\t\t\t\t\t\t\t<p><b>Prof. Marlene Nunes da Silva<\/b><span style=\"font-weight: 400;\"> \u00e8 professore associato e direttore del Master in Esercizio e Salute presso la Facolt\u00e0 di Educazione Fisica e Sport dell'Universit\u00e0 di Lus\u00f3fona, Lisbona. Psicologa clinica con un dottorato in Esercizio e salute, in precedenza \u00e8 stata direttore del Programma nazionale portoghese per la promozione dell'attivit\u00e0 fisica (2019-2024). La sua ricerca si concentra su salute pubblica, motivazione, autoregolazione e correlati comportamentali dell'attivit\u00e0 fisica e degli stili di vita sani. \u00c8 autrice di oltre 85 articoli sottoposti a peer-review (&gt;<\/span><span style=\"font-weight: 400;\">5.254 citazioni)<\/span><span style=\"font-weight: 400;\">, \u00e8 stato coautore di libri e capitoli di libri e ha contribuito a molteplici progetti europei e nazionali, tra cui <\/span><a href=\"https:\/\/www.google.com\/search?client=firefox-b-d&amp;sca_esv=879ff1ce65093d89&amp;cs=0&amp;q=Marie+Sk%C5%82odowska-Curie+Actions&amp;sa=X&amp;ved=2ahUKEwishImn1OyPAxU5Q6QEHXddFiwQxccNegQIAhAB&amp;mstk=AUtExfBSz-Yei2TYrX6prnLdaFIW5vNLQLbrR2LQCVU30KCdf2EUEuSidAixiLAV_dR9t3P2kFVh0_1DftK6SnGPXGiACzOvF2ZrS4aRtN3znobe_eUt7DZ_JN26Dclhfa7r55U&amp;csui=3\"><span style=\"font-weight: 400;\">Azioni Marie Sk\u0142odowska-Curie<\/span><\/a><span style=\"font-weight: 400;\"> (MSCA), Horizon Europe, Horizon 2020 ed Erasmus+. \u00c8 anche un'esperta invitata dall'OMS e una formatrice certificata per il cambiamento del comportamento sanitario.<\/span><\/p>\n\t\t\t\t\t\t\t\t\t\t\t<\/div>\n\t\t\t\t\t\t\t\t\t\t\t<div class=\"premium-modal-box-modal-footer\">\n\t\t\t\t\t\t\t<button type=\"button\" class=\"premium-modal-box-modal-lower-close\" data-dismiss=\"premium-modal\">\n\t\t\t\t\t\t\t\tChiudere\t\t\t\t\t\t\t<\/button>\n\t\t\t\t\t\t<\/div>\n\t\t\t\t\t\t\t\t\t<\/div>\n\t\t\t<\/div>\n\t\t<\/div>\n\t\t\t\t\t\t<\/div>\n\t\t\t\t<\/div>\n\t\t\t\t<\/div>\n\t\t\t\t<\/div>\n\t\t\t\t<\/div>\n\t\t\t\t\t<\/div>\n\t\t\t\t<\/div>\n\t\t<div class=\"elementor-element elementor-element-db156ff e-flex e-con-boxed wpr-particle-no wpr-jarallax-no wpr-parallax-no wpr-sticky-section-no wpr-column-slider-no wpr-equal-height-no e-con e-parent\" data-id=\"db156ff\" data-element_type=\"container\" data-e-type=\"container\">\n\t\t\t\t\t<div class=\"e-con-inner\">\n\t\t<div class=\"elementor-element elementor-element-0803761 e-con-full e-flex wpr-particle-no wpr-jarallax-no wpr-parallax-no wpr-sticky-section-no wpr-column-slider-no wpr-equal-height-no e-con e-child\" data-id=\"0803761\" data-element_type=\"container\" data-e-type=\"container\">\n\t\t<div class=\"elementor-element elementor-element-1e89ff9 e-con-full e-flex wpr-particle-no wpr-jarallax-no wpr-parallax-no wpr-sticky-section-no wpr-column-slider-no wpr-equal-height-no e-con e-child\" data-id=\"1e89ff9\" data-element_type=\"container\" data-e-type=\"container\">\n\t\t<div class=\"elementor-element elementor-element-ea1769f e-flex e-con-boxed wpr-particle-no wpr-jarallax-no wpr-parallax-no wpr-sticky-section-no wpr-column-slider-no wpr-equal-height-no e-con e-child\" data-id=\"ea1769f\" data-element_type=\"container\" data-e-type=\"container\" data-settings=\"{&quot;background_background&quot;:&quot;classic&quot;}\">\n\t\t\t\t\t<div class=\"e-con-inner\">\n\t\t\t\t<div class=\"elementor-element elementor-element-fb11a01 elementor-widget elementor-widget-heading\" data-id=\"fb11a01\" data-element_type=\"widget\" data-e-type=\"widget\" data-widget_type=\"heading.default\">\n\t\t\t\t<div class=\"elementor-widget-container\">\n\t\t\t\t\t<h2 class=\"elementor-heading-title elementor-size-default translation-block\">Smartizzazione <br>nello sport e nell'educazione<\/h2>\t\t\t\t<\/div>\n\t\t\t\t<\/div>\n\t\t\t\t\t<\/div>\n\t\t\t\t<\/div>\n\t\t\t\t<\/div>\n\t\t<div class=\"elementor-element elementor-element-534a848 e-con-full e-flex wpr-particle-no wpr-jarallax-no wpr-parallax-no wpr-sticky-section-no wpr-column-slider-no wpr-equal-height-no e-con e-child\" data-id=\"534a848\" data-element_type=\"container\" data-e-type=\"container\">\n\t\t<div class=\"elementor-element elementor-element-0700815 e-con-full e-flex wpr-particle-no wpr-jarallax-no wpr-parallax-no wpr-sticky-section-no wpr-column-slider-no wpr-equal-height-no e-con e-child\" data-id=\"0700815\" data-element_type=\"container\" data-e-type=\"container\">\n\t\t\t\t<div class=\"elementor-element elementor-element-8658b74 elementor-widget__width-inherit elementor-widget elementor-widget-text-editor\" data-id=\"8658b74\" data-element_type=\"widget\" data-e-type=\"widget\" data-widget_type=\"text-editor.default\">\n\t\t\t\t<div class=\"elementor-widget-container\">\n\t\t\t\t\t\t\t\t\t<p><strong>Keynote<\/strong><strong>\u00a0Altoparlante<\/strong><\/p>\t\t\t\t\t\t\t\t<\/div>\n\t\t\t\t<\/div>\n\t\t\t\t<div class=\"elementor-element elementor-element-37244b8 elementor-widget-divider--view-line elementor-widget elementor-widget-divider\" data-id=\"37244b8\" data-element_type=\"widget\" data-e-type=\"widget\" data-widget_type=\"divider.default\">\n\t\t\t\t<div class=\"elementor-widget-container\">\n\t\t\t\t\t\t\t<div class=\"elementor-divider\">\n\t\t\t<span class=\"elementor-divider-separator\">\n\t\t\t\t\t\t<\/span>\n\t\t<\/div>\n\t\t\t\t\t\t<\/div>\n\t\t\t\t<\/div>\n\t\t\t\t<div class=\"elementor-element elementor-element-706af44 elementor-widget elementor-widget-image\" data-id=\"706af44\" data-element_type=\"widget\" data-e-type=\"widget\" data-widget_type=\"image.default\">\n\t\t\t\t<div class=\"elementor-widget-container\">\n\t\t\t\t\t\t\t\t\t\t\t\t\t\t\t<img loading=\"lazy\" decoding=\"async\" width=\"315\" height=\"315\" src=\"https:\/\/icse-conference.com\/wp-content\/uploads\/2025\/11\/1605533947861.png\" class=\"attachment-full size-full wp-image-5914\" alt=\"\" srcset=\"https:\/\/icse-conference.com\/wp-content\/uploads\/2025\/11\/1605533947861.png 315w, https:\/\/icse-conference.com\/wp-content\/uploads\/2025\/11\/1605533947861-300x300.png 300w, https:\/\/icse-conference.com\/wp-content\/uploads\/2025\/11\/1605533947861-150x150.png 150w, https:\/\/icse-conference.com\/wp-content\/uploads\/2025\/11\/1605533947861-12x12.png 12w\" sizes=\"(max-width: 315px) 100vw, 315px\" \/>\t\t\t\t\t\t\t\t\t\t\t\t\t\t\t<\/div>\n\t\t\t\t<\/div>\n\t\t\t\t<div class=\"elementor-element elementor-element-b00c558 elementor-widget elementor-widget-text-editor\" data-id=\"b00c558\" data-element_type=\"widget\" data-e-type=\"widget\" data-widget_type=\"text-editor.default\">\n\t\t\t\t<div class=\"elementor-widget-container\">\n\t\t\t\t\t\t\t\t\t<p><strong>Thanasis Angeioplastis<\/strong><\/p>\t\t\t\t\t\t\t\t<\/div>\n\t\t\t\t<\/div>\n\t\t\t\t<div class=\"elementor-element elementor-element-0a6d7d9 elementor-widget elementor-widget-text-editor\" data-id=\"0a6d7d9\" data-element_type=\"widget\" data-e-type=\"widget\" data-widget_type=\"text-editor.default\">\n\t\t\t\t<div class=\"elementor-widget-container\">\n\t\t\t\t\t\t\t\t\t<p>Ricercatore presso<strong> Universit\u00e0 ellenica internazionale<\/strong><\/p>\t\t\t\t\t\t\t\t<\/div>\n\t\t\t\t<\/div>\n\t\t\t\t<div class=\"elementor-element elementor-element-6000bdd premium-modal-dismissible-yes elementor-widget elementor-widget-premium-addon-modal-box\" data-id=\"6000bdd\" data-element_type=\"widget\" data-e-type=\"widget\" data-settings=\"{&quot;premium_modal_box_animation&quot;:&quot;fadeInDown&quot;}\" data-widget_type=\"premium-addon-modal-box.default\">\n\t\t\t\t<div class=\"elementor-widget-container\">\n\t\t\t\t\t\n\t\t<div class=\"premium-modal-box-container\" data-settings=\"{&quot;trigger&quot;:&quot;button&quot;,&quot;show_on_exit&quot;:false}\">\n\t\t\t<div class=\"premium-modal-trigger-container\">\n\t\t\t\t\t\t\t\t\t<button data-toggle=\"premium-modal\" data-target=\"#premium-modal-6000bdd\" type=\"button\" class=\"premium-modal-trigger-btn premium-btn-sm premium-button-none\" data-text=\"About More\">\n\n\t\t\t\t\t\t\n\t\t\t\t\t\t<div class=\"premium-button-text-icon-wrapper\">\n\t\t\t\t\t\t\t<span>Di pi\u00f9<\/span>\n\t\t\t\t\t\t<\/div>\n\n\t\t\t\t\t\t\n\t\t\t\t\t\t\n\t\t\t\t\t\t\n\t\t\t\t\t<\/button>\n\t\t\t\t\t\t\t<\/div>\n\n\t\t\t<div id=\"premium-modal-6000bdd\" class=\"premium-modal-box-modal\"\n\t\t\trole=\"dialog\"\n\t\t\tstyle=\"display: none\"\n\t\t\t>\n\t\t\t\t<div class=\"premium-modal-box-modal-dialog\" data-delay-animation=\"\" data-modal-animation=\"fadeInDown animated-fast\">\n\t\t\t\t\t\t\t\t\t\t\t<div class=\"premium-modal-box-modal-header\">\n\t\t\t\t\t\t\t\t\t\t\t\t\t\t\t<h3 class=\"premium-modal-box-modal-title\">\n\t\t\t\t\t\t\t\t\tThanasis Angeioplastis\t\t\t\t\t\t\t\t<\/h3>\n\t\t\t\t\t\t\t\t\t\t\t\t\t\t\t\t\t\t\t\t\t\t<div class=\"premium-modal-box-close-button-container\">\n\t\t\t\t\t\t\t\t\t<button type=\"button\" class=\"premium-modal-box-modal-close\" data-dismiss=\"premium-modal\">\u00d7<\/button>\n\t\t\t\t\t\t\t\t<\/div>\n\t\t\t\t\t\t\t\t\t\t\t\t\t<\/div>\n\t\t\t\t\t\t\t\t\t\t<div class=\"premium-modal-box-modal-body\">\n\t\t\t\t\t\t\t\t\t\t\t\t\t<p><strong>Thanasis Angeioplastis<\/strong><\/p>\n\t\t\t\t\t\t\t\t\t\t\t<\/div>\n\t\t\t\t\t\t\t\t\t\t\t<div class=\"premium-modal-box-modal-footer\">\n\t\t\t\t\t\t\t<button type=\"button\" class=\"premium-modal-box-modal-lower-close\" data-dismiss=\"premium-modal\">\n\t\t\t\t\t\t\t\tChiudere\t\t\t\t\t\t\t<\/button>\n\t\t\t\t\t\t<\/div>\n\t\t\t\t\t\t\t\t\t<\/div>\n\t\t\t<\/div>\n\t\t<\/div>\n\t\t\t\t\t\t<\/div>\n\t\t\t\t<\/div>\n\t\t\t\t<\/div>\n\t\t<div class=\"elementor-element elementor-element-1d7e82f e-con-full e-flex wpr-particle-no wpr-jarallax-no wpr-parallax-no wpr-sticky-section-no wpr-column-slider-no wpr-equal-height-no e-con e-child\" data-id=\"1d7e82f\" data-element_type=\"container\" data-e-type=\"container\">\n\t\t\t\t<div class=\"elementor-element elementor-element-dbce552 elementor-widget__width-inherit elementor-widget elementor-widget-text-editor\" data-id=\"dbce552\" data-element_type=\"widget\" data-e-type=\"widget\" data-widget_type=\"text-editor.default\">\n\t\t\t\t<div class=\"elementor-widget-container\">\n\t\t\t\t\t\t\t\t\t<p><strong>Keynote<\/strong><strong>\u00a0Altoparlante<\/strong><\/p>\t\t\t\t\t\t\t\t<\/div>\n\t\t\t\t<\/div>\n\t\t\t\t<div class=\"elementor-element elementor-element-76d6c20 elementor-widget-divider--view-line elementor-widget elementor-widget-divider\" data-id=\"76d6c20\" data-element_type=\"widget\" data-e-type=\"widget\" data-widget_type=\"divider.default\">\n\t\t\t\t<div class=\"elementor-widget-container\">\n\t\t\t\t\t\t\t<div class=\"elementor-divider\">\n\t\t\t<span class=\"elementor-divider-separator\">\n\t\t\t\t\t\t<\/span>\n\t\t<\/div>\n\t\t\t\t\t\t<\/div>\n\t\t\t\t<\/div>\n\t\t\t\t<div class=\"elementor-element elementor-element-414b999 elementor-widget elementor-widget-image\" data-id=\"414b999\" data-element_type=\"widget\" data-e-type=\"widget\" data-widget_type=\"image.default\">\n\t\t\t\t<div class=\"elementor-widget-container\">\n\t\t\t\t\t\t\t\t\t\t\t\t\t\t\t<img loading=\"lazy\" decoding=\"async\" width=\"486\" height=\"486\" src=\"https:\/\/icse-conference.com\/wp-content\/uploads\/2025\/08\/Pic-MarcoNeves.png\" class=\"attachment-full size-full wp-image-5245\" alt=\"\" srcset=\"https:\/\/icse-conference.com\/wp-content\/uploads\/2025\/08\/Pic-MarcoNeves.png 486w, https:\/\/icse-conference.com\/wp-content\/uploads\/2025\/08\/Pic-MarcoNeves-300x300.png 300w, https:\/\/icse-conference.com\/wp-content\/uploads\/2025\/08\/Pic-MarcoNeves-150x150.png 150w, https:\/\/icse-conference.com\/wp-content\/uploads\/2025\/08\/Pic-MarcoNeves-12x12.png 12w\" sizes=\"(max-width: 486px) 100vw, 486px\" \/>\t\t\t\t\t\t\t\t\t\t\t\t\t\t\t<\/div>\n\t\t\t\t<\/div>\n\t\t\t\t<div class=\"elementor-element elementor-element-74ff0e5 elementor-widget elementor-widget-text-editor\" data-id=\"74ff0e5\" data-element_type=\"widget\" data-e-type=\"widget\" data-widget_type=\"text-editor.default\">\n\t\t\t\t<div class=\"elementor-widget-container\">\n\t\t\t\t\t\t\t\t\t<p><strong>Marco Neves<\/strong><\/p>\t\t\t\t\t\t\t\t<\/div>\n\t\t\t\t<\/div>\n\t\t\t\t<div class=\"elementor-element elementor-element-5a93d2d elementor-widget elementor-widget-text-editor\" data-id=\"5a93d2d\" data-element_type=\"widget\" data-e-type=\"widget\" data-widget_type=\"text-editor.default\">\n\t\t\t\t<div class=\"elementor-widget-container\">\n\t\t\t\t\t\t\t\t\t<p>Consulente AI, leader dell'innovazione digitale, relatore e formatore<\/p>\t\t\t\t\t\t\t\t<\/div>\n\t\t\t\t<\/div>\n\t\t\t\t<div class=\"elementor-element elementor-element-d635acc premium-modal-dismissible-yes elementor-widget elementor-widget-premium-addon-modal-box\" data-id=\"d635acc\" data-element_type=\"widget\" data-e-type=\"widget\" data-settings=\"{&quot;premium_modal_box_animation&quot;:&quot;fadeInDown&quot;}\" data-widget_type=\"premium-addon-modal-box.default\">\n\t\t\t\t<div class=\"elementor-widget-container\">\n\t\t\t\t\t\n\t\t<div class=\"premium-modal-box-container\" data-settings=\"{&quot;trigger&quot;:&quot;button&quot;,&quot;show_on_exit&quot;:false}\">\n\t\t\t<div class=\"premium-modal-trigger-container\">\n\t\t\t\t\t\t\t\t\t<button data-toggle=\"premium-modal\" data-target=\"#premium-modal-d635acc\" type=\"button\" class=\"premium-modal-trigger-btn premium-btn-sm premium-button-none\" data-text=\"About More\">\n\n\t\t\t\t\t\t\n\t\t\t\t\t\t<div class=\"premium-button-text-icon-wrapper\">\n\t\t\t\t\t\t\t<span>Di pi\u00f9<\/span>\n\t\t\t\t\t\t<\/div>\n\n\t\t\t\t\t\t\n\t\t\t\t\t\t\n\t\t\t\t\t\t\n\t\t\t\t\t<\/button>\n\t\t\t\t\t\t\t<\/div>\n\n\t\t\t<div id=\"premium-modal-d635acc\" class=\"premium-modal-box-modal\"\n\t\t\trole=\"dialog\"\n\t\t\tstyle=\"display: none\"\n\t\t\t>\n\t\t\t\t<div class=\"premium-modal-box-modal-dialog\" data-delay-animation=\"\" data-modal-animation=\"fadeInDown animated-fast\">\n\t\t\t\t\t\t\t\t\t\t\t<div class=\"premium-modal-box-modal-header\">\n\t\t\t\t\t\t\t\t\t\t\t\t\t\t\t<h3 class=\"premium-modal-box-modal-title\">\n\t\t\t\t\t\t\t\t\tMarco Neves\t\t\t\t\t\t\t\t<\/h3>\n\t\t\t\t\t\t\t\t\t\t\t\t\t\t\t\t\t\t\t\t\t\t<div class=\"premium-modal-box-close-button-container\">\n\t\t\t\t\t\t\t\t\t<button type=\"button\" class=\"premium-modal-box-modal-close\" data-dismiss=\"premium-modal\">\u00d7<\/button>\n\t\t\t\t\t\t\t\t<\/div>\n\t\t\t\t\t\t\t\t\t\t\t\t\t<\/div>\n\t\t\t\t\t\t\t\t\t\t<div class=\"premium-modal-box-modal-body\">\n\t\t\t\t\t\t\t\t\t\t\t\t\t<p><b>Marco Neves<\/b><span style=\"font-weight: 400;\"> \u00e8 un consulente AI e un leader dell'innovazione digitale che guida aziende, istituti di istruzione e organizzazioni nell'adozione di strategie di AI, trasformazione digitale e automazione. Con oltre vent'anni di esperienza nel campo dell'istruzione digitale, ha coordinato programmi europei di sviluppo professionale, progetti tecnologici e partnership educative. \u00c8 un ricercato oratore di spicco e si occupa di IA, del futuro del lavoro e della preparazione dei sistemi educativi alle tecnologie emergenti. Marco \u00e8 azionista di InteractIdeas, un'agenzia di Microsoft che intermedia tra natura e tecnologia nell'energia basata sulla comunit\u00e0. Organizzazione e ambiente.<\/span><\/p>\n\t\t\t\t\t\t\t\t\t\t\t<\/div>\n\t\t\t\t\t\t\t\t\t\t\t<div class=\"premium-modal-box-modal-footer\">\n\t\t\t\t\t\t\t<button type=\"button\" class=\"premium-modal-box-modal-lower-close\" data-dismiss=\"premium-modal\">\n\t\t\t\t\t\t\t\tChiudere\t\t\t\t\t\t\t<\/button>\n\t\t\t\t\t\t<\/div>\n\t\t\t\t\t\t\t\t\t<\/div>\n\t\t\t<\/div>\n\t\t<\/div>\n\t\t\t\t\t\t<\/div>\n\t\t\t\t<\/div>\n\t\t\t\t<\/div>\n\t\t<div class=\"elementor-element elementor-element-abe904f e-con-full e-flex wpr-particle-no wpr-jarallax-no wpr-parallax-no wpr-sticky-section-no wpr-column-slider-no wpr-equal-height-no e-con e-child\" data-id=\"abe904f\" data-element_type=\"container\" data-e-type=\"container\">\n\t\t\t\t<div class=\"elementor-element elementor-element-3bb5764 elementor-widget__width-inherit elementor-widget elementor-widget-text-editor\" data-id=\"3bb5764\" data-element_type=\"widget\" data-e-type=\"widget\" data-widget_type=\"text-editor.default\">\n\t\t\t\t<div class=\"elementor-widget-container\">\n\t\t\t\t\t\t\t\t\t<p><strong>ORATORE E MODERATORE<\/strong><\/p>\t\t\t\t\t\t\t\t<\/div>\n\t\t\t\t<\/div>\n\t\t\t\t<div class=\"elementor-element elementor-element-40b5f7a elementor-widget-divider--view-line elementor-widget elementor-widget-divider\" data-id=\"40b5f7a\" data-element_type=\"widget\" data-e-type=\"widget\" data-widget_type=\"divider.default\">\n\t\t\t\t<div class=\"elementor-widget-container\">\n\t\t\t\t\t\t\t<div class=\"elementor-divider\">\n\t\t\t<span class=\"elementor-divider-separator\">\n\t\t\t\t\t\t<\/span>\n\t\t<\/div>\n\t\t\t\t\t\t<\/div>\n\t\t\t\t<\/div>\n\t\t\t\t<div class=\"elementor-element elementor-element-98b88fc elementor-widget elementor-widget-image\" data-id=\"98b88fc\" data-element_type=\"widget\" data-e-type=\"widget\" data-widget_type=\"image.default\">\n\t\t\t\t<div class=\"elementor-widget-container\">\n\t\t\t\t\t\t\t\t\t\t\t\t\t\t\t<img loading=\"lazy\" decoding=\"async\" width=\"395\" height=\"395\" src=\"https:\/\/icse-conference.com\/wp-content\/uploads\/2023\/09\/Pic3.png\" class=\"attachment-full size-full wp-image-979\" alt=\"\" srcset=\"https:\/\/icse-conference.com\/wp-content\/uploads\/2023\/09\/Pic3.png 395w, https:\/\/icse-conference.com\/wp-content\/uploads\/2023\/09\/Pic3-300x300.png 300w, https:\/\/icse-conference.com\/wp-content\/uploads\/2023\/09\/Pic3-150x150.png 150w, https:\/\/icse-conference.com\/wp-content\/uploads\/2023\/09\/Pic3-12x12.png 12w\" sizes=\"(max-width: 395px) 100vw, 395px\" \/>\t\t\t\t\t\t\t\t\t\t\t\t\t\t\t<\/div>\n\t\t\t\t<\/div>\n\t\t\t\t<div class=\"elementor-element elementor-element-857daab elementor-widget elementor-widget-text-editor\" data-id=\"857daab\" data-element_type=\"widget\" data-e-type=\"widget\" data-widget_type=\"text-editor.default\">\n\t\t\t\t<div class=\"elementor-widget-container\">\n\t\t\t\t\t\t\t\t\t<p><strong>Volkan Alt\u0131nta\u015f<\/strong><\/p>\t\t\t\t\t\t\t\t<\/div>\n\t\t\t\t<\/div>\n\t\t\t\t<div class=\"elementor-element elementor-element-00ffbc3 elementor-widget elementor-widget-text-editor\" data-id=\"00ffbc3\" data-element_type=\"widget\" data-e-type=\"widget\" data-widget_type=\"text-editor.default\">\n\t\t\t\t<div class=\"elementor-widget-container\">\n\t\t\t\t\t\t\t\t\t<p>Professore ordinario - Facolt\u00e0 di Turismo, Dipartimento di Orientamento Turistico - <strong>Universit\u00e0 di Smirne Katip \u00c7elebi, Turchia<\/strong><\/p>\t\t\t\t\t\t\t\t<\/div>\n\t\t\t\t<\/div>\n\t\t\t\t<div class=\"elementor-element elementor-element-eab25ad premium-modal-dismissible-yes elementor-widget elementor-widget-premium-addon-modal-box\" data-id=\"eab25ad\" data-element_type=\"widget\" data-e-type=\"widget\" data-settings=\"{&quot;premium_modal_box_animation&quot;:&quot;fadeInDown&quot;}\" data-widget_type=\"premium-addon-modal-box.default\">\n\t\t\t\t<div class=\"elementor-widget-container\">\n\t\t\t\t\t\n\t\t<div class=\"premium-modal-box-container\" data-settings=\"{&quot;trigger&quot;:&quot;button&quot;,&quot;show_on_exit&quot;:false}\">\n\t\t\t<div class=\"premium-modal-trigger-container\">\n\t\t\t\t\t\t\t\t\t<button data-toggle=\"premium-modal\" data-target=\"#premium-modal-eab25ad\" type=\"button\" class=\"premium-modal-trigger-btn premium-btn-sm premium-button-none\" data-text=\"About More\">\n\n\t\t\t\t\t\t\n\t\t\t\t\t\t<div class=\"premium-button-text-icon-wrapper\">\n\t\t\t\t\t\t\t<span>Di pi\u00f9<\/span>\n\t\t\t\t\t\t<\/div>\n\n\t\t\t\t\t\t\n\t\t\t\t\t\t\n\t\t\t\t\t\t\n\t\t\t\t\t<\/button>\n\t\t\t\t\t\t\t<\/div>\n\n\t\t\t<div id=\"premium-modal-eab25ad\" class=\"premium-modal-box-modal\"\n\t\t\trole=\"dialog\"\n\t\t\tstyle=\"display: none\"\n\t\t\t>\n\t\t\t\t<div class=\"premium-modal-box-modal-dialog\" data-delay-animation=\"\" data-modal-animation=\"fadeInDown animated-fast\">\n\t\t\t\t\t\t\t\t\t\t\t<div class=\"premium-modal-box-modal-header\">\n\t\t\t\t\t\t\t\t\t\t\t\t\t\t\t<h3 class=\"premium-modal-box-modal-title\">\n\t\t\t\t\t\t\t\t\tVolkan Alt\u0131nta\u015f\t\t\t\t\t\t\t\t<\/h3>\n\t\t\t\t\t\t\t\t\t\t\t\t\t\t\t\t\t\t\t\t\t\t<div class=\"premium-modal-box-close-button-container\">\n\t\t\t\t\t\t\t\t\t<button type=\"button\" class=\"premium-modal-box-modal-close\" data-dismiss=\"premium-modal\">\u00d7<\/button>\n\t\t\t\t\t\t\t\t<\/div>\n\t\t\t\t\t\t\t\t\t\t\t\t\t<\/div>\n\t\t\t\t\t\t\t\t\t\t<div class=\"premium-modal-box-modal-body\">\n\t\t\t\t\t\t\t\t\t\t\t\t\t<p>Il Prof. Dr. Volkan Alt\u0131nta\u015f ha conseguito la sua laurea in Economia aziendale presso l'Universit\u00e0 Gazi di Ankara e ha conseguito un Master in Gestione del turismo e degli hotel presso l'Universit\u00e0 Akdeniz di Antalya. Nella stessa universit\u00e0, ha conseguito il dottorato di ricerca. Ha lavorato come assistente di ricerca tra il 2003 e il 2010.<\/p><p>Allo stesso tempo, \u00e8 stato membro del team di ricercatori junior del Centro per gli studi sull&#039;integrazione europea dell&#039;Universit\u00e0 di Bonn in Germania.<\/p><p>Ha completato il dottorato di ricerca nel 2010 con la tesi &quot;Gli effetti dello sviluppo turistico sulla qualit\u00e0 della vita dei residenti: il modello della regione di Alanya&quot;.<\/p><p>Le sue aree di interesse nell'ambito della ricerca sono: l'Unione Europea, la politica del turismo, gli sviluppi regionali, la qualit\u00e0 della vita e l'economia del turismo. Conosce perfettamente l'inglese e il tedesco. Lavora come professore ordinario presso l'Universit\u00e0 Katip \u00c7elebi di Izmir, Facolt\u00e0 di Turismo.<\/p>\n\t\t\t\t\t\t\t\t\t\t\t<\/div>\n\t\t\t\t\t\t\t\t\t\t\t<div class=\"premium-modal-box-modal-footer\">\n\t\t\t\t\t\t\t<button type=\"button\" class=\"premium-modal-box-modal-lower-close\" data-dismiss=\"premium-modal\">\n\t\t\t\t\t\t\t\tChiudere\t\t\t\t\t\t\t<\/button>\n\t\t\t\t\t\t<\/div>\n\t\t\t\t\t\t\t\t\t<\/div>\n\t\t\t<\/div>\n\t\t<\/div>\n\t\t\t\t\t\t<\/div>\n\t\t\t\t<\/div>\n\t\t\t\t<\/div>\n\t\t\t\t<\/div>\n\t\t<div class=\"elementor-element elementor-element-fc0b4ca e-con-full e-flex wpr-particle-no wpr-jarallax-no wpr-parallax-no wpr-sticky-section-no wpr-column-slider-no wpr-equal-height-no e-con e-child\" data-id=\"fc0b4ca\" data-element_type=\"container\" data-e-type=\"container\">\n\t\t<div class=\"elementor-element elementor-element-09653c9 e-con-full e-flex wpr-particle-no wpr-jarallax-no wpr-parallax-no wpr-sticky-section-no wpr-column-slider-no wpr-equal-height-no e-con e-child\" data-id=\"09653c9\" data-element_type=\"container\" data-e-type=\"container\">\n\t\t\t\t<div class=\"elementor-element elementor-element-6f197a5 elementor-widget__width-inherit elementor-widget elementor-widget-text-editor\" data-id=\"6f197a5\" data-element_type=\"widget\" data-e-type=\"widget\" data-widget_type=\"text-editor.default\">\n\t\t\t\t<div class=\"elementor-widget-container\">\n\t\t\t\t\t\t\t\t\t<p><strong>ORATORE DI SPICCO<\/strong><\/p>\t\t\t\t\t\t\t\t<\/div>\n\t\t\t\t<\/div>\n\t\t\t\t<div class=\"elementor-element elementor-element-1d0cccf elementor-widget-divider--view-line elementor-widget elementor-widget-divider\" data-id=\"1d0cccf\" data-element_type=\"widget\" data-e-type=\"widget\" data-widget_type=\"divider.default\">\n\t\t\t\t<div class=\"elementor-widget-container\">\n\t\t\t\t\t\t\t<div class=\"elementor-divider\">\n\t\t\t<span class=\"elementor-divider-separator\">\n\t\t\t\t\t\t<\/span>\n\t\t<\/div>\n\t\t\t\t\t\t<\/div>\n\t\t\t\t<\/div>\n\t\t\t\t<div class=\"elementor-element elementor-element-e5fd8f2 elementor-widget elementor-widget-image\" data-id=\"e5fd8f2\" data-element_type=\"widget\" data-e-type=\"widget\" data-widget_type=\"image.default\">\n\t\t\t\t<div class=\"elementor-widget-container\">\n\t\t\t\t\t\t\t\t\t\t\t\t\t\t\t<img loading=\"lazy\" decoding=\"async\" width=\"350\" height=\"350\" src=\"https:\/\/icse-conference.com\/wp-content\/uploads\/2025\/11\/Nadia.png\" class=\"attachment-full size-full wp-image-5992\" alt=\"\" srcset=\"https:\/\/icse-conference.com\/wp-content\/uploads\/2025\/11\/Nadia.png 350w, https:\/\/icse-conference.com\/wp-content\/uploads\/2025\/11\/Nadia-300x300.png 300w, https:\/\/icse-conference.com\/wp-content\/uploads\/2025\/11\/Nadia-150x150.png 150w, https:\/\/icse-conference.com\/wp-content\/uploads\/2025\/11\/Nadia-12x12.png 12w\" sizes=\"(max-width: 350px) 100vw, 350px\" \/>\t\t\t\t\t\t\t\t\t\t\t\t\t\t\t<\/div>\n\t\t\t\t<\/div>\n\t\t\t\t<div class=\"elementor-element elementor-element-114cd1d elementor-widget elementor-widget-text-editor\" data-id=\"114cd1d\" data-element_type=\"widget\" data-e-type=\"widget\" data-widget_type=\"text-editor.default\">\n\t\t\t\t<div class=\"elementor-widget-container\">\n\t\t\t\t\t\t\t\t\t<p><strong>N\u00e1dia Rosa<\/strong><\/p>\t\t\t\t\t\t\t\t<\/div>\n\t\t\t\t<\/div>\n\t\t\t\t<div class=\"elementor-element elementor-element-d26ff84 elementor-widget elementor-widget-text-editor\" data-id=\"d26ff84\" data-element_type=\"widget\" data-e-type=\"widget\" data-widget_type=\"text-editor.default\">\n\t\t\t\t<div class=\"elementor-widget-container\">\n\t\t\t\t\t\t\t\t\t<p>Dipartimento di Attivit\u00e0 Fisica e Sport presso il <strong>Comune di Lisbona - Lisboa Ativa<\/strong><\/p>\t\t\t\t\t\t\t\t<\/div>\n\t\t\t\t<\/div>\n\t\t\t\t<div class=\"elementor-element elementor-element-760a0b6 premium-modal-dismissible-yes elementor-widget elementor-widget-premium-addon-modal-box\" data-id=\"760a0b6\" data-element_type=\"widget\" data-e-type=\"widget\" data-settings=\"{&quot;premium_modal_box_animation&quot;:&quot;fadeInDown&quot;}\" data-widget_type=\"premium-addon-modal-box.default\">\n\t\t\t\t<div class=\"elementor-widget-container\">\n\t\t\t\t\t\n\t\t<div class=\"premium-modal-box-container\" data-settings=\"{&quot;trigger&quot;:&quot;button&quot;,&quot;show_on_exit&quot;:false}\">\n\t\t\t<div class=\"premium-modal-trigger-container\">\n\t\t\t\t\t\t\t\t\t<button data-toggle=\"premium-modal\" data-target=\"#premium-modal-760a0b6\" type=\"button\" class=\"premium-modal-trigger-btn premium-btn-sm premium-button-none\" data-text=\"About More\">\n\n\t\t\t\t\t\t\n\t\t\t\t\t\t<div class=\"premium-button-text-icon-wrapper\">\n\t\t\t\t\t\t\t<span>Di pi\u00f9<\/span>\n\t\t\t\t\t\t<\/div>\n\n\t\t\t\t\t\t\n\t\t\t\t\t\t\n\t\t\t\t\t\t\n\t\t\t\t\t<\/button>\n\t\t\t\t\t\t\t<\/div>\n\n\t\t\t<div id=\"premium-modal-760a0b6\" class=\"premium-modal-box-modal\"\n\t\t\trole=\"dialog\"\n\t\t\tstyle=\"display: none\"\n\t\t\t>\n\t\t\t\t<div class=\"premium-modal-box-modal-dialog\" data-delay-animation=\"\" data-modal-animation=\"fadeInDown animated-fast\">\n\t\t\t\t\t\t\t\t\t\t\t<div class=\"premium-modal-box-modal-header\">\n\t\t\t\t\t\t\t\t\t\t\t\t\t\t\t<h3 class=\"premium-modal-box-modal-title\">\n\t\t\t\t\t\t\t\t\tN\u00e1dia Rosa\t\t\t\t\t\t\t\t<\/h3>\n\t\t\t\t\t\t\t\t\t\t\t\t\t\t\t\t\t\t\t\t\t\t<div class=\"premium-modal-box-close-button-container\">\n\t\t\t\t\t\t\t\t\t<button type=\"button\" class=\"premium-modal-box-modal-close\" data-dismiss=\"premium-modal\">\u00d7<\/button>\n\t\t\t\t\t\t\t\t<\/div>\n\t\t\t\t\t\t\t\t\t\t\t\t\t<\/div>\n\t\t\t\t\t\t\t\t\t\t<div class=\"premium-modal-box-modal-body\">\n\t\t\t\t\t\t\t\t\t\t\t\t\t<p>Lavora presso il Dipartimento di attivit\u00e0 fisica e sport del Comune di Lisbona. Fa parte del team che sta progettando la nuova strategia comunale per la promozione dell'attivit\u00e0 fisica.\u00a0<i>Lisboa Ativa<\/i>\u00a0(Active Lisbon).  Ha conseguito la laurea in Educazione fisica e sport scolastici presso la Faculdade de Motricidade Humana e un master in Educazione e societ\u00e0 e un diploma post-laurea in Sviluppo comunitario, entrambi presso l'ISCTE.<\/p>\n\t\t\t\t\t\t\t\t\t\t\t<\/div>\n\t\t\t\t\t\t\t\t\t\t\t<div class=\"premium-modal-box-modal-footer\">\n\t\t\t\t\t\t\t<button type=\"button\" class=\"premium-modal-box-modal-lower-close\" data-dismiss=\"premium-modal\">\n\t\t\t\t\t\t\t\tChiudere\t\t\t\t\t\t\t<\/button>\n\t\t\t\t\t\t<\/div>\n\t\t\t\t\t\t\t\t\t<\/div>\n\t\t\t<\/div>\n\t\t<\/div>\n\t\t\t\t\t\t<\/div>\n\t\t\t\t<\/div>\n\t\t\t\t<\/div>\n\t\t<div class=\"elementor-element elementor-element-46f4f1f e-con-full e-flex wpr-particle-no wpr-jarallax-no wpr-parallax-no wpr-sticky-section-no wpr-column-slider-no wpr-equal-height-no e-con e-child\" data-id=\"46f4f1f\" data-element_type=\"container\" data-e-type=\"container\">\n\t\t\t\t<div class=\"elementor-element elementor-element-5875e3c elementor-widget__width-inherit elementor-widget elementor-widget-text-editor\" data-id=\"5875e3c\" data-element_type=\"widget\" data-e-type=\"widget\" data-widget_type=\"text-editor.default\">\n\t\t\t\t<div class=\"elementor-widget-container\">\n\t\t\t\t\t\t\t\t\t<p><strong>Keynote<\/strong><strong>\u00a0Altoparlante<\/strong><\/p>\t\t\t\t\t\t\t\t<\/div>\n\t\t\t\t<\/div>\n\t\t\t\t<div class=\"elementor-element elementor-element-ff7be9c elementor-widget-divider--view-line elementor-widget elementor-widget-divider\" data-id=\"ff7be9c\" data-element_type=\"widget\" data-e-type=\"widget\" data-widget_type=\"divider.default\">\n\t\t\t\t<div class=\"elementor-widget-container\">\n\t\t\t\t\t\t\t<div class=\"elementor-divider\">\n\t\t\t<span class=\"elementor-divider-separator\">\n\t\t\t\t\t\t<\/span>\n\t\t<\/div>\n\t\t\t\t\t\t<\/div>\n\t\t\t\t<\/div>\n\t\t\t\t<div class=\"elementor-element elementor-element-8bdffc5 elementor-widget elementor-widget-image\" data-id=\"8bdffc5\" data-element_type=\"widget\" data-e-type=\"widget\" data-widget_type=\"image.default\">\n\t\t\t\t<div class=\"elementor-widget-container\">\n\t\t\t\t\t\t\t\t\t\t\t\t\t\t\t<img loading=\"lazy\" decoding=\"async\" width=\"1456\" height=\"1456\" src=\"https:\/\/icse-conference.com\/wp-content\/uploads\/2025\/11\/MAZZA.png\" class=\"attachment-full size-full wp-image-5913\" alt=\"\" srcset=\"https:\/\/icse-conference.com\/wp-content\/uploads\/2025\/11\/MAZZA.png 1456w, https:\/\/icse-conference.com\/wp-content\/uploads\/2025\/11\/MAZZA-300x300.png 300w, https:\/\/icse-conference.com\/wp-content\/uploads\/2025\/11\/MAZZA-1024x1024.png 1024w, https:\/\/icse-conference.com\/wp-content\/uploads\/2025\/11\/MAZZA-150x150.png 150w, https:\/\/icse-conference.com\/wp-content\/uploads\/2025\/11\/MAZZA-768x768.png 768w, https:\/\/icse-conference.com\/wp-content\/uploads\/2025\/11\/MAZZA-12x12.png 12w\" sizes=\"(max-width: 1456px) 100vw, 1456px\" \/>\t\t\t\t\t\t\t\t\t\t\t\t\t\t\t<\/div>\n\t\t\t\t<\/div>\n\t\t\t\t<div class=\"elementor-element elementor-element-b5e83b8 elementor-widget elementor-widget-text-editor\" data-id=\"b5e83b8\" data-element_type=\"widget\" data-e-type=\"widget\" data-widget_type=\"text-editor.default\">\n\t\t\t\t<div class=\"elementor-widget-container\">\n\t\t\t\t\t\t\t\t\t<p><strong><span class=\"a_GcMg font-feature-liga-off font-feature-clig-off font-feature-calt-off text-decoration-none text-strikethrough-none\">Barbara Mazza<\/span><\/strong><\/p>\t\t\t\t\t\t\t\t<\/div>\n\t\t\t\t<\/div>\n\t\t\t\t<div class=\"elementor-element elementor-element-82a4957 elementor-widget elementor-widget-text-editor\" data-id=\"82a4957\" data-element_type=\"widget\" data-e-type=\"widget\" data-widget_type=\"text-editor.default\">\n\t\t\t\t<div class=\"elementor-widget-container\">\n\t\t\t\t\t\t\t\t\t<p><span class=\"a_GcMg font-feature-liga-off font-feature-clig-off font-feature-calt-off text-decoration-none text-strikethrough-none\">Presidente del master \"Organizzazione e Marketing per la comunicazione d'impresa\" Professore associato Dipartimento di Comunicazione e Ricerca Sociale<strong> Sapienza, Universit\u00e0 di Roma<\/strong><\/span><\/p>\t\t\t\t\t\t\t\t<\/div>\n\t\t\t\t<\/div>\n\t\t\t\t<div class=\"elementor-element elementor-element-e7aa03e premium-modal-dismissible-yes elementor-widget elementor-widget-premium-addon-modal-box\" data-id=\"e7aa03e\" data-element_type=\"widget\" data-e-type=\"widget\" data-settings=\"{&quot;premium_modal_box_animation&quot;:&quot;fadeInDown&quot;}\" data-widget_type=\"premium-addon-modal-box.default\">\n\t\t\t\t<div class=\"elementor-widget-container\">\n\t\t\t\t\t\n\t\t<div class=\"premium-modal-box-container\" data-settings=\"{&quot;trigger&quot;:&quot;button&quot;,&quot;show_on_exit&quot;:false}\">\n\t\t\t<div class=\"premium-modal-trigger-container\">\n\t\t\t\t\t\t\t\t\t<button data-toggle=\"premium-modal\" data-target=\"#premium-modal-e7aa03e\" type=\"button\" class=\"premium-modal-trigger-btn premium-btn-sm premium-button-none\" data-text=\"About More\">\n\n\t\t\t\t\t\t\n\t\t\t\t\t\t<div class=\"premium-button-text-icon-wrapper\">\n\t\t\t\t\t\t\t<span>Di pi\u00f9<\/span>\n\t\t\t\t\t\t<\/div>\n\n\t\t\t\t\t\t\n\t\t\t\t\t\t\n\t\t\t\t\t\t\n\t\t\t\t\t<\/button>\n\t\t\t\t\t\t\t<\/div>\n\n\t\t\t<div id=\"premium-modal-e7aa03e\" class=\"premium-modal-box-modal\"\n\t\t\trole=\"dialog\"\n\t\t\tstyle=\"display: none\"\n\t\t\t>\n\t\t\t\t<div class=\"premium-modal-box-modal-dialog\" data-delay-animation=\"\" data-modal-animation=\"fadeInDown animated-fast\">\n\t\t\t\t\t\t\t\t\t\t\t<div class=\"premium-modal-box-modal-header\">\n\t\t\t\t\t\t\t\t\t\t\t\t\t\t\t<h3 class=\"premium-modal-box-modal-title\">\n\t\t\t\t\t\t\t\t\tBarbara Mazza\t\t\t\t\t\t\t\t<\/h3>\n\t\t\t\t\t\t\t\t\t\t\t\t\t\t\t\t\t\t\t\t\t\t<div class=\"premium-modal-box-close-button-container\">\n\t\t\t\t\t\t\t\t\t<button type=\"button\" class=\"premium-modal-box-modal-close\" data-dismiss=\"premium-modal\">\u00d7<\/button>\n\t\t\t\t\t\t\t\t<\/div>\n\t\t\t\t\t\t\t\t\t\t\t\t\t<\/div>\n\t\t\t\t\t\t\t\t\t\t<div class=\"premium-modal-box-modal-body\">\n\t\t\t\t\t\t\t\t\t\t\t\t\t<p>\u00c8 professore associato (Roma, Italia) e professore ordinario abilitato dal 2023, presso il Dipartimento di Comunicazione e Ricerca Sociale della Sapienza Universit\u00e0 di Roma, dove insegna Comunicazione per la gestione d'impresa e Gestione e comunicazione degli eventi. Dal 2007\/2018 al 2023-24 \u00e8 presidente del master \"Organizzazione e marketing per la comunicazione d'impresa\".<\/p><p>Dal 2019 \u00e8 Membro del progetto Quid (Qualit\u00e0 e Innovazione della Didattica) della Sapienza, in cui \u00e8 responsabile della formazione dei tutor, dei docenti e delegato della Facolt\u00e0 di Sociologia, Scienze Politiche e Comunicazione. Inoltre, \u00e8 membro della Commissione Didattica della Facolt\u00e0 di Scienze Politiche, Sociologia e Comunicazione.<\/p><p>Dal 2015 \u00e8 coordinatrice locale di diversi progetti di ricerca a livello nazionale, europeo (Erasmus Plus) e internazionale, e membro dell&#039;IRNIST, International Research Network in Sport Tourism. Si tratta di una rete di ricerca scientifica che coinvolge studiosi di 38 universit\u00e0 di 17 paesi del mondo.<\/p><p>\u00c8 co-direttrice di una collana editoriale per FrancoAngeli intitolata \"Sport, cultura e societ\u00e0\" e fa parte del comitato scientifico di riviste nazionali ed europee, tra cui \"Sociologia della comunicazione\" pubblicata da FrancoAngeli e una rivista dell'associazione spagnola di ricerca sulla comunicazione pubblicata dall'Universit\u00e0 di Santiago de Compostela in Spagna.<\/p><p>I suoi principali interessi di ricerca riguardano la comunicazione d&#039;impresa, l&#039;innovazione e la sostenibilit\u00e0, la comunicazione degli eventi, la comunicazione sportiva e la didattica innovativa nelle universit\u00e0.<\/p>\n\t\t\t\t\t\t\t\t\t\t\t<\/div>\n\t\t\t\t\t\t\t\t\t\t\t<div class=\"premium-modal-box-modal-footer\">\n\t\t\t\t\t\t\t<button type=\"button\" class=\"premium-modal-box-modal-lower-close\" data-dismiss=\"premium-modal\">\n\t\t\t\t\t\t\t\tChiudere\t\t\t\t\t\t\t<\/button>\n\t\t\t\t\t\t<\/div>\n\t\t\t\t\t\t\t\t\t<\/div>\n\t\t\t<\/div>\n\t\t<\/div>\n\t\t\t\t\t\t<\/div>\n\t\t\t\t<\/div>\n\t\t\t\t<\/div>\n\t\t<div class=\"elementor-element elementor-element-898fe17 e-con-full e-flex wpr-particle-no wpr-jarallax-no wpr-parallax-no wpr-sticky-section-no wpr-column-slider-no wpr-equal-height-no e-con e-child\" data-id=\"898fe17\" data-element_type=\"container\" data-e-type=\"container\">\n\t\t\t\t<div class=\"elementor-element elementor-element-600cf8d elementor-widget__width-inherit elementor-widget elementor-widget-text-editor\" data-id=\"600cf8d\" data-element_type=\"widget\" data-e-type=\"widget\" data-widget_type=\"text-editor.default\">\n\t\t\t\t<div class=\"elementor-widget-container\">\n\t\t\t\t\t\t\t\t\t<p><strong>Keynote<\/strong><strong>\u00a0Altoparlante<\/strong><\/p>\t\t\t\t\t\t\t\t<\/div>\n\t\t\t\t<\/div>\n\t\t\t\t<div class=\"elementor-element elementor-element-20a1f39 elementor-widget-divider--view-line elementor-widget elementor-widget-divider\" data-id=\"20a1f39\" data-element_type=\"widget\" data-e-type=\"widget\" data-widget_type=\"divider.default\">\n\t\t\t\t<div class=\"elementor-widget-container\">\n\t\t\t\t\t\t\t<div class=\"elementor-divider\">\n\t\t\t<span class=\"elementor-divider-separator\">\n\t\t\t\t\t\t<\/span>\n\t\t<\/div>\n\t\t\t\t\t\t<\/div>\n\t\t\t\t<\/div>\n\t\t\t\t<div class=\"elementor-element elementor-element-fe40619 elementor-widget elementor-widget-image\" data-id=\"fe40619\" data-element_type=\"widget\" data-e-type=\"widget\" data-widget_type=\"image.default\">\n\t\t\t\t<div class=\"elementor-widget-container\">\n\t\t\t\t\t\t\t\t\t\t\t\t\t\t\t<img loading=\"lazy\" decoding=\"async\" width=\"2700\" height=\"2700\" src=\"https:\/\/icse-conference.com\/wp-content\/uploads\/2024\/11\/ICSE-Speaker-Post-PRESENTING-Square-1.png\" class=\"attachment-full size-full wp-image-4204\" alt=\"\" srcset=\"https:\/\/icse-conference.com\/wp-content\/uploads\/2024\/11\/ICSE-Speaker-Post-PRESENTING-Square-1.png 2700w, https:\/\/icse-conference.com\/wp-content\/uploads\/2024\/11\/ICSE-Speaker-Post-PRESENTING-Square-1-300x300.png 300w, https:\/\/icse-conference.com\/wp-content\/uploads\/2024\/11\/ICSE-Speaker-Post-PRESENTING-Square-1-1024x1024.png 1024w, https:\/\/icse-conference.com\/wp-content\/uploads\/2024\/11\/ICSE-Speaker-Post-PRESENTING-Square-1-150x150.png 150w, https:\/\/icse-conference.com\/wp-content\/uploads\/2024\/11\/ICSE-Speaker-Post-PRESENTING-Square-1-768x768.png 768w, https:\/\/icse-conference.com\/wp-content\/uploads\/2024\/11\/ICSE-Speaker-Post-PRESENTING-Square-1-1536x1536.png 1536w, https:\/\/icse-conference.com\/wp-content\/uploads\/2024\/11\/ICSE-Speaker-Post-PRESENTING-Square-1-2048x2048.png 2048w, https:\/\/icse-conference.com\/wp-content\/uploads\/2024\/11\/ICSE-Speaker-Post-PRESENTING-Square-1-12x12.png 12w\" sizes=\"(max-width: 2700px) 100vw, 2700px\" \/>\t\t\t\t\t\t\t\t\t\t\t\t\t\t\t<\/div>\n\t\t\t\t<\/div>\n\t\t\t\t<div class=\"elementor-element elementor-element-93e52da elementor-widget elementor-widget-text-editor\" data-id=\"93e52da\" data-element_type=\"widget\" data-e-type=\"widget\" data-widget_type=\"text-editor.default\">\n\t\t\t\t<div class=\"elementor-widget-container\">\n\t\t\t\t\t\t\t\t\t<p><strong>Roberto Solinas<\/strong><\/p>\t\t\t\t\t\t\t\t<\/div>\n\t\t\t\t<\/div>\n\t\t\t\t<div class=\"elementor-element elementor-element-4e5eb97 elementor-widget elementor-widget-text-editor\" data-id=\"4e5eb97\" data-element_type=\"widget\" data-e-type=\"widget\" data-widget_type=\"text-editor.default\">\n\t\t\t\t<div class=\"elementor-widget-container\">\n\t\t\t\t\t\t\t\t\t<p>Presidente - <strong>Mine Vaganti NGO<\/strong>, Italia<\/p>\t\t\t\t\t\t\t\t<\/div>\n\t\t\t\t<\/div>\n\t\t\t\t<div class=\"elementor-element elementor-element-8008198 premium-modal-dismissible-yes elementor-widget elementor-widget-premium-addon-modal-box\" data-id=\"8008198\" data-element_type=\"widget\" data-e-type=\"widget\" data-settings=\"{&quot;premium_modal_box_animation&quot;:&quot;fadeInDown&quot;}\" data-widget_type=\"premium-addon-modal-box.default\">\n\t\t\t\t<div class=\"elementor-widget-container\">\n\t\t\t\t\t\n\t\t<div class=\"premium-modal-box-container\" data-settings=\"{&quot;trigger&quot;:&quot;button&quot;,&quot;show_on_exit&quot;:false}\">\n\t\t\t<div class=\"premium-modal-trigger-container\">\n\t\t\t\t\t\t\t\t\t<button data-toggle=\"premium-modal\" data-target=\"#premium-modal-8008198\" type=\"button\" class=\"premium-modal-trigger-btn premium-btn-sm premium-button-none\" data-text=\"About More\">\n\n\t\t\t\t\t\t\n\t\t\t\t\t\t<div class=\"premium-button-text-icon-wrapper\">\n\t\t\t\t\t\t\t<span>Di pi\u00f9<\/span>\n\t\t\t\t\t\t<\/div>\n\n\t\t\t\t\t\t\n\t\t\t\t\t\t\n\t\t\t\t\t\t\n\t\t\t\t\t<\/button>\n\t\t\t\t\t\t\t<\/div>\n\n\t\t\t<div id=\"premium-modal-8008198\" class=\"premium-modal-box-modal\"\n\t\t\trole=\"dialog\"\n\t\t\tstyle=\"display: none\"\n\t\t\t>\n\t\t\t\t<div class=\"premium-modal-box-modal-dialog\" data-delay-animation=\"\" data-modal-animation=\"fadeInDown animated-fast\">\n\t\t\t\t\t\t\t\t\t\t\t<div class=\"premium-modal-box-modal-header\">\n\t\t\t\t\t\t\t\t\t\t\t\t\t\t\t<h3 class=\"premium-modal-box-modal-title\">\n\t\t\t\t\t\t\t\t\tRoberto Solinas\t\t\t\t\t\t\t\t<\/h3>\n\t\t\t\t\t\t\t\t\t\t\t\t\t\t\t\t\t\t\t\t\t\t<div class=\"premium-modal-box-close-button-container\">\n\t\t\t\t\t\t\t\t\t<button type=\"button\" class=\"premium-modal-box-modal-close\" data-dismiss=\"premium-modal\">\u00d7<\/button>\n\t\t\t\t\t\t\t\t<\/div>\n\t\t\t\t\t\t\t\t\t\t\t\t\t<\/div>\n\t\t\t\t\t\t\t\t\t\t<div class=\"premium-modal-box-modal-body\">\n\t\t\t\t\t\t\t\t\t\t\t\t\t<p>Fondatore e Presidente, di Mine Vaganti NGO (MVNGO) il Dr. Solinas \u00e8 la mente dietro la strategia e il concetto stesso della sua NGO. Come CFO \u00e8 responsabile di tutti gli aspetti economici. Dirige il Project &amp; Research Hub in qualit\u00e0 di Project Manager europeo, e coordina strategicamente le sovvenzioni di MVNGO.<\/p><p>Il Dr. Solinas \u00e8 specializzato in marketing e si occupa dello sviluppo del web e dei social media di MVNGO, delle sue organizzazioni satellite, delle iniziative e degli spin-off e dello sviluppo della rete transcontinentale di MVNGO.<\/p><p>In qualit\u00e0 di formatore accreditato SALTO per l'Educazione Formale e Non Formale (NFE), il dott. Solinas ha acquisito una vasta esperienza nell'Imprenditoria Sociale, nell'ambito di Erasmus+ come il Dialogo Interculturale, l'Inclusione Sociale, la Ricerca Ambientale, ecc. Esperto come oratore, moderatore e formatore, il dott. Solinas ha partecipato a numerose conferenze, seminari e corsi di formazione in tutto il mondo. Pioniere dell'educazione attraverso lo sport (ETS), coordina le attivit\u00e0 della MVNGO nel campo dello sport e la piattaforma ICSE.<\/p><p>Il Dr. Solinas ha conseguito la laurea in Scienze della Comunicazione e del Marketing presso l'Universit\u00e0 La Sapienza di Roma, ha conseguito la specializzazione in \u201cManagement dello sport\u201d presso l'Universit\u00e0 \u201cBicocca\u201d di Milano e ha completato il dottorato di ricerca nel 2023 presso l'Accademia Nazionale dello Sport \u201cVassil Levski\u201d ( Sofia, Bulgaria.<\/p>\n\t\t\t\t\t\t\t\t\t\t\t<\/div>\n\t\t\t\t\t\t\t\t\t\t\t<div class=\"premium-modal-box-modal-footer\">\n\t\t\t\t\t\t\t<button type=\"button\" class=\"premium-modal-box-modal-lower-close\" data-dismiss=\"premium-modal\">\n\t\t\t\t\t\t\t\tChiudere\t\t\t\t\t\t\t<\/button>\n\t\t\t\t\t\t<\/div>\n\t\t\t\t\t\t\t\t\t<\/div>\n\t\t\t<\/div>\n\t\t<\/div>\n\t\t\t\t\t\t<\/div>\n\t\t\t\t<\/div>\n\t\t\t\t<\/div>\n\t\t\t\t<\/div>\n\t\t<div class=\"elementor-element elementor-element-1546e81 e-con-full e-flex wpr-particle-no wpr-jarallax-no wpr-parallax-no wpr-sticky-section-no wpr-column-slider-no wpr-equal-height-no e-con e-child\" data-id=\"1546e81\" data-element_type=\"container\" data-e-type=\"container\">\n\t\t<div class=\"elementor-element elementor-element-7e972b5 e-con-full elementor-hidden-mobile e-flex wpr-particle-no wpr-jarallax-no wpr-parallax-no wpr-sticky-section-no wpr-column-slider-no wpr-equal-height-no e-con e-child\" data-id=\"7e972b5\" data-element_type=\"container\" data-e-type=\"container\">\n\t\t\t\t<\/div>\n\t\t<div class=\"elementor-element elementor-element-00dab4e e-con-full e-flex wpr-particle-no wpr-jarallax-no wpr-parallax-no wpr-sticky-section-no wpr-column-slider-no wpr-equal-height-no e-con e-child\" data-id=\"00dab4e\" data-element_type=\"container\" data-e-type=\"container\">\n\t\t\t\t<div class=\"elementor-element elementor-element-f4655c0 elementor-widget__width-inherit elementor-widget elementor-widget-text-editor\" data-id=\"f4655c0\" data-element_type=\"widget\" data-e-type=\"widget\" data-widget_type=\"text-editor.default\">\n\t\t\t\t<div class=\"elementor-widget-container\">\n\t\t\t\t\t\t\t\t\t<p><strong>ORATORE E MODERATORE<\/strong><\/p>\t\t\t\t\t\t\t\t<\/div>\n\t\t\t\t<\/div>\n\t\t\t\t<div class=\"elementor-element elementor-element-a0edc6a elementor-widget-divider--view-line elementor-widget elementor-widget-divider\" data-id=\"a0edc6a\" data-element_type=\"widget\" data-e-type=\"widget\" data-widget_type=\"divider.default\">\n\t\t\t\t<div class=\"elementor-widget-container\">\n\t\t\t\t\t\t\t<div class=\"elementor-divider\">\n\t\t\t<span class=\"elementor-divider-separator\">\n\t\t\t\t\t\t<\/span>\n\t\t<\/div>\n\t\t\t\t\t\t<\/div>\n\t\t\t\t<\/div>\n\t\t\t\t<div class=\"elementor-element elementor-element-4709142 elementor-widget elementor-widget-image\" data-id=\"4709142\" data-element_type=\"widget\" data-e-type=\"widget\" data-widget_type=\"image.default\">\n\t\t\t\t<div class=\"elementor-widget-container\">\n\t\t\t\t\t\t\t\t\t\t\t\t\t\t\t<img loading=\"lazy\" decoding=\"async\" width=\"678\" height=\"678\" src=\"https:\/\/icse-conference.com\/wp-content\/uploads\/2025\/11\/MariaGrazia.png\" class=\"attachment-full size-full wp-image-5991\" alt=\"\" srcset=\"https:\/\/icse-conference.com\/wp-content\/uploads\/2025\/11\/MariaGrazia.png 678w, https:\/\/icse-conference.com\/wp-content\/uploads\/2025\/11\/MariaGrazia-300x300.png 300w, https:\/\/icse-conference.com\/wp-content\/uploads\/2025\/11\/MariaGrazia-150x150.png 150w, https:\/\/icse-conference.com\/wp-content\/uploads\/2025\/11\/MariaGrazia-12x12.png 12w\" sizes=\"(max-width: 678px) 100vw, 678px\" \/>\t\t\t\t\t\t\t\t\t\t\t\t\t\t\t<\/div>\n\t\t\t\t<\/div>\n\t\t\t\t<div class=\"elementor-element elementor-element-f20da82 elementor-widget elementor-widget-text-editor\" data-id=\"f20da82\" data-element_type=\"widget\" data-e-type=\"widget\" data-widget_type=\"text-editor.default\">\n\t\t\t\t<div class=\"elementor-widget-container\">\n\t\t\t\t\t\t\t\t\t<p><strong>Maria Grazia Pirina<\/strong><\/p>\t\t\t\t\t\t\t\t<\/div>\n\t\t\t\t<\/div>\n\t\t\t\t<div class=\"elementor-element elementor-element-f84d529 elementor-widget elementor-widget-text-editor\" data-id=\"f84d529\" data-element_type=\"widget\" data-e-type=\"widget\" data-widget_type=\"text-editor.default\">\n\t\t\t\t<div class=\"elementor-widget-container\">\n\t\t\t\t\t\t\t\t\t<p>Presidente - <strong>NGO NEST Berlin<\/strong>, Germania<\/p>\t\t\t\t\t\t\t\t<\/div>\n\t\t\t\t<\/div>\n\t\t\t\t<div class=\"elementor-element elementor-element-a66a835 premium-modal-dismissible-yes elementor-widget elementor-widget-premium-addon-modal-box\" data-id=\"a66a835\" data-element_type=\"widget\" data-e-type=\"widget\" data-settings=\"{&quot;premium_modal_box_animation&quot;:&quot;fadeInDown&quot;}\" data-widget_type=\"premium-addon-modal-box.default\">\n\t\t\t\t<div class=\"elementor-widget-container\">\n\t\t\t\t\t\n\t\t<div class=\"premium-modal-box-container\" data-settings=\"{&quot;trigger&quot;:&quot;button&quot;,&quot;show_on_exit&quot;:false}\">\n\t\t\t<div class=\"premium-modal-trigger-container\">\n\t\t\t\t\t\t\t\t\t<button data-toggle=\"premium-modal\" data-target=\"#premium-modal-a66a835\" type=\"button\" class=\"premium-modal-trigger-btn premium-btn-sm premium-button-none\" data-text=\"About More\">\n\n\t\t\t\t\t\t\n\t\t\t\t\t\t<div class=\"premium-button-text-icon-wrapper\">\n\t\t\t\t\t\t\t<span>Di pi\u00f9<\/span>\n\t\t\t\t\t\t<\/div>\n\n\t\t\t\t\t\t\n\t\t\t\t\t\t\n\t\t\t\t\t\t\n\t\t\t\t\t<\/button>\n\t\t\t\t\t\t\t<\/div>\n\n\t\t\t<div id=\"premium-modal-a66a835\" class=\"premium-modal-box-modal\"\n\t\t\trole=\"dialog\"\n\t\t\tstyle=\"display: none\"\n\t\t\t>\n\t\t\t\t<div class=\"premium-modal-box-modal-dialog\" data-delay-animation=\"\" data-modal-animation=\"fadeInDown animated-fast\">\n\t\t\t\t\t\t\t\t\t\t\t<div class=\"premium-modal-box-modal-header\">\n\t\t\t\t\t\t\t\t\t\t\t\t\t\t\t<h3 class=\"premium-modal-box-modal-title\">\n\t\t\t\t\t\t\t\t\tMaria Grazia Pirina\t\t\t\t\t\t\t\t<\/h3>\n\t\t\t\t\t\t\t\t\t\t\t\t\t\t\t\t\t\t\t\t\t\t<div class=\"premium-modal-box-close-button-container\">\n\t\t\t\t\t\t\t\t\t<button type=\"button\" class=\"premium-modal-box-modal-close\" data-dismiss=\"premium-modal\">\u00d7<\/button>\n\t\t\t\t\t\t\t\t<\/div>\n\t\t\t\t\t\t\t\t\t\t\t\t\t<\/div>\n\t\t\t\t\t\t\t\t\t\t<div class=\"premium-modal-box-modal-body\">\n\t\t\t\t\t\t\t\t\t\t\t\t\t<p>Co-fondatore e presidente di NGO NEST Berlin, la Dott.ssa Pirina in qualit\u00e0 di Project Manager europeo coordina la stesura progettuale e l'implementazione di progetti finanziati a livello europeo e nazionale. In qualit\u00e0 di esperto di pubbliche relazioni e comunicazione, ha fondato e guida partnership locali fino a quelle intercontinentali e dirige campagne di marketing online e offline.<\/p><p>La Dott.ssa Pirina \u00e8 membro del comitato esecutivo di MV International, rete affiliata ENGO. Essa coordina le principali attivit\u00e0 nel campo dell'accoglinza, della formazione professionale europea, volontariato nazionale e mobilit\u00e0 giovanile a livello globale. In qualit\u00e0 di relatore, moderatore e formatore accreditato (SALTO), la Dott.ssa Pirina ha partecipato a numerose conferenze, corsi di formazione e seminari in tutto il mondo.<\/p><p>Ha conseguito la Laurea Magistrale in Comunicazione per l'Impresa presso l'Universit\u00e0 \u201cLa Sapienza\u201d di Roma e ha conseguito due specializzazioni in \u201cComunicazione e Organizzazione\u201d presso l'Universit\u00e0 \u201cLa Sapienza\u201d di Roma e Management di Eventi Culturali presso la \u201cScuola Lisa Mascolo\u201d.<\/p>\n\t\t\t\t\t\t\t\t\t\t\t<\/div>\n\t\t\t\t\t\t\t\t\t\t\t<div class=\"premium-modal-box-modal-footer\">\n\t\t\t\t\t\t\t<button type=\"button\" class=\"premium-modal-box-modal-lower-close\" data-dismiss=\"premium-modal\">\n\t\t\t\t\t\t\t\tChiudere\t\t\t\t\t\t\t<\/button>\n\t\t\t\t\t\t<\/div>\n\t\t\t\t\t\t\t\t\t<\/div>\n\t\t\t<\/div>\n\t\t<\/div>\n\t\t\t\t\t\t<\/div>\n\t\t\t\t<\/div>\n\t\t\t\t<\/div>\n\t\t<div class=\"elementor-element elementor-element-7ab5c79 e-con-full elementor-hidden-mobile e-flex wpr-particle-no wpr-jarallax-no wpr-parallax-no wpr-sticky-section-no wpr-column-slider-no wpr-equal-height-no e-con e-child\" data-id=\"7ab5c79\" data-element_type=\"container\" data-e-type=\"container\">\n\t\t\t\t<\/div>\n\t\t\t\t<\/div>\n\t\t\t\t<\/div>\n\t\t\t\t\t<\/div>\n\t\t\t\t<\/div>\n\t\t<div class=\"elementor-element elementor-element-5fc367d e-flex e-con-boxed wpr-particle-no wpr-jarallax-no wpr-parallax-no wpr-sticky-section-no wpr-column-slider-no wpr-equal-height-no e-con e-parent\" data-id=\"5fc367d\" data-element_type=\"container\" data-e-type=\"container\">\n\t\t\t\t\t<div class=\"e-con-inner\">\n\t\t<div class=\"elementor-element elementor-element-8a6b63d e-con-full e-flex wpr-particle-no wpr-jarallax-no wpr-parallax-no wpr-sticky-section-no wpr-column-slider-no wpr-equal-height-no e-con e-child\" data-id=\"8a6b63d\" data-element_type=\"container\" data-e-type=\"container\">\n\t\t<div class=\"elementor-element elementor-element-eaa1627 e-con-full e-flex wpr-particle-no wpr-jarallax-no wpr-parallax-no wpr-sticky-section-no wpr-column-slider-no wpr-equal-height-no e-con e-child\" data-id=\"eaa1627\" data-element_type=\"container\" data-e-type=\"container\">\n\t\t<div class=\"elementor-element elementor-element-e2b0590 e-flex e-con-boxed wpr-particle-no wpr-jarallax-no wpr-parallax-no wpr-sticky-section-no wpr-column-slider-no wpr-equal-height-no e-con e-child\" data-id=\"e2b0590\" data-element_type=\"container\" data-e-type=\"container\" data-settings=\"{&quot;background_background&quot;:&quot;classic&quot;}\">\n\t\t\t\t\t<div class=\"e-con-inner\">\n\t\t\t\t<div class=\"elementor-element elementor-element-5cd0c2a elementor-widget elementor-widget-heading\" data-id=\"5cd0c2a\" data-element_type=\"widget\" data-e-type=\"widget\" data-widget_type=\"heading.default\">\n\t\t\t\t<div class=\"elementor-widget-container\">\n\t\t\t\t\t<h2 class=\"elementor-heading-title elementor-size-default\">Sessione parallela<\/h2>\t\t\t\t<\/div>\n\t\t\t\t<\/div>\n\t\t\t\t\t<\/div>\n\t\t\t\t<\/div>\n\t\t\t\t<\/div>\n\t\t<div class=\"elementor-element elementor-element-1d386b4 e-con-full e-flex wpr-particle-no wpr-jarallax-no wpr-parallax-no wpr-sticky-section-no wpr-column-slider-no wpr-equal-height-no e-con e-child\" data-id=\"1d386b4\" data-element_type=\"container\" data-e-type=\"container\">\n\t\t<div class=\"elementor-element elementor-element-eb7ad15 e-con-full e-flex wpr-particle-no wpr-jarallax-no wpr-parallax-no wpr-sticky-section-no wpr-column-slider-no wpr-equal-height-no e-con e-child\" data-id=\"eb7ad15\" data-element_type=\"container\" data-e-type=\"container\">\n\t\t\t\t<div class=\"elementor-element elementor-element-2f33ea0 elementor-widget__width-inherit elementor-widget elementor-widget-text-editor\" data-id=\"2f33ea0\" data-element_type=\"widget\" data-e-type=\"widget\" data-widget_type=\"text-editor.default\">\n\t\t\t\t<div class=\"elementor-widget-container\">\n\t\t\t\t\t\t\t\t\t<p><strong>Sport e disabilit\u00e0<\/strong><\/p>\t\t\t\t\t\t\t\t<\/div>\n\t\t\t\t<\/div>\n\t\t\t\t<div class=\"elementor-element elementor-element-10d876c elementor-widget-divider--view-line elementor-widget elementor-widget-divider\" data-id=\"10d876c\" data-element_type=\"widget\" data-e-type=\"widget\" data-widget_type=\"divider.default\">\n\t\t\t\t<div class=\"elementor-widget-container\">\n\t\t\t\t\t\t\t<div class=\"elementor-divider\">\n\t\t\t<span class=\"elementor-divider-separator\">\n\t\t\t\t\t\t<\/span>\n\t\t<\/div>\n\t\t\t\t\t\t<\/div>\n\t\t\t\t<\/div>\n\t\t\t\t<div class=\"elementor-element elementor-element-0be3e0e elementor-widget elementor-widget-image\" data-id=\"0be3e0e\" data-element_type=\"widget\" data-e-type=\"widget\" data-widget_type=\"image.default\">\n\t\t\t\t<div class=\"elementor-widget-container\">\n\t\t\t\t\t\t\t\t\t\t\t\t\t\t\t<img loading=\"lazy\" decoding=\"async\" width=\"607\" height=\"605\" src=\"https:\/\/icse-conference.com\/wp-content\/uploads\/2023\/10\/SpeakerPics-011.png\" class=\"attachment-full size-full wp-image-1829\" alt=\"\" srcset=\"https:\/\/icse-conference.com\/wp-content\/uploads\/2023\/10\/SpeakerPics-011.png 607w, https:\/\/icse-conference.com\/wp-content\/uploads\/2023\/10\/SpeakerPics-011-300x300.png 300w, https:\/\/icse-conference.com\/wp-content\/uploads\/2023\/10\/SpeakerPics-011-150x150.png 150w, https:\/\/icse-conference.com\/wp-content\/uploads\/2023\/10\/SpeakerPics-011-12x12.png 12w\" sizes=\"(max-width: 607px) 100vw, 607px\" \/>\t\t\t\t\t\t\t\t\t\t\t\t\t\t\t<\/div>\n\t\t\t\t<\/div>\n\t\t\t\t<div class=\"elementor-element elementor-element-71fcbc7 elementor-widget elementor-widget-text-editor\" data-id=\"71fcbc7\" data-element_type=\"widget\" data-e-type=\"widget\" data-widget_type=\"text-editor.default\">\n\t\t\t\t<div class=\"elementor-widget-container\">\n\t\t\t\t\t\t\t\t\t<p><strong>Muhammad Farooq Islam<\/strong><\/p>\t\t\t\t\t\t\t\t<\/div>\n\t\t\t\t<\/div>\n\t\t\t\t<div class=\"elementor-element elementor-element-acc2906 elementor-widget elementor-widget-text-editor\" data-id=\"acc2906\" data-element_type=\"widget\" data-e-type=\"widget\" data-widget_type=\"text-editor.default\">\n\t\t\t\t<div class=\"elementor-widget-container\">\n\t\t\t\t\t\t\t\t\t<p>Professore assistente, <strong>Universit\u00e0 di Scienze Manageriali Universit\u00e0 del Punjab<\/strong>, Cofondatore, , <strong>L'aumento intelligente<\/strong><\/p>\t\t\t\t\t\t\t\t<\/div>\n\t\t\t\t<\/div>\n\t\t\t\t<div class=\"elementor-element elementor-element-96e9fc3 premium-modal-dismissible-yes elementor-widget elementor-widget-premium-addon-modal-box\" data-id=\"96e9fc3\" data-element_type=\"widget\" data-e-type=\"widget\" data-settings=\"{&quot;premium_modal_box_animation&quot;:&quot;fadeInDown&quot;}\" data-widget_type=\"premium-addon-modal-box.default\">\n\t\t\t\t<div class=\"elementor-widget-container\">\n\t\t\t\t\t\n\t\t<div class=\"premium-modal-box-container\" data-settings=\"{&quot;trigger&quot;:&quot;button&quot;,&quot;show_on_exit&quot;:false}\">\n\t\t\t<div class=\"premium-modal-trigger-container\">\n\t\t\t\t\t\t\t\t\t<button data-toggle=\"premium-modal\" data-target=\"#premium-modal-96e9fc3\" type=\"button\" class=\"premium-modal-trigger-btn premium-btn-sm premium-button-none\" data-text=\"About More\">\n\n\t\t\t\t\t\t\n\t\t\t\t\t\t<div class=\"premium-button-text-icon-wrapper\">\n\t\t\t\t\t\t\t<span>Di pi\u00f9<\/span>\n\t\t\t\t\t\t<\/div>\n\n\t\t\t\t\t\t\n\t\t\t\t\t\t\n\t\t\t\t\t\t\n\t\t\t\t\t<\/button>\n\t\t\t\t\t\t\t<\/div>\n\n\t\t\t<div id=\"premium-modal-96e9fc3\" class=\"premium-modal-box-modal\"\n\t\t\trole=\"dialog\"\n\t\t\tstyle=\"display: none\"\n\t\t\t>\n\t\t\t\t<div class=\"premium-modal-box-modal-dialog\" data-delay-animation=\"\" data-modal-animation=\"fadeInDown animated-fast\">\n\t\t\t\t\t\t\t\t\t\t\t<div class=\"premium-modal-box-modal-header\">\n\t\t\t\t\t\t\t\t\t\t\t\t\t\t\t<h3 class=\"premium-modal-box-modal-title\">\n\t\t\t\t\t\t\t\t\tMuhammad Farooq\t\t\t\t\t\t\t\t<\/h3>\n\t\t\t\t\t\t\t\t\t\t\t\t\t\t\t\t\t\t\t\t\t\t<div class=\"premium-modal-box-close-button-container\">\n\t\t\t\t\t\t\t\t\t<button type=\"button\" class=\"premium-modal-box-modal-close\" data-dismiss=\"premium-modal\">\u00d7<\/button>\n\t\t\t\t\t\t\t\t<\/div>\n\t\t\t\t\t\t\t\t\t\t\t\t\t<\/div>\n\t\t\t\t\t\t\t\t\t\t<div class=\"premium-modal-box-modal-body\">\n\t\t\t\t\t\t\t\t\t\t\t\t\t<p><b>Dottor Muhammad Farooq<\/b><span style=\"font-weight: 400;\"> \u00e8 un accademico, formatore e imprenditore sociale il cui lavoro unisce sport, istruzione, sostenibilit\u00e0 e trasformazione digitale. \u00c8 cofondatore dell'impresa sociale Raise Smart e insegna all'Universit\u00e0 del Punjab, in Pakistan. Certificato attraverso programmi come il McKinsey Forward Programme, la formazione alla leadership della MISK Foundation e i Forum di pace rotariani delle Nazioni Unite, ha contribuito a numerosi progetti finanziati dall'UE, tra cui Erasmus+ e RECORD. La sua esperienza si concentra sul fornire ai giovani e ai professionisti strumenti che colleghino la ricerca alla pratica. Riconosciuto dal Programma di empowerment giovanile del governo pakistano, il dottor Farooq \u00e8 stato mentore di imprenditori, start-up e ONG a livello internazionale. All'ICSE 2025 affronter\u00e0 il tema dello sport, della disabilit\u00e0 e dell'inclusione, combinando la conoscenza accademica con l'innovazione pratica per promuovere l'equit\u00e0 sociale e l'istruzione trasformativa.<\/span><\/p>\n\t\t\t\t\t\t\t\t\t\t\t<\/div>\n\t\t\t\t\t\t\t\t\t\t\t<div class=\"premium-modal-box-modal-footer\">\n\t\t\t\t\t\t\t<button type=\"button\" class=\"premium-modal-box-modal-lower-close\" data-dismiss=\"premium-modal\">\n\t\t\t\t\t\t\t\tChiudere\t\t\t\t\t\t\t<\/button>\n\t\t\t\t\t\t<\/div>\n\t\t\t\t\t\t\t\t\t<\/div>\n\t\t\t<\/div>\n\t\t<\/div>\n\t\t\t\t\t\t<\/div>\n\t\t\t\t<\/div>\n\t\t\t\t<\/div>\n\t\t<div class=\"elementor-element elementor-element-76cf605 e-con-full e-flex wpr-particle-no wpr-jarallax-no wpr-parallax-no wpr-sticky-section-no wpr-column-slider-no wpr-equal-height-no e-con e-child\" data-id=\"76cf605\" data-element_type=\"container\" data-e-type=\"container\">\n\t\t\t\t<div class=\"elementor-element elementor-element-11ccf1f elementor-widget__width-inherit elementor-widget elementor-widget-text-editor\" data-id=\"11ccf1f\" data-element_type=\"widget\" data-e-type=\"widget\" data-widget_type=\"text-editor.default\">\n\t\t\t\t<div class=\"elementor-widget-container\">\n\t\t\t\t\t\t\t\t\t<p><strong>Sport e inclusione<\/strong><\/p>\t\t\t\t\t\t\t\t<\/div>\n\t\t\t\t<\/div>\n\t\t\t\t<div class=\"elementor-element elementor-element-374b380 elementor-widget-divider--view-line elementor-widget elementor-widget-divider\" data-id=\"374b380\" data-element_type=\"widget\" data-e-type=\"widget\" data-widget_type=\"divider.default\">\n\t\t\t\t<div class=\"elementor-widget-container\">\n\t\t\t\t\t\t\t<div class=\"elementor-divider\">\n\t\t\t<span class=\"elementor-divider-separator\">\n\t\t\t\t\t\t<\/span>\n\t\t<\/div>\n\t\t\t\t\t\t<\/div>\n\t\t\t\t<\/div>\n\t\t\t\t<div class=\"elementor-element elementor-element-4029363 elementor-widget elementor-widget-image\" data-id=\"4029363\" data-element_type=\"widget\" data-e-type=\"widget\" data-widget_type=\"image.default\">\n\t\t\t\t<div class=\"elementor-widget-container\">\n\t\t\t\t\t\t\t\t\t\t\t\t\t\t\t<img loading=\"lazy\" decoding=\"async\" width=\"2292\" height=\"2292\" src=\"https:\/\/icse-conference.com\/wp-content\/uploads\/2025\/09\/MelisNazli.png\" class=\"attachment-full size-full wp-image-5723\" alt=\"\" srcset=\"https:\/\/icse-conference.com\/wp-content\/uploads\/2025\/09\/MelisNazli.png 2292w, https:\/\/icse-conference.com\/wp-content\/uploads\/2025\/09\/MelisNazli-300x300.png 300w, https:\/\/icse-conference.com\/wp-content\/uploads\/2025\/09\/MelisNazli-1024x1024.png 1024w, https:\/\/icse-conference.com\/wp-content\/uploads\/2025\/09\/MelisNazli-150x150.png 150w, https:\/\/icse-conference.com\/wp-content\/uploads\/2025\/09\/MelisNazli-768x768.png 768w, https:\/\/icse-conference.com\/wp-content\/uploads\/2025\/09\/MelisNazli-1536x1536.png 1536w, https:\/\/icse-conference.com\/wp-content\/uploads\/2025\/09\/MelisNazli-2048x2048.png 2048w, https:\/\/icse-conference.com\/wp-content\/uploads\/2025\/09\/MelisNazli-12x12.png 12w\" sizes=\"(max-width: 2292px) 100vw, 2292px\" \/>\t\t\t\t\t\t\t\t\t\t\t\t\t\t\t<\/div>\n\t\t\t\t<\/div>\n\t\t\t\t<div class=\"elementor-element elementor-element-26cb622 elementor-widget elementor-widget-text-editor\" data-id=\"26cb622\" data-element_type=\"widget\" data-e-type=\"widget\" data-widget_type=\"text-editor.default\">\n\t\t\t\t<div class=\"elementor-widget-container\">\n\t\t\t\t\t\t\t\t\t<p><strong>Melis Nazl\u0131 Turhal<\/strong><\/p>\t\t\t\t\t\t\t\t<\/div>\n\t\t\t\t<\/div>\n\t\t\t\t<div class=\"elementor-element elementor-element-b161b9a elementor-widget elementor-widget-text-editor\" data-id=\"b161b9a\" data-element_type=\"widget\" data-e-type=\"widget\" data-widget_type=\"text-editor.default\">\n\t\t\t\t<div class=\"elementor-widget-container\">\n\t\t\t\t\t\t\t\t\t<p>Progettista e manager di progetti UE, <strong>Mine Vaganti NGO<\/strong>, Italia<\/p>\t\t\t\t\t\t\t\t<\/div>\n\t\t\t\t<\/div>\n\t\t\t\t<div class=\"elementor-element elementor-element-e28889c premium-modal-dismissible-yes elementor-widget elementor-widget-premium-addon-modal-box\" data-id=\"e28889c\" data-element_type=\"widget\" data-e-type=\"widget\" data-settings=\"{&quot;premium_modal_box_animation&quot;:&quot;fadeInDown&quot;}\" data-widget_type=\"premium-addon-modal-box.default\">\n\t\t\t\t<div class=\"elementor-widget-container\">\n\t\t\t\t\t\n\t\t<div class=\"premium-modal-box-container\" data-settings=\"{&quot;trigger&quot;:&quot;button&quot;,&quot;show_on_exit&quot;:false}\">\n\t\t\t<div class=\"premium-modal-trigger-container\">\n\t\t\t\t\t\t\t\t\t<button data-toggle=\"premium-modal\" data-target=\"#premium-modal-e28889c\" type=\"button\" class=\"premium-modal-trigger-btn premium-btn-sm premium-button-none\" data-text=\"About More\">\n\n\t\t\t\t\t\t\n\t\t\t\t\t\t<div class=\"premium-button-text-icon-wrapper\">\n\t\t\t\t\t\t\t<span>Di pi\u00f9<\/span>\n\t\t\t\t\t\t<\/div>\n\n\t\t\t\t\t\t\n\t\t\t\t\t\t\n\t\t\t\t\t\t\n\t\t\t\t\t<\/button>\n\t\t\t\t\t\t\t<\/div>\n\n\t\t\t<div id=\"premium-modal-e28889c\" class=\"premium-modal-box-modal\"\n\t\t\trole=\"dialog\"\n\t\t\tstyle=\"display: none\"\n\t\t\t>\n\t\t\t\t<div class=\"premium-modal-box-modal-dialog\" data-delay-animation=\"\" data-modal-animation=\"fadeInDown animated-fast\">\n\t\t\t\t\t\t\t\t\t\t\t<div class=\"premium-modal-box-modal-header\">\n\t\t\t\t\t\t\t\t\t\t\t\t\t\t\t<h3 class=\"premium-modal-box-modal-title\">\n\t\t\t\t\t\t\t\t\tMelis Nazl\u0131 Turhal\t\t\t\t\t\t\t\t<\/h3>\n\t\t\t\t\t\t\t\t\t\t\t\t\t\t\t\t\t\t\t\t\t\t<div class=\"premium-modal-box-close-button-container\">\n\t\t\t\t\t\t\t\t\t<button type=\"button\" class=\"premium-modal-box-modal-close\" data-dismiss=\"premium-modal\">\u00d7<\/button>\n\t\t\t\t\t\t\t\t<\/div>\n\t\t\t\t\t\t\t\t\t\t\t\t\t<\/div>\n\t\t\t\t\t\t\t\t\t\t<div class=\"premium-modal-box-modal-body\">\n\t\t\t\t\t\t\t\t\t\t\t\t\t<p><strong>Melis Nazl\u0131 Turhal<\/strong> \u00e8 Senior Project Manager e consulente per i finanziamenti europei presso l'ONG Mine Vaganti, dove conduce iniziative internazionali nell'ambito di Horizon Europe, Erasmus+ e altri importanti quadri di finanziamento dell'UE. Con oltre dieci anni di esperienza nella progettazione, gestione e attuazione strategica di progetti, ha guidato con successo consorzi multidisciplinari in tutta Europa per ottenere un impatto misurabile in materia di innovazione, sostenibilit\u00e0, trasformazione digitale e inclusione sociale. Allo stesso tempo, in qualit\u00e0 di imprenditrice e fondatrice di IDA Software and Consultancy, fornisce servizi di consulenza su misura a universit\u00e0, PMI e ONG, sostenendo lo sviluppo di proposte competitive nell'ambito di programmi ERC, MSCA, IA e CSA. Il suo portfolio include anche una solida esperienza nel settore dello sport, dove ha coordinato progetti che promuovono l'uguaglianza di genere, la digitalizzazione e la partecipazione di gruppi svantaggiati allo sport. Grazie a un'ampia rete professionale che abbraccia la Turchia e l'intera Europa, Melis continua a costruire ponti tra i vari settori e a promuovere un impatto sostenibile nell'ecosistema dei finanziamenti europei.<\/p>\n\t\t\t\t\t\t\t\t\t\t\t<\/div>\n\t\t\t\t\t\t\t\t\t\t\t<div class=\"premium-modal-box-modal-footer\">\n\t\t\t\t\t\t\t<button type=\"button\" class=\"premium-modal-box-modal-lower-close\" data-dismiss=\"premium-modal\">\n\t\t\t\t\t\t\t\tChiudere\t\t\t\t\t\t\t<\/button>\n\t\t\t\t\t\t<\/div>\n\t\t\t\t\t\t\t\t\t<\/div>\n\t\t\t<\/div>\n\t\t<\/div>\n\t\t\t\t\t\t<\/div>\n\t\t\t\t<\/div>\n\t\t\t\t<\/div>\n\t\t<div class=\"elementor-element elementor-element-0a130b3 e-con-full e-flex wpr-particle-no wpr-jarallax-no wpr-parallax-no wpr-sticky-section-no wpr-column-slider-no wpr-equal-height-no e-con e-child\" data-id=\"0a130b3\" data-element_type=\"container\" data-e-type=\"container\">\n\t\t\t\t<div class=\"elementor-element elementor-element-7961ee8 elementor-widget__width-inherit elementor-widget elementor-widget-text-editor\" data-id=\"7961ee8\" data-element_type=\"widget\" data-e-type=\"widget\" data-widget_type=\"text-editor.default\">\n\t\t\t\t<div class=\"elementor-widget-container\">\n\t\t\t\t\t\t\t\t\t<p><strong>Sport e inclusione<\/strong><\/p>\t\t\t\t\t\t\t\t<\/div>\n\t\t\t\t<\/div>\n\t\t\t\t<div class=\"elementor-element elementor-element-7379285 elementor-widget-divider--view-line elementor-widget elementor-widget-divider\" data-id=\"7379285\" data-element_type=\"widget\" data-e-type=\"widget\" data-widget_type=\"divider.default\">\n\t\t\t\t<div class=\"elementor-widget-container\">\n\t\t\t\t\t\t\t<div class=\"elementor-divider\">\n\t\t\t<span class=\"elementor-divider-separator\">\n\t\t\t\t\t\t<\/span>\n\t\t<\/div>\n\t\t\t\t\t\t<\/div>\n\t\t\t\t<\/div>\n\t\t\t\t<div class=\"elementor-element elementor-element-a26425f elementor-widget elementor-widget-image\" data-id=\"a26425f\" data-element_type=\"widget\" data-e-type=\"widget\" data-widget_type=\"image.default\">\n\t\t\t\t<div class=\"elementor-widget-container\">\n\t\t\t\t\t\t\t\t\t\t\t\t\t\t\t<img loading=\"lazy\" decoding=\"async\" width=\"483\" height=\"483\" src=\"https:\/\/icse-conference.com\/wp-content\/uploads\/2025\/09\/1727806063211-copy.png\" class=\"attachment-full size-full wp-image-5724\" alt=\"\" srcset=\"https:\/\/icse-conference.com\/wp-content\/uploads\/2025\/09\/1727806063211-copy.png 483w, https:\/\/icse-conference.com\/wp-content\/uploads\/2025\/09\/1727806063211-copy-300x300.png 300w, https:\/\/icse-conference.com\/wp-content\/uploads\/2025\/09\/1727806063211-copy-150x150.png 150w, https:\/\/icse-conference.com\/wp-content\/uploads\/2025\/09\/1727806063211-copy-12x12.png 12w\" sizes=\"(max-width: 483px) 100vw, 483px\" \/>\t\t\t\t\t\t\t\t\t\t\t\t\t\t\t<\/div>\n\t\t\t\t<\/div>\n\t\t\t\t<div class=\"elementor-element elementor-element-206f4b0 elementor-widget elementor-widget-text-editor\" data-id=\"206f4b0\" data-element_type=\"widget\" data-e-type=\"widget\" data-widget_type=\"text-editor.default\">\n\t\t\t\t<div class=\"elementor-widget-container\">\n\t\t\t\t\t\t\t\t\t<p><strong>Donatella Coradduzza<\/strong><\/p>\t\t\t\t\t\t\t\t<\/div>\n\t\t\t\t<\/div>\n\t\t\t\t<div class=\"elementor-element elementor-element-471621f elementor-widget elementor-widget-text-editor\" data-id=\"471621f\" data-element_type=\"widget\" data-e-type=\"widget\" data-widget_type=\"text-editor.default\">\n\t\t\t\t<div class=\"elementor-widget-container\">\n\t\t\t\t\t\t\t\t\t<p><span class=\"a_GcMg font-feature-liga-off font-feature-clig-off font-feature-calt-off text-decoration-none text-strikethrough-none\">Ricercatore associato presso <strong>Universit\u00e0 di Sassari<\/strong><\/span><\/p>\t\t\t\t\t\t\t\t<\/div>\n\t\t\t\t<\/div>\n\t\t\t\t<div class=\"elementor-element elementor-element-2ccff3b premium-modal-dismissible-yes elementor-widget elementor-widget-premium-addon-modal-box\" data-id=\"2ccff3b\" data-element_type=\"widget\" data-e-type=\"widget\" data-settings=\"{&quot;premium_modal_box_animation&quot;:&quot;fadeInDown&quot;}\" data-widget_type=\"premium-addon-modal-box.default\">\n\t\t\t\t<div class=\"elementor-widget-container\">\n\t\t\t\t\t\n\t\t<div class=\"premium-modal-box-container\" data-settings=\"{&quot;trigger&quot;:&quot;button&quot;,&quot;show_on_exit&quot;:false}\">\n\t\t\t<div class=\"premium-modal-trigger-container\">\n\t\t\t\t\t\t\t\t\t<button data-toggle=\"premium-modal\" data-target=\"#premium-modal-2ccff3b\" type=\"button\" class=\"premium-modal-trigger-btn premium-btn-sm premium-button-none\" data-text=\"About More\">\n\n\t\t\t\t\t\t\n\t\t\t\t\t\t<div class=\"premium-button-text-icon-wrapper\">\n\t\t\t\t\t\t\t<span>Di pi\u00f9<\/span>\n\t\t\t\t\t\t<\/div>\n\n\t\t\t\t\t\t\n\t\t\t\t\t\t\n\t\t\t\t\t\t\n\t\t\t\t\t<\/button>\n\t\t\t\t\t\t\t<\/div>\n\n\t\t\t<div id=\"premium-modal-2ccff3b\" class=\"premium-modal-box-modal\"\n\t\t\trole=\"dialog\"\n\t\t\tstyle=\"display: none\"\n\t\t\t>\n\t\t\t\t<div class=\"premium-modal-box-modal-dialog\" data-delay-animation=\"\" data-modal-animation=\"fadeInDown animated-fast\">\n\t\t\t\t\t\t\t\t\t\t\t<div class=\"premium-modal-box-modal-header\">\n\t\t\t\t\t\t\t\t\t\t\t\t\t\t\t<h3 class=\"premium-modal-box-modal-title\">\n\t\t\t\t\t\t\t\t\tDonatella Coradduzza\t\t\t\t\t\t\t\t<\/h3>\n\t\t\t\t\t\t\t\t\t\t\t\t\t\t\t\t\t\t\t\t\t\t<div class=\"premium-modal-box-close-button-container\">\n\t\t\t\t\t\t\t\t\t<button type=\"button\" class=\"premium-modal-box-modal-close\" data-dismiss=\"premium-modal\">\u00d7<\/button>\n\t\t\t\t\t\t\t\t<\/div>\n\t\t\t\t\t\t\t\t\t\t\t\t\t<\/div>\n\t\t\t\t\t\t\t\t\t\t<div class=\"premium-modal-box-modal-body\">\n\t\t\t\t\t\t\t\t\t\t\t\t\t<p class=\"p1\"><strong>Dott.ssa Donatella Coradduzza<\/strong> \u00e8 ricercatrice in Biochimica clinica presso l'Universit\u00e0 di Sassari. Ha conseguito il dottorato di ricerca in Scienze della Vita e Biotecnologie con specializzazione in Biochimica Clinica e Proteomica. La sua ricerca si concentra sui biomarcatori circolanti (proteine, ncRNA, peptidi mitocondriali, metalli) per il cancro, le malattie autoimmuni e neurodegenerative, integrando approcci omici e medicina traslazionale. \u00c8 autrice di oltre 39 pubblicazioni peer-reviewed, \u00e8 Guest Editor e revisore per riviste internazionali e ha coordinato\/partecipato a diversi progetti Erasmus+ e Horizon Europe, promuovendo collaborazioni interdisciplinari e internazionali.<\/p>\n\t\t\t\t\t\t\t\t\t\t\t<\/div>\n\t\t\t\t\t\t\t\t\t\t\t<div class=\"premium-modal-box-modal-footer\">\n\t\t\t\t\t\t\t<button type=\"button\" class=\"premium-modal-box-modal-lower-close\" data-dismiss=\"premium-modal\">\n\t\t\t\t\t\t\t\tChiudere\t\t\t\t\t\t\t<\/button>\n\t\t\t\t\t\t<\/div>\n\t\t\t\t\t\t\t\t\t<\/div>\n\t\t\t<\/div>\n\t\t<\/div>\n\t\t\t\t\t\t<\/div>\n\t\t\t\t<\/div>\n\t\t\t\t<\/div>\n\t\t\t\t<\/div>\n\t\t<div class=\"elementor-element elementor-element-ddad7d7 e-con-full e-flex wpr-particle-no wpr-jarallax-no wpr-parallax-no wpr-sticky-section-no wpr-column-slider-no wpr-equal-height-no e-con e-child\" data-id=\"ddad7d7\" data-element_type=\"container\" data-e-type=\"container\">\n\t\t<div class=\"elementor-element elementor-element-771ff8b e-con-full e-flex wpr-particle-no wpr-jarallax-no wpr-parallax-no wpr-sticky-section-no wpr-column-slider-no wpr-equal-height-no e-con e-child\" data-id=\"771ff8b\" data-element_type=\"container\" data-e-type=\"container\">\n\t\t\t\t<div class=\"elementor-element elementor-element-e0d2ce6 elementor-widget__width-inherit elementor-widget elementor-widget-text-editor\" data-id=\"e0d2ce6\" data-element_type=\"widget\" data-e-type=\"widget\" data-widget_type=\"text-editor.default\">\n\t\t\t\t<div class=\"elementor-widget-container\">\n\t\t\t\t\t\t\t\t\t<p><strong>Sport e nutrizione<\/strong><\/p>\t\t\t\t\t\t\t\t<\/div>\n\t\t\t\t<\/div>\n\t\t\t\t<div class=\"elementor-element elementor-element-d09b193 elementor-widget-divider--view-line elementor-widget elementor-widget-divider\" data-id=\"d09b193\" data-element_type=\"widget\" data-e-type=\"widget\" data-widget_type=\"divider.default\">\n\t\t\t\t<div class=\"elementor-widget-container\">\n\t\t\t\t\t\t\t<div class=\"elementor-divider\">\n\t\t\t<span class=\"elementor-divider-separator\">\n\t\t\t\t\t\t<\/span>\n\t\t<\/div>\n\t\t\t\t\t\t<\/div>\n\t\t\t\t<\/div>\n\t\t\t\t<div class=\"elementor-element elementor-element-6c5fa3b elementor-widget elementor-widget-image\" data-id=\"6c5fa3b\" data-element_type=\"widget\" data-e-type=\"widget\" data-widget_type=\"image.default\">\n\t\t\t\t<div class=\"elementor-widget-container\">\n\t\t\t\t\t\t\t\t\t\t\t\t\t\t\t<img loading=\"lazy\" decoding=\"async\" width=\"2560\" height=\"2560\" src=\"https:\/\/icse-conference.com\/wp-content\/uploads\/2025\/09\/Vedant-scaled.png\" class=\"attachment-full size-full wp-image-5725\" alt=\"\" srcset=\"https:\/\/icse-conference.com\/wp-content\/uploads\/2025\/09\/Vedant-scaled.png 2560w, https:\/\/icse-conference.com\/wp-content\/uploads\/2025\/09\/Vedant-300x300.png 300w, https:\/\/icse-conference.com\/wp-content\/uploads\/2025\/09\/Vedant-1024x1024.png 1024w, https:\/\/icse-conference.com\/wp-content\/uploads\/2025\/09\/Vedant-150x150.png 150w, https:\/\/icse-conference.com\/wp-content\/uploads\/2025\/09\/Vedant-768x768.png 768w, https:\/\/icse-conference.com\/wp-content\/uploads\/2025\/09\/Vedant-1536x1536.png 1536w, https:\/\/icse-conference.com\/wp-content\/uploads\/2025\/09\/Vedant-2048x2048.png 2048w, https:\/\/icse-conference.com\/wp-content\/uploads\/2025\/09\/Vedant-12x12.png 12w\" sizes=\"(max-width: 2560px) 100vw, 2560px\" \/>\t\t\t\t\t\t\t\t\t\t\t\t\t\t\t<\/div>\n\t\t\t\t<\/div>\n\t\t\t\t<div class=\"elementor-element elementor-element-683b705 elementor-widget elementor-widget-text-editor\" data-id=\"683b705\" data-element_type=\"widget\" data-e-type=\"widget\" data-widget_type=\"text-editor.default\">\n\t\t\t\t<div class=\"elementor-widget-container\">\n\t\t\t\t\t\t\t\t\t<p><strong>Vedant Bhrambhatt<\/strong><\/p>\t\t\t\t\t\t\t\t<\/div>\n\t\t\t\t<\/div>\n\t\t\t\t<div class=\"elementor-element elementor-element-7482b2f elementor-widget elementor-widget-text-editor\" data-id=\"7482b2f\" data-element_type=\"widget\" data-e-type=\"widget\" data-widget_type=\"text-editor.default\">\n\t\t\t\t<div class=\"elementor-widget-container\">\n\t\t\t\t\t\t\t\t\t<p><span class=\"a_GcMg font-feature-liga-off font-feature-clig-off font-feature-calt-off text-decoration-none text-strikethrough-none\">MD Esteem Publication UK, responsabile della ricerca presso <strong>Il progetto di ricerca verde<\/strong><\/span><\/p>\t\t\t\t\t\t\t\t<\/div>\n\t\t\t\t<\/div>\n\t\t\t\t<div class=\"elementor-element elementor-element-3ca2bb5 premium-modal-dismissible-yes elementor-widget elementor-widget-premium-addon-modal-box\" data-id=\"3ca2bb5\" data-element_type=\"widget\" data-e-type=\"widget\" data-settings=\"{&quot;premium_modal_box_animation&quot;:&quot;fadeInDown&quot;}\" data-widget_type=\"premium-addon-modal-box.default\">\n\t\t\t\t<div class=\"elementor-widget-container\">\n\t\t\t\t\t\n\t\t<div class=\"premium-modal-box-container\" data-settings=\"{&quot;trigger&quot;:&quot;button&quot;,&quot;show_on_exit&quot;:false}\">\n\t\t\t<div class=\"premium-modal-trigger-container\">\n\t\t\t\t\t\t\t\t\t<button data-toggle=\"premium-modal\" data-target=\"#premium-modal-3ca2bb5\" type=\"button\" class=\"premium-modal-trigger-btn premium-btn-sm premium-button-none\" data-text=\"About More\">\n\n\t\t\t\t\t\t\n\t\t\t\t\t\t<div class=\"premium-button-text-icon-wrapper\">\n\t\t\t\t\t\t\t<span>Di pi\u00f9<\/span>\n\t\t\t\t\t\t<\/div>\n\n\t\t\t\t\t\t\n\t\t\t\t\t\t\n\t\t\t\t\t\t\n\t\t\t\t\t<\/button>\n\t\t\t\t\t\t\t<\/div>\n\n\t\t\t<div id=\"premium-modal-3ca2bb5\" class=\"premium-modal-box-modal\"\n\t\t\trole=\"dialog\"\n\t\t\tstyle=\"display: none\"\n\t\t\t>\n\t\t\t\t<div class=\"premium-modal-box-modal-dialog\" data-delay-animation=\"\" data-modal-animation=\"fadeInDown animated-fast\">\n\t\t\t\t\t\t\t\t\t\t\t<div class=\"premium-modal-box-modal-header\">\n\t\t\t\t\t\t\t\t\t\t\t\t\t\t\t<h3 class=\"premium-modal-box-modal-title\">\n\t\t\t\t\t\t\t\t\tVedant Bhrambhatt\t\t\t\t\t\t\t\t<\/h3>\n\t\t\t\t\t\t\t\t\t\t\t\t\t\t\t\t\t\t\t\t\t\t<div class=\"premium-modal-box-close-button-container\">\n\t\t\t\t\t\t\t\t\t<button type=\"button\" class=\"premium-modal-box-modal-close\" data-dismiss=\"premium-modal\">\u00d7<\/button>\n\t\t\t\t\t\t\t\t<\/div>\n\t\t\t\t\t\t\t\t\t\t\t\t\t<\/div>\n\t\t\t\t\t\t\t\t\t\t<div class=\"premium-modal-box-modal-body\">\n\t\t\t\t\t\t\t\t\t\t\t\t\t<p><span style=\"font-weight: 400;\">Vedant Bhrambhatt \u00e8 amministratore delegato di Esteem Group, un'azienda con sede nel Regno Unito che si occupa di editoria, ricerca accademica e media.  \u00c8 stato docente in visita al St. Xavier's College, dove ha insegnato Gestione delle pubblicazioni e dei contenuti. \u00c8 anche redattore capo di The Social Digest, una rivista londinese che si occupa di questioni sociali. La sua ricerca \u00e8 specializzata nel comportamento dei consumatori ecologici e, in qualit\u00e0 di responsabile della ricerca per \"The Green Research Project\", guida un team di oltre 110 assistenti di ricerca in diversi progetti e ha pubblicato diversi articoli sul consumismo ecologico. \u00c8 anche un organizzatore esperto di TEDx, con diversi eventi TEDx organizzati negli ultimi 6 anni. Nella sua sessione affronter\u00e0 il tema di come la metodologia dell'\"Educazione attraverso lo sport\" possa essere sfruttata per favorire pratiche sostenibili e promuovere la salute olistica.\u00a0<\/span><\/p>\n\t\t\t\t\t\t\t\t\t\t\t<\/div>\n\t\t\t\t\t\t\t\t\t\t\t<div class=\"premium-modal-box-modal-footer\">\n\t\t\t\t\t\t\t<button type=\"button\" class=\"premium-modal-box-modal-lower-close\" data-dismiss=\"premium-modal\">\n\t\t\t\t\t\t\t\tChiudere\t\t\t\t\t\t\t<\/button>\n\t\t\t\t\t\t<\/div>\n\t\t\t\t\t\t\t\t\t<\/div>\n\t\t\t<\/div>\n\t\t<\/div>\n\t\t\t\t\t\t<\/div>\n\t\t\t\t<\/div>\n\t\t\t\t<\/div>\n\t\t<div class=\"elementor-element elementor-element-f4d251f e-con-full e-flex wpr-particle-no wpr-jarallax-no wpr-parallax-no wpr-sticky-section-no wpr-column-slider-no wpr-equal-height-no e-con e-child\" data-id=\"f4d251f\" data-element_type=\"container\" data-e-type=\"container\">\n\t\t\t\t<div class=\"elementor-element elementor-element-1f40394 elementor-widget__width-inherit elementor-widget elementor-widget-text-editor\" data-id=\"1f40394\" data-element_type=\"widget\" data-e-type=\"widget\" data-widget_type=\"text-editor.default\">\n\t\t\t\t<div class=\"elementor-widget-container\">\n\t\t\t\t\t\t\t\t\t<p><strong>Sport e inclusione<\/strong><\/p>\t\t\t\t\t\t\t\t<\/div>\n\t\t\t\t<\/div>\n\t\t\t\t<div class=\"elementor-element elementor-element-dffb166 elementor-widget-divider--view-line elementor-widget elementor-widget-divider\" data-id=\"dffb166\" data-element_type=\"widget\" data-e-type=\"widget\" data-widget_type=\"divider.default\">\n\t\t\t\t<div class=\"elementor-widget-container\">\n\t\t\t\t\t\t\t<div class=\"elementor-divider\">\n\t\t\t<span class=\"elementor-divider-separator\">\n\t\t\t\t\t\t<\/span>\n\t\t<\/div>\n\t\t\t\t\t\t<\/div>\n\t\t\t\t<\/div>\n\t\t\t\t<div class=\"elementor-element elementor-element-4925f11 elementor-widget elementor-widget-image\" data-id=\"4925f11\" data-element_type=\"widget\" data-e-type=\"widget\" data-widget_type=\"image.default\">\n\t\t\t\t<div class=\"elementor-widget-container\">\n\t\t\t\t\t\t\t\t\t\t\t\t\t\t\t<img loading=\"lazy\" decoding=\"async\" width=\"684\" height=\"684\" src=\"https:\/\/icse-conference.com\/wp-content\/uploads\/2025\/11\/MarcoFaccin.png\" class=\"attachment-full size-full wp-image-5990\" alt=\"\" srcset=\"https:\/\/icse-conference.com\/wp-content\/uploads\/2025\/11\/MarcoFaccin.png 684w, https:\/\/icse-conference.com\/wp-content\/uploads\/2025\/11\/MarcoFaccin-300x300.png 300w, https:\/\/icse-conference.com\/wp-content\/uploads\/2025\/11\/MarcoFaccin-150x150.png 150w, https:\/\/icse-conference.com\/wp-content\/uploads\/2025\/11\/MarcoFaccin-12x12.png 12w\" sizes=\"(max-width: 684px) 100vw, 684px\" \/>\t\t\t\t\t\t\t\t\t\t\t\t\t\t\t<\/div>\n\t\t\t\t<\/div>\n\t\t\t\t<div class=\"elementor-element elementor-element-fb5726d elementor-widget elementor-widget-text-editor\" data-id=\"fb5726d\" data-element_type=\"widget\" data-e-type=\"widget\" data-widget_type=\"text-editor.default\">\n\t\t\t\t<div class=\"elementor-widget-container\">\n\t\t\t\t\t\t\t\t\t<p><strong>Marco Faccin<\/strong><\/p>\t\t\t\t\t\t\t\t<\/div>\n\t\t\t\t<\/div>\n\t\t\t\t<div class=\"elementor-element elementor-element-09cdad7 elementor-widget elementor-widget-text-editor\" data-id=\"09cdad7\" data-element_type=\"widget\" data-e-type=\"widget\" data-widget_type=\"text-editor.default\">\n\t\t\t\t<div class=\"elementor-widget-container\">\n\t\t\t\t\t\t\t\t\t<p>Progettista di progetti UE <strong>Mine Vaganti NGO<\/strong>, Italia<\/p>\t\t\t\t\t\t\t\t<\/div>\n\t\t\t\t<\/div>\n\t\t\t\t<div class=\"elementor-element elementor-element-8a2756f premium-modal-dismissible-yes elementor-widget elementor-widget-premium-addon-modal-box\" data-id=\"8a2756f\" data-element_type=\"widget\" data-e-type=\"widget\" data-settings=\"{&quot;premium_modal_box_animation&quot;:&quot;fadeInDown&quot;}\" data-widget_type=\"premium-addon-modal-box.default\">\n\t\t\t\t<div class=\"elementor-widget-container\">\n\t\t\t\t\t\n\t\t<div class=\"premium-modal-box-container\" data-settings=\"{&quot;trigger&quot;:&quot;button&quot;,&quot;show_on_exit&quot;:false}\">\n\t\t\t<div class=\"premium-modal-trigger-container\">\n\t\t\t\t\t\t\t\t\t<button data-toggle=\"premium-modal\" data-target=\"#premium-modal-8a2756f\" type=\"button\" class=\"premium-modal-trigger-btn premium-btn-sm premium-button-none\" data-text=\"About More\">\n\n\t\t\t\t\t\t\n\t\t\t\t\t\t<div class=\"premium-button-text-icon-wrapper\">\n\t\t\t\t\t\t\t<span>Di pi\u00f9<\/span>\n\t\t\t\t\t\t<\/div>\n\n\t\t\t\t\t\t\n\t\t\t\t\t\t\n\t\t\t\t\t\t\n\t\t\t\t\t<\/button>\n\t\t\t\t\t\t\t<\/div>\n\n\t\t\t<div id=\"premium-modal-8a2756f\" class=\"premium-modal-box-modal\"\n\t\t\trole=\"dialog\"\n\t\t\tstyle=\"display: none\"\n\t\t\t>\n\t\t\t\t<div class=\"premium-modal-box-modal-dialog\" data-delay-animation=\"\" data-modal-animation=\"fadeInDown animated-fast\">\n\t\t\t\t\t\t\t\t\t\t\t<div class=\"premium-modal-box-modal-header\">\n\t\t\t\t\t\t\t\t\t\t\t\t\t\t\t<h3 class=\"premium-modal-box-modal-title\">\n\t\t\t\t\t\t\t\t\tMarco Faccin\t\t\t\t\t\t\t\t<\/h3>\n\t\t\t\t\t\t\t\t\t\t\t\t\t\t\t\t\t\t\t\t\t\t<div class=\"premium-modal-box-close-button-container\">\n\t\t\t\t\t\t\t\t\t<button type=\"button\" class=\"premium-modal-box-modal-close\" data-dismiss=\"premium-modal\">\u00d7<\/button>\n\t\t\t\t\t\t\t\t<\/div>\n\t\t\t\t\t\t\t\t\t\t\t\t\t<\/div>\n\t\t\t\t\t\t\t\t\t\t<div class=\"premium-modal-box-modal-body\">\n\t\t\t\t\t\t\t\t\t\t\t\t\t<div class=\"html-div xdj266r x14z9mp xat24cr x1lziwak xexx8yu xyri2b x18d9i69 x1c1uobl x6ikm8r x10wlt62\"><div class=\"html-div xdj266r x14z9mp xat24cr x1lziwak x14ctfv x13sv91t x6ikm8r x10wlt62 xerhiuh x1pn3fxy x10zy8in xm9bcq3 x1n2onr6 x1vjfegm x1k4qllp x1mzt3pk x13faqbe x1xr0vuk x1jm4cbz x114wg8e xrrpcnn x14rx4xb x13fuv20 x18b5jzi x1q0q8m5 x1t7ytsu x19livfd x1h2krnu x3p3xfz xet2kk3 xaymx6s x1lu5o8o x1ou5ly4 xofb2d2\" role=\"presentation\"><div class=\"html-div xexx8yu xyri2b x18d9i69 x1c1uobl x1gslohp x14z9mp x12nagc x1lziwak x1yc453h x126k92a x18lvrbx\" dir=\"auto\"><strong>Marco Faccin<\/strong> \u00e8 progettista di progetti europei e autore di sovvenzioni. Ha conseguito una laurea in Management culturale presso l'Universit\u00e0 Ca\u2019 Foscari di Venezia e un Master in Gestione dell'economia sociale presso l'Universit\u00e0 di Bolonia. La sua formazione ibrida tra arte, economia e scienze umane gli ha permesso di scrivere e gestire progetti intersettoriali tra cultura, imprenditoria, inclusione sociale e istruzione. Tra il 2022 e il 2025 ha lavorato come progettista e manager culturale per il progetto Next Generation finanziato dall'UE \u201cI Giardini del Palladio\u201d, ristrutturando e valorizzando i giardini storici della palladiana Villa Godi Malinverni, patrimonio mondiale dell'UNESCO. Dal 2022 lavora come progettista europeo, assistente al project manager e formatore per MVNGO, MVI e Nest Berlin. Collabora inoltre con altre societ\u00e0 di consulenza ed enti culturali nello sviluppo di iniziative di raccolta fondi, progetti europei ed eventi culturali. Parla italiano, inglese e spagnolo.<\/div><\/div><\/div><div class=\"html-div xdj266r x14z9mp xat24cr x1lziwak xexx8yu xyri2b x18d9i69 x1c1uobl x1h91t0o xkh2ocl x78zum5 xdt5ytf x13a6bvl x193iq5w x1iyjqo2 x1eb86dx\" role=\"presentation\">\u00a0<\/div>\n\t\t\t\t\t\t\t\t\t\t\t<\/div>\n\t\t\t\t\t\t\t\t\t\t\t<div class=\"premium-modal-box-modal-footer\">\n\t\t\t\t\t\t\t<button type=\"button\" class=\"premium-modal-box-modal-lower-close\" data-dismiss=\"premium-modal\">\n\t\t\t\t\t\t\t\tChiudere\t\t\t\t\t\t\t<\/button>\n\t\t\t\t\t\t<\/div>\n\t\t\t\t\t\t\t\t\t<\/div>\n\t\t\t<\/div>\n\t\t<\/div>\n\t\t\t\t\t\t<\/div>\n\t\t\t\t<\/div>\n\t\t\t\t<\/div>\n\t\t<div class=\"elementor-element elementor-element-6db454a e-con-full e-flex wpr-particle-no wpr-jarallax-no wpr-parallax-no wpr-sticky-section-no wpr-column-slider-no wpr-equal-height-no e-con e-child\" data-id=\"6db454a\" data-element_type=\"container\" data-e-type=\"container\">\n\t\t\t\t<\/div>\n\t\t\t\t<\/div>\n\t\t\t\t<\/div>\n\t\t\t\t\t<\/div>\n\t\t\t\t<\/div>\n\t\t\t\t<\/div>","protected":false},"excerpt":{"rendered":"<p>MEET OUR SPEAKERS Discover the Professionals Speaking Education Through Sports Keynote\u00a0Speaker Brett Smith Professor of Disability and Physical Activity, Durham University About More Brett Smith &times; Prof. Brett Smith is Professor of Disability and Physical Activity at Durham University, UK, and a Visiting Professor in England, China, Greece, and South Africa. He authored the UK Chief Medical Officers\u2019 Physical Activity Guidelines and led the first national guidelines for disabled adults and children. Brett advises the UK Government, ParalympicsGB, Sport England, and the German Federal Ministry of Health on disability, sport, and co-production. He is Principal Investigator of the award-winning Moving Social Work project, embedding physical activity in social work education and practice. An internationally recognised qualitative research methodologist, Brett is a co-founder of the International Society of Qualitative Research in Sport and Exercise and has been consistently ranked among the Top 100 Cited Researchers worldwide in Sport Sciences. Close Keynote Speaker Nuno Alberto Seruca Ferro Assistant Professor at Faculdade de Motricidade Humana, University of Lisbon About More Nuno Alberto Seruca Ferro &times; Nuno Alberto Seruca Ferro is an Invited Assistant Professor at Faculdade de Motricidade Humana, University of Lisbon, in the Department of Education, Social Sciences, and Humanities. He is also President of the Sociedade Portuguesa de Educa\u00e7\u00e3o F\u00edsica. Close MODERATOR Ant\u00f3nio Labisa Palmeira Associate Professor, FEFD &#8211; Faculty of Physical Education and Sport CIDEFES &#8211; Research group in Sports behavior, Physical Education, and Exercise and Health Sciences About More Ant\u00f3nio Labisa Palmeira &times; Prof. Ant\u00f3nio Palmeira is Associate Professor at Universidade Lus\u00f3fona, Director of the CIDEFES research centre, and Head of the PhD program in Physical Education and Sports. He serves as Executive Director of the International Society of Behavioral Nutrition and Physical Activity. With a PhD in Health and Physical Activity and a Habilitation completed in 2021, he has authored around 100 journal articles, over 200 conference works, and four books, and has supervised more than 100 dissertations. His research focuses on physical activity, exercise motivation, obesity, well-being, and body image, with a strong record of international collaboration and scientific impact. Close Keynote Speaker Isabel Mesquita Full Professor at the Faculty of Sport, University of Porto, Coordinator of the Sport, Education and Culture area at the Research Centre of Education, Innovation and Intervention in Sport. About More Isabel Mesquita &times; Prof. Isabel Mesquita is Full Professor at the Faculty of Sport, University of Porto, and Coordinator of the Sport, Education and Culture area at the Research Centre of Education, Innovation and Intervention in Sport. She is a member of the National Commission for Coach Education Regulation in Portugal and serves on the Scientific Commission of the Master\u2019s in Teaching Physical Education. An International Coach Education Course Lecturer for the International Volleyball Federation, she has authored over 120 peer-reviewed articles, 31 book chapters, and seven books. Her research focuses on sport pedagogy, coaching education, instructional approaches, and physical education. Close KEYNOTE SPEAKER Nuno Laurentino Instituto Portugu\u00eas do Desporto e Juventude, Former Portuguese Olympic Swimmer About More Nuno Laurentino &times; Nuno Filipe Gomes Laurentino is a former Portuguese Olympic swimmer who represented Portugal at the 1996 Atlanta and 2000 Sydney Games. Widely regarded as one of the most versatile Portuguese swimmers of all time, he once held half of all national swimming records. Laurentino was the first Portuguese swimmer to break the 50-second barrier in the 100m freestyle short course and the first Iberian swimmer to do so in the long course. A University of Florida alumnus and NCAA competitor, he retired from professional swimming in 2007. Close KEYNOTE SPEAKER Patricia Coutinho Senior Lecturer, Faculty of Sport, University of Porto; Researcher, CIFI2D \u2013 Centre for Research, Education, Innovation and Intervention in Sport About More Patricia Coutinho &times; Patr\u00edcia Coutinho, PhD, is a Senior Lecturer at the Faculty of Sport of the University of Porto and an integrated researcher at the Centre for Research, Education, Innovation, and Intervention in Sport (CIFI2D). She is also a member of the Ethics Committee and the Scientific Committee of the Master&#8217;s in Sports Training of the same institution. Her research interests focus on Sport Pedagogy and Didactics applied to the field of Sports Training, with a special emphasis on the processes of Long-Term Athlete Development, Talent Development and Dual Careers of Athletes. She has nearly 100 scientific publications in these fields. Patr\u00edcia is also a coach educator of the Portuguese Volleyball Federation. As a volleyball coach, she holds the highest level of certification in Portugal (level 3) and has accumulated more than 20 years of experience. Close MODERATOR Jo\u00e3o Valente dos Santos Assistant Professor at the Faculty of Physical Education and Sport, Universidade Lus\u00f3fona, Researcher at CIDEFES About More Jo\u00e3o Alberto Valente dos Santos &times; Jo\u00e3o Alberto Valente dos Santos is Assistant Professor at the Faculty of Physical Education and Sport, Universidade Lus\u00f3fona, and a researcher at CIDEFES \u2013 Centre for Research in Sport, Physical Education, Exercise and Health. He completed a professional internship at FC Barcelona in High-Performance Sports Training and has held teaching and research positions at the University of Coimbra and the Faculty of Medicine\u2019s Institute for Biomedical Imaging and Life Sciences. His teaching covers areas such as psychophysiology, roller hockey, skating, and sports training. Close Sport Tourism Keynote\u00a0Speaker Domenico Dentoni Full Professor in Business, Resilience &amp; Transformation, Montpellier Business School, France About More Domenico Dentoni &times; Domenico Dentoni is Full Professor of Business, Resilience &amp; Transformation at Montpellier Business School, France. To address complex sustainability and regeneration challenges, he applies and investigates visual participatory approaches to systems thinking across management, agri-food and social-ecological theories and practice. In 2024, he founded the spin-off \u2018Systems Mapping &amp; Co-Design Lab\u2019, a community of designers, consultants and action researchers using and advancing participatory, visual applications of systems thinking that counts today over 3,000 members. He is Editor on the \u2018Environment &amp; Business Ethics\u2019 section of Journal of Business Ethics. He published in Financial Times 50 (FT50) List journals such as Journal of Business Venturing, Organization Studies, and Journal of Business Ethics among others&#8221;. Close<\/p>","protected":false},"author":1,"featured_media":0,"parent":4587,"menu_order":0,"comment_status":"closed","ping_status":"closed","template":"","meta":{"site-sidebar-layout":"no-sidebar","site-content-layout":"page-builder","ast-site-content-layout":"full-width-container","site-content-style":"unboxed","site-sidebar-style":"unboxed","ast-global-header-display":"","ast-banner-title-visibility":"","ast-main-header-display":"","ast-hfb-above-header-display":"","ast-hfb-below-header-display":"","ast-hfb-mobile-header-display":"","site-post-title":"disabled","ast-breadcrumbs-content":"","ast-featured-img":"disabled","footer-sml-layout":"","ast-disable-related-posts":"","theme-transparent-header-meta":"","adv-header-id-meta":"","stick-header-meta":"","header-above-stick-meta":"","header-main-stick-meta":"","header-below-stick-meta":"","astra-migrate-meta-layouts":"set","ast-page-background-enabled":"default","ast-page-background-meta":{"desktop":{"background-color":"var(--ast-global-color-4)","background-image":"","background-repeat":"repeat","background-position":"center center","background-size":"auto","background-attachment":"scroll","background-type":"","background-media":"","overlay-type":"","overlay-color":"","overlay-opacity":"","overlay-gradient":""},"tablet":{"background-color":"","background-image":"","background-repeat":"repeat","background-position":"center center","background-size":"auto","background-attachment":"scroll","background-type":"","background-media":"","overlay-type":"","overlay-color":"","overlay-opacity":"","overlay-gradient":""},"mobile":{"background-color":"","background-image":"","background-repeat":"repeat","background-position":"center center","background-size":"auto","background-attachment":"scroll","background-type":"","background-media":"","overlay-type":"","overlay-color":"","overlay-opacity":"","overlay-gradient":""}},"ast-content-background-meta":{"desktop":{"background-color":"var(--ast-global-color-5)","background-image":"","background-repeat":"repeat","background-position":"center center","background-size":"auto","background-attachment":"scroll","background-type":"","background-media":"","overlay-type":"","overlay-color":"","overlay-opacity":"","overlay-gradient":""},"tablet":{"background-color":"var(--ast-global-color-5)","background-image":"","background-repeat":"repeat","background-position":"center center","background-size":"auto","background-attachment":"scroll","background-type":"","background-media":"","overlay-type":"","overlay-color":"","overlay-opacity":"","overlay-gradient":""},"mobile":{"background-color":"var(--ast-global-color-5)","background-image":"","background-repeat":"repeat","background-position":"center center","background-size":"auto","background-attachment":"scroll","background-type":"","background-media":"","overlay-type":"","overlay-color":"","overlay-opacity":"","overlay-gradient":""}},"footnotes":""},"class_list":["post-4608","page","type-page","status-publish","hentry"],"yoast_head":"<!-- This site is optimized with the Yoast SEO plugin v28.4 - https:\/\/yoast.com\/product\/yoast-seo-wordpress\/ -->\n<title>Speakers 2025 - ICSE<\/title>\n<meta name=\"robots\" content=\"index, follow, max-snippet:-1, max-image-preview:large, max-video-preview:-1\" \/>\n<link rel=\"canonical\" href=\"https:\/\/icse-conference.com\/it\/icse2025\/speakers\/\" \/>\n<meta property=\"og:locale\" content=\"it_IT\" \/>\n<meta property=\"og:type\" content=\"article\" \/>\n<meta property=\"og:title\" content=\"Speakers 2025 - ICSE\" \/>\n<meta property=\"og:description\" content=\"MEET OUR SPEAKERS Discover the Professionals Speaking Education Through Sports Keynote\u00a0Speaker Brett Smith Professor of Disability and Physical Activity, Durham University About More Brett Smith &times; Prof. Brett Smith is Professor of Disability and Physical Activity at Durham University, UK, and a Visiting Professor in England, China, Greece, and South Africa. He authored the UK Chief Medical Officers\u2019 Physical Activity Guidelines and led the first national guidelines for disabled adults and children. Brett advises the UK Government, ParalympicsGB, Sport England, and the German Federal Ministry of Health on disability, sport, and co-production. He is Principal Investigator of the award-winning Moving Social Work project, embedding physical activity in social work education and practice. An internationally recognised qualitative research methodologist, Brett is a co-founder of the International Society of Qualitative Research in Sport and Exercise and has been consistently ranked among the Top 100 Cited Researchers worldwide in Sport Sciences. Close Keynote Speaker Nuno Alberto Seruca Ferro Assistant Professor at Faculdade de Motricidade Humana, University of Lisbon About More Nuno Alberto Seruca Ferro &times; Nuno Alberto Seruca Ferro is an Invited Assistant Professor at Faculdade de Motricidade Humana, University of Lisbon, in the Department of Education, Social Sciences, and Humanities. He is also President of the Sociedade Portuguesa de Educa\u00e7\u00e3o F\u00edsica. Close MODERATOR Ant\u00f3nio Labisa Palmeira Associate Professor, FEFD &#8211; Faculty of Physical Education and Sport CIDEFES &#8211; Research group in Sports behavior, Physical Education, and Exercise and Health Sciences About More Ant\u00f3nio Labisa Palmeira &times; Prof. Ant\u00f3nio Palmeira is Associate Professor at Universidade Lus\u00f3fona, Director of the CIDEFES research centre, and Head of the PhD program in Physical Education and Sports. He serves as Executive Director of the International Society of Behavioral Nutrition and Physical Activity. With a PhD in Health and Physical Activity and a Habilitation completed in 2021, he has authored around 100 journal articles, over 200 conference works, and four books, and has supervised more than 100 dissertations. His research focuses on physical activity, exercise motivation, obesity, well-being, and body image, with a strong record of international collaboration and scientific impact. Close Keynote Speaker Isabel Mesquita Full Professor at the Faculty of Sport, University of Porto, Coordinator of the Sport, Education and Culture area at the Research Centre of Education, Innovation and Intervention in Sport. About More Isabel Mesquita &times; Prof. Isabel Mesquita is Full Professor at the Faculty of Sport, University of Porto, and Coordinator of the Sport, Education and Culture area at the Research Centre of Education, Innovation and Intervention in Sport. She is a member of the National Commission for Coach Education Regulation in Portugal and serves on the Scientific Commission of the Master\u2019s in Teaching Physical Education. An International Coach Education Course Lecturer for the International Volleyball Federation, she has authored over 120 peer-reviewed articles, 31 book chapters, and seven books. Her research focuses on sport pedagogy, coaching education, instructional approaches, and physical education. Close KEYNOTE SPEAKER Nuno Laurentino Instituto Portugu\u00eas do Desporto e Juventude, Former Portuguese Olympic Swimmer About More Nuno Laurentino &times; Nuno Filipe Gomes Laurentino is a former Portuguese Olympic swimmer who represented Portugal at the 1996 Atlanta and 2000 Sydney Games. Widely regarded as one of the most versatile Portuguese swimmers of all time, he once held half of all national swimming records. Laurentino was the first Portuguese swimmer to break the 50-second barrier in the 100m freestyle short course and the first Iberian swimmer to do so in the long course. A University of Florida alumnus and NCAA competitor, he retired from professional swimming in 2007. Close KEYNOTE SPEAKER Patricia Coutinho Senior Lecturer, Faculty of Sport, University of Porto; Researcher, CIFI2D \u2013 Centre for Research, Education, Innovation and Intervention in Sport About More Patricia Coutinho &times; Patr\u00edcia Coutinho, PhD, is a Senior Lecturer at the Faculty of Sport of the University of Porto and an integrated researcher at the Centre for Research, Education, Innovation, and Intervention in Sport (CIFI2D). She is also a member of the Ethics Committee and the Scientific Committee of the Master&#8217;s in Sports Training of the same institution. Her research interests focus on Sport Pedagogy and Didactics applied to the field of Sports Training, with a special emphasis on the processes of Long-Term Athlete Development, Talent Development and Dual Careers of Athletes. She has nearly 100 scientific publications in these fields. Patr\u00edcia is also a coach educator of the Portuguese Volleyball Federation. As a volleyball coach, she holds the highest level of certification in Portugal (level 3) and has accumulated more than 20 years of experience. Close MODERATOR Jo\u00e3o Valente dos Santos Assistant Professor at the Faculty of Physical Education and Sport, Universidade Lus\u00f3fona, Researcher at CIDEFES About More Jo\u00e3o Alberto Valente dos Santos &times; Jo\u00e3o Alberto Valente dos Santos is Assistant Professor at the Faculty of Physical Education and Sport, Universidade Lus\u00f3fona, and a researcher at CIDEFES \u2013 Centre for Research in Sport, Physical Education, Exercise and Health. He completed a professional internship at FC Barcelona in High-Performance Sports Training and has held teaching and research positions at the University of Coimbra and the Faculty of Medicine\u2019s Institute for Biomedical Imaging and Life Sciences. His teaching covers areas such as psychophysiology, roller hockey, skating, and sports training. Close Sport Tourism Keynote\u00a0Speaker Domenico Dentoni Full Professor in Business, Resilience &amp; Transformation, Montpellier Business School, France About More Domenico Dentoni &times; Domenico Dentoni is Full Professor of Business, Resilience &amp; Transformation at Montpellier Business School, France. To address complex sustainability and regeneration challenges, he applies and investigates visual participatory approaches to systems thinking across management, agri-food and social-ecological theories and practice. In 2024, he founded the spin-off \u2018Systems Mapping &amp; Co-Design Lab\u2019, a community of designers, consultants and action researchers using and advancing participatory, visual applications of systems thinking that counts today over 3,000 members. He is Editor on the \u2018Environment &amp; Business Ethics\u2019 section of Journal of Business Ethics. He published in Financial Times 50 (FT50) List journals such as Journal of Business Venturing, Organization Studies, and Journal of Business Ethics among others&#8221;. Close\" \/>\n<meta property=\"og:url\" content=\"https:\/\/icse-conference.com\/it\/icse2025\/speakers\/\" \/>\n<meta property=\"og:site_name\" content=\"ICSE\" \/>\n<meta property=\"article:publisher\" content=\"https:\/\/www.facebook.com\/ICSEconferences\" \/>\n<meta property=\"article:modified_time\" content=\"2025-12-01T12:18:46+00:00\" \/>\n<meta property=\"og:image\" content=\"https:\/\/icse-conference.com\/wp-content\/uploads\/2025\/09\/ICSE25_Banner_1_WEB-scaled.png\" \/>\n\t<meta property=\"og:image:width\" content=\"2560\" \/>\n\t<meta property=\"og:image:height\" content=\"542\" \/>\n\t<meta property=\"og:image:type\" content=\"image\/png\" \/>\n<meta name=\"twitter:card\" content=\"summary_large_image\" \/>\n<meta name=\"twitter:site\" content=\"@ICSEConference\" \/>\n<meta name=\"twitter:label1\" content=\"Tempo di lettura stimato\" \/>\n\t<meta name=\"twitter:data1\" content=\"28 minuti\" \/>\n<script type=\"application\/ld+json\" class=\"yoast-schema-graph\">{\"@context\":\"https:\\\/\\\/schema.org\",\"@graph\":[{\"@type\":\"WebPage\",\"@id\":\"https:\\\/\\\/icse-conference.com\\\/icse2025\\\/speakers\\\/\",\"url\":\"https:\\\/\\\/icse-conference.com\\\/icse2025\\\/speakers\\\/\",\"name\":\"Speakers 2025 - ICSE\",\"isPartOf\":{\"@id\":\"https:\\\/\\\/icse-conference.com\\\/de\\\/#website\"},\"primaryImageOfPage\":{\"@id\":\"https:\\\/\\\/icse-conference.com\\\/icse2025\\\/speakers\\\/#primaryimage\"},\"image\":{\"@id\":\"https:\\\/\\\/icse-conference.com\\\/icse2025\\\/speakers\\\/#primaryimage\"},\"thumbnailUrl\":\"https:\\\/\\\/icse-conference.com\\\/wp-content\\\/uploads\\\/2025\\\/09\\\/ICSE25_Banner_1_WEB-scaled.png\",\"datePublished\":\"2025-02-11T15:52:28+00:00\",\"dateModified\":\"2025-12-01T12:18:46+00:00\",\"breadcrumb\":{\"@id\":\"https:\\\/\\\/icse-conference.com\\\/icse2025\\\/speakers\\\/#breadcrumb\"},\"inLanguage\":\"it-IT\",\"potentialAction\":[{\"@type\":\"ReadAction\",\"target\":[\"https:\\\/\\\/icse-conference.com\\\/icse2025\\\/speakers\\\/\"]}]},{\"@type\":\"ImageObject\",\"inLanguage\":\"it-IT\",\"@id\":\"https:\\\/\\\/icse-conference.com\\\/icse2025\\\/speakers\\\/#primaryimage\",\"url\":\"https:\\\/\\\/icse-conference.com\\\/wp-content\\\/uploads\\\/2025\\\/09\\\/ICSE25_Banner_1_WEB-scaled.png\",\"contentUrl\":\"https:\\\/\\\/icse-conference.com\\\/wp-content\\\/uploads\\\/2025\\\/09\\\/ICSE25_Banner_1_WEB-scaled.png\"},{\"@type\":\"BreadcrumbList\",\"@id\":\"https:\\\/\\\/icse-conference.com\\\/icse2025\\\/speakers\\\/#breadcrumb\",\"itemListElement\":[{\"@type\":\"ListItem\",\"position\":1,\"name\":\"Home\",\"item\":\"https:\\\/\\\/icse-conference.com\\\/\"},{\"@type\":\"ListItem\",\"position\":2,\"name\":\"ICSE 2025\",\"item\":\"https:\\\/\\\/icse-conference.com\\\/icse2025\\\/\"},{\"@type\":\"ListItem\",\"position\":3,\"name\":\"Speakers 2025\"}]},{\"@type\":\"WebSite\",\"@id\":\"https:\\\/\\\/icse-conference.com\\\/de\\\/#website\",\"url\":\"https:\\\/\\\/icse-conference.com\\\/de\\\/\",\"name\":\"ICSE\",\"description\":\"\",\"publisher\":{\"@id\":\"https:\\\/\\\/icse-conference.com\\\/de\\\/#organization\"},\"potentialAction\":[{\"@type\":\"SearchAction\",\"target\":{\"@type\":\"EntryPoint\",\"urlTemplate\":\"https:\\\/\\\/icse-conference.com\\\/de\\\/?s={search_term_string}\"},\"query-input\":{\"@type\":\"PropertyValueSpecification\",\"valueRequired\":true,\"valueName\":\"search_term_string\"}}],\"inLanguage\":\"it-IT\"},{\"@type\":\"Organization\",\"@id\":\"https:\\\/\\\/icse-conference.com\\\/de\\\/#organization\",\"name\":\"ICSE\",\"url\":\"https:\\\/\\\/icse-conference.com\\\/de\\\/\",\"logo\":{\"@type\":\"ImageObject\",\"inLanguage\":\"it-IT\",\"@id\":\"https:\\\/\\\/icse-conference.com\\\/de\\\/#\\\/schema\\\/logo\\\/image\\\/\",\"url\":\"https:\\\/\\\/icse-conference.com\\\/wp-content\\\/uploads\\\/2023\\\/05\\\/cropped-ICSE-2023-Logo-Without-Text-Transparent-scaled.png\",\"contentUrl\":\"https:\\\/\\\/icse-conference.com\\\/wp-content\\\/uploads\\\/2023\\\/05\\\/cropped-ICSE-2023-Logo-Without-Text-Transparent-scaled.png\",\"width\":2560,\"height\":881,\"caption\":\"ICSE\"},\"image\":{\"@id\":\"https:\\\/\\\/icse-conference.com\\\/de\\\/#\\\/schema\\\/logo\\\/image\\\/\"},\"sameAs\":[\"https:\\\/\\\/www.facebook.com\\\/ICSEconferences\",\"https:\\\/\\\/x.com\\\/ICSEConference\",\"https:\\\/\\\/www.youtube.com\\\/@ICSEpodium\",\"https:\\\/\\\/www.linkedin.com\\\/company\\\/icse-international-conference-on-sport-and-education\\\/about\\\/?viewAsMember=true&fbclid=IwAR3ndS4c8CCnwlQ5shGrxpyQAiIvIARPdmCymDwchWeupulFlcWllRmgnX8\"]}]}<\/script>\n<!-- \/ Yoast SEO plugin. -->","yoast_head_json":{"title":"Relatori 2025 - ICSE","robots":{"index":"index","follow":"follow","max-snippet":"max-snippet:-1","max-image-preview":"max-image-preview:large","max-video-preview":"max-video-preview:-1"},"canonical":"https:\/\/icse-conference.com\/it\/icse2025\/speakers\/","og_locale":"it_IT","og_type":"article","og_title":"Speakers 2025 - ICSE","og_description":"MEET OUR SPEAKERS Discover the Professionals Speaking Education Through Sports Keynote\u00a0Speaker Brett Smith Professor of Disability and Physical Activity, Durham University About More Brett Smith &times; Prof. Brett Smith is Professor of Disability and Physical Activity at Durham University, UK, and a Visiting Professor in England, China, Greece, and South Africa. He authored the UK Chief Medical Officers\u2019 Physical Activity Guidelines and led the first national guidelines for disabled adults and children. Brett advises the UK Government, ParalympicsGB, Sport England, and the German Federal Ministry of Health on disability, sport, and co-production. He is Principal Investigator of the award-winning Moving Social Work project, embedding physical activity in social work education and practice. An internationally recognised qualitative research methodologist, Brett is a co-founder of the International Society of Qualitative Research in Sport and Exercise and has been consistently ranked among the Top 100 Cited Researchers worldwide in Sport Sciences. Close Keynote Speaker Nuno Alberto Seruca Ferro Assistant Professor at Faculdade de Motricidade Humana, University of Lisbon About More Nuno Alberto Seruca Ferro &times; Nuno Alberto Seruca Ferro is an Invited Assistant Professor at Faculdade de Motricidade Humana, University of Lisbon, in the Department of Education, Social Sciences, and Humanities. He is also President of the Sociedade Portuguesa de Educa\u00e7\u00e3o F\u00edsica. Close MODERATOR Ant\u00f3nio Labisa Palmeira Associate Professor, FEFD &#8211; Faculty of Physical Education and Sport CIDEFES &#8211; Research group in Sports behavior, Physical Education, and Exercise and Health Sciences About More Ant\u00f3nio Labisa Palmeira &times; Prof. Ant\u00f3nio Palmeira is Associate Professor at Universidade Lus\u00f3fona, Director of the CIDEFES research centre, and Head of the PhD program in Physical Education and Sports. He serves as Executive Director of the International Society of Behavioral Nutrition and Physical Activity. With a PhD in Health and Physical Activity and a Habilitation completed in 2021, he has authored around 100 journal articles, over 200 conference works, and four books, and has supervised more than 100 dissertations. His research focuses on physical activity, exercise motivation, obesity, well-being, and body image, with a strong record of international collaboration and scientific impact. Close Keynote Speaker Isabel Mesquita Full Professor at the Faculty of Sport, University of Porto, Coordinator of the Sport, Education and Culture area at the Research Centre of Education, Innovation and Intervention in Sport. About More Isabel Mesquita &times; Prof. Isabel Mesquita is Full Professor at the Faculty of Sport, University of Porto, and Coordinator of the Sport, Education and Culture area at the Research Centre of Education, Innovation and Intervention in Sport. She is a member of the National Commission for Coach Education Regulation in Portugal and serves on the Scientific Commission of the Master\u2019s in Teaching Physical Education. An International Coach Education Course Lecturer for the International Volleyball Federation, she has authored over 120 peer-reviewed articles, 31 book chapters, and seven books. Her research focuses on sport pedagogy, coaching education, instructional approaches, and physical education. Close KEYNOTE SPEAKER Nuno Laurentino Instituto Portugu\u00eas do Desporto e Juventude, Former Portuguese Olympic Swimmer About More Nuno Laurentino &times; Nuno Filipe Gomes Laurentino is a former Portuguese Olympic swimmer who represented Portugal at the 1996 Atlanta and 2000 Sydney Games. Widely regarded as one of the most versatile Portuguese swimmers of all time, he once held half of all national swimming records. Laurentino was the first Portuguese swimmer to break the 50-second barrier in the 100m freestyle short course and the first Iberian swimmer to do so in the long course. A University of Florida alumnus and NCAA competitor, he retired from professional swimming in 2007. Close KEYNOTE SPEAKER Patricia Coutinho Senior Lecturer, Faculty of Sport, University of Porto; Researcher, CIFI2D \u2013 Centre for Research, Education, Innovation and Intervention in Sport About More Patricia Coutinho &times; Patr\u00edcia Coutinho, PhD, is a Senior Lecturer at the Faculty of Sport of the University of Porto and an integrated researcher at the Centre for Research, Education, Innovation, and Intervention in Sport (CIFI2D). She is also a member of the Ethics Committee and the Scientific Committee of the Master&#8217;s in Sports Training of the same institution. Her research interests focus on Sport Pedagogy and Didactics applied to the field of Sports Training, with a special emphasis on the processes of Long-Term Athlete Development, Talent Development and Dual Careers of Athletes. She has nearly 100 scientific publications in these fields. Patr\u00edcia is also a coach educator of the Portuguese Volleyball Federation. As a volleyball coach, she holds the highest level of certification in Portugal (level 3) and has accumulated more than 20 years of experience. Close MODERATOR Jo\u00e3o Valente dos Santos Assistant Professor at the Faculty of Physical Education and Sport, Universidade Lus\u00f3fona, Researcher at CIDEFES About More Jo\u00e3o Alberto Valente dos Santos &times; Jo\u00e3o Alberto Valente dos Santos is Assistant Professor at the Faculty of Physical Education and Sport, Universidade Lus\u00f3fona, and a researcher at CIDEFES \u2013 Centre for Research in Sport, Physical Education, Exercise and Health. He completed a professional internship at FC Barcelona in High-Performance Sports Training and has held teaching and research positions at the University of Coimbra and the Faculty of Medicine\u2019s Institute for Biomedical Imaging and Life Sciences. His teaching covers areas such as psychophysiology, roller hockey, skating, and sports training. Close Sport Tourism Keynote\u00a0Speaker Domenico Dentoni Full Professor in Business, Resilience &amp; Transformation, Montpellier Business School, France About More Domenico Dentoni &times; Domenico Dentoni is Full Professor of Business, Resilience &amp; Transformation at Montpellier Business School, France. To address complex sustainability and regeneration challenges, he applies and investigates visual participatory approaches to systems thinking across management, agri-food and social-ecological theories and practice. In 2024, he founded the spin-off \u2018Systems Mapping &amp; Co-Design Lab\u2019, a community of designers, consultants and action researchers using and advancing participatory, visual applications of systems thinking that counts today over 3,000 members. He is Editor on the \u2018Environment &amp; Business Ethics\u2019 section of Journal of Business Ethics. He published in Financial Times 50 (FT50) List journals such as Journal of Business Venturing, Organization Studies, and Journal of Business Ethics among others&#8221;. Close","og_url":"https:\/\/icse-conference.com\/it\/icse2025\/speakers\/","og_site_name":"ICSE","article_publisher":"https:\/\/www.facebook.com\/ICSEconferences","article_modified_time":"2025-12-01T12:18:46+00:00","og_image":[{"width":2560,"height":542,"url":"https:\/\/icse-conference.com\/wp-content\/uploads\/2025\/09\/ICSE25_Banner_1_WEB-scaled.png","type":"image\/png"}],"twitter_card":"summary_large_image","twitter_site":"@ICSEConference","twitter_misc":{"Tempo di lettura stimato":"28 minuti"},"schema":{"@context":"https:\/\/schema.org","@graph":[{"@type":"WebPage","@id":"https:\/\/icse-conference.com\/icse2025\/speakers\/","url":"https:\/\/icse-conference.com\/icse2025\/speakers\/","name":"Relatori 2025 - ICSE","isPartOf":{"@id":"https:\/\/icse-conference.com\/de\/#website"},"primaryImageOfPage":{"@id":"https:\/\/icse-conference.com\/icse2025\/speakers\/#primaryimage"},"image":{"@id":"https:\/\/icse-conference.com\/icse2025\/speakers\/#primaryimage"},"thumbnailUrl":"https:\/\/icse-conference.com\/wp-content\/uploads\/2025\/09\/ICSE25_Banner_1_WEB-scaled.png","datePublished":"2025-02-11T15:52:28+00:00","dateModified":"2025-12-01T12:18:46+00:00","breadcrumb":{"@id":"https:\/\/icse-conference.com\/icse2025\/speakers\/#breadcrumb"},"inLanguage":"it-IT","potentialAction":[{"@type":"ReadAction","target":["https:\/\/icse-conference.com\/icse2025\/speakers\/"]}]},{"@type":"ImageObject","inLanguage":"it-IT","@id":"https:\/\/icse-conference.com\/icse2025\/speakers\/#primaryimage","url":"https:\/\/icse-conference.com\/wp-content\/uploads\/2025\/09\/ICSE25_Banner_1_WEB-scaled.png","contentUrl":"https:\/\/icse-conference.com\/wp-content\/uploads\/2025\/09\/ICSE25_Banner_1_WEB-scaled.png"},{"@type":"BreadcrumbList","@id":"https:\/\/icse-conference.com\/icse2025\/speakers\/#breadcrumb","itemListElement":[{"@type":"ListItem","position":1,"name":"Home","item":"https:\/\/icse-conference.com\/"},{"@type":"ListItem","position":2,"name":"ICSE 2025","item":"https:\/\/icse-conference.com\/icse2025\/"},{"@type":"ListItem","position":3,"name":"Speakers 2025"}]},{"@type":"WebSite","@id":"https:\/\/icse-conference.com\/de\/#website","url":"https:\/\/icse-conference.com\/de\/","name":"ICSE","description":"","publisher":{"@id":"https:\/\/icse-conference.com\/de\/#organization"},"potentialAction":[{"@type":"SearchAction","target":{"@type":"EntryPoint","urlTemplate":"https:\/\/icse-conference.com\/de\/?s={search_term_string}"},"query-input":{"@type":"PropertyValueSpecification","valueRequired":true,"valueName":"search_term_string"}}],"inLanguage":"it-IT"},{"@type":"Organization","@id":"https:\/\/icse-conference.com\/de\/#organization","name":"ICSE","url":"https:\/\/icse-conference.com\/de\/","logo":{"@type":"ImageObject","inLanguage":"it-IT","@id":"https:\/\/icse-conference.com\/de\/#\/schema\/logo\/image\/","url":"https:\/\/icse-conference.com\/wp-content\/uploads\/2023\/05\/cropped-ICSE-2023-Logo-Without-Text-Transparent-scaled.png","contentUrl":"https:\/\/icse-conference.com\/wp-content\/uploads\/2023\/05\/cropped-ICSE-2023-Logo-Without-Text-Transparent-scaled.png","width":2560,"height":881,"caption":"ICSE"},"image":{"@id":"https:\/\/icse-conference.com\/de\/#\/schema\/logo\/image\/"},"sameAs":["https:\/\/www.facebook.com\/ICSEconferences","https:\/\/x.com\/ICSEConference","https:\/\/www.youtube.com\/@ICSEpodium","https:\/\/www.linkedin.com\/company\/icse-international-conference-on-sport-and-education\/about\/?viewAsMember=true&fbclid=IwAR3ndS4c8CCnwlQ5shGrxpyQAiIvIARPdmCymDwchWeupulFlcWllRmgnX8"]}]}},"_links":{"self":[{"href":"https:\/\/icse-conference.com\/it\/wp-json\/wp\/v2\/pages\/4608","targetHints":{"allow":["GET"]}}],"collection":[{"href":"https:\/\/icse-conference.com\/it\/wp-json\/wp\/v2\/pages"}],"about":[{"href":"https:\/\/icse-conference.com\/it\/wp-json\/wp\/v2\/types\/page"}],"author":[{"embeddable":true,"href":"https:\/\/icse-conference.com\/it\/wp-json\/wp\/v2\/users\/1"}],"replies":[{"embeddable":true,"href":"https:\/\/icse-conference.com\/it\/wp-json\/wp\/v2\/comments?post=4608"}],"version-history":[{"count":76,"href":"https:\/\/icse-conference.com\/it\/wp-json\/wp\/v2\/pages\/4608\/revisions"}],"predecessor-version":[{"id":6545,"href":"https:\/\/icse-conference.com\/it\/wp-json\/wp\/v2\/pages\/4608\/revisions\/6545"}],"up":[{"embeddable":true,"href":"https:\/\/icse-conference.com\/it\/wp-json\/wp\/v2\/pages\/4587"}],"wp:attachment":[{"href":"https:\/\/icse-conference.com\/it\/wp-json\/wp\/v2\/media?parent=4608"}],"curies":[{"name":"wp","href":"https:\/\/api.w.org\/{rel}","templated":true}]}}